{"id":24,"date":"2020-07-02T16:17:18","date_gmt":"2020-07-02T14:17:18","guid":{"rendered":"http:\/\/romainfroquet.fr\/?page_id=24"},"modified":"2025-01-31T09:35:16","modified_gmt":"2025-01-31T08:35:16","slug":"home","status":"publish","type":"page","link":"https:\/\/romainfroquet.fr\/index.php\/home\/","title":{"rendered":"HOME"},"content":{"rendered":"<div class=\"wpb-content-wrapper\"><p>[vc_row row_height_percent=\u00a0\u00bb61&Prime; back_color=\u00a0\u00bbcolor-wayh\u00a0\u00bb overlay_alpha=\u00a0\u00bb50&Prime; gutter_size=\u00a0\u00bb3&Prime; column_width_percent=\u00a0\u00bb100&Prime; shift_y=\u00a0\u00bb0&Prime; z_index=\u00a0\u00bb0&Prime;][vc_column width=\u00a0\u00bb1\/1&Prime;][uncode_slider slider_type=\u00a0\u00bbfade\u00a0\u00bb slider_interval=\u00a0\u00bb5000&Prime; slider_navspeed=\u00a0\u00bb400&Prime; slider_loop=\u00a0\u00bbyes\u00a0\u00bb][vc_row_inner row_inner_height_percent=\u00a0\u00bb0&Prime; back_image=\u00a0\u00bb84624&Prime; overlay_alpha=\u00a0\u00bb50&Prime; gutter_size=\u00a0\u00bb3&Prime; shift_y=\u00a0\u00bb0&Prime; z_index=\u00a0\u00bb0&Prime; uncode_shortcode_id=\u00a0\u00bb205869&Prime;][vc_column_inner column_width_percent=\u00a0\u00bb100&Prime; position_vertical=\u00a0\u00bbmiddle\u00a0\u00bb gutter_size=\u00a0\u00bb0&Prime; style=\u00a0\u00bblight\u00a0\u00bb overlay_alpha=\u00a0\u00bb50&Prime; shift_x=\u00a0\u00bb0&Prime; shift_y=\u00a0\u00bb0&Prime; shift_y_down=\u00a0\u00bb0&Prime; z_index=\u00a0\u00bb0&Prime; medium_width=\u00a0\u00bb0&Prime; mobile_width=\u00a0\u00bb0&Prime; width=\u00a0\u00bb1\/1&Prime; uncode_shortcode_id=\u00a0\u00bb483520&Prime;][vc_custom_heading text_color=\u00a0\u00bbcolor-xsdn\u00a0\u00bb text_size=\u00a0\u00bbh5&Prime; css_animation=\u00a0\u00bbbottom-t-top\u00a0\u00bb animation_delay=\u00a0\u00bb400&Prime; uncode_shortcode_id=\u00a0\u00bb212032&Prime; text_color_type=\u00a0\u00bbuncode-palette\u00a0\u00bb]<em>DECEMBRE 2024<\/em>[\/vc_custom_heading][vc_custom_heading text_color=\u00a0\u00bbcolor-xsdn\u00a0\u00bb heading_semantic=\u00a0\u00bbh1&Prime; text_size=\u00a0\u00bbh1&Prime; text_weight=\u00a0\u00bb600&Prime; css_animation=\u00a0\u00bbbottom-t-top\u00a0\u00bb animation_delay=\u00a0\u00bb400&Prime; uncode_shortcode_id=\u00a0\u00bb559385&Prime; text_color_type=\u00a0\u00bbuncode-palette\u00a0\u00bb]SAILING HOME[\/vc_custom_heading][vc_custom_heading text_color=\u00a0\u00bbcolor-xsdn\u00a0\u00bb heading_semantic=\u00a0\u00bbh3&Prime; text_size=\u00a0\u00bbh3&Prime; css_animation=\u00a0\u00bbbottom-t-top\u00a0\u00bb animation_delay=\u00a0\u00bb400&Prime; uncode_shortcode_id=\u00a0\u00bb194272&Prime; text_color_type=\u00a0\u00bbuncode-palette\u00a0\u00bb]Zhoushan Art Museum[\/vc_custom_heading][vc_custom_heading text_color=\u00a0\u00bbcolor-xsdn\u00a0\u00bb heading_semantic=\u00a0\u00bbh3&Prime; text_size=\u00a0\u00bbh3&Prime; css_animation=\u00a0\u00bbbottom-t-top\u00a0\u00bb animation_delay=\u00a0\u00bb400&Prime; uncode_shortcode_id=\u00a0\u00bb949797&Prime; text_color_type=\u00a0\u00bbuncode-palette\u00a0\u00bb]Zhoushan, Chine[\/vc_custom_heading][vc_empty_space empty_h=\u00a0\u00bb2&Prime;][vc_button button_color=\u00a0\u00bbcolor-xsdn\u00a0\u00bb size=\u00a0\u00bbbtn-sm\u00a0\u00bb outline=\u00a0\u00bbyes\u00a0\u00bb text_skin=\u00a0\u00bbyes\u00a0\u00bb border_width=\u00a0\u00bb0&Prime; css_animation=\u00a0\u00bbbottom-t-top\u00a0\u00bb animation_delay=\u00a0\u00bb400&Prime; link=\u00a0\u00bburl:http%3A%2F%2Fromainfroquet.fr%2Findex.php%2Fportfolio%2Fsailing-home%2F|title:Sailing%20Home\u00a0\u00bb uncode_shortcode_id=\u00a0\u00bb541129&Prime; button_color_type=\u00a0\u00bbuncode-palette\u00a0\u00bb]Visiter[\/vc_button][\/vc_column_inner][\/vc_row_inner][vc_row_inner row_inner_height_percent=\u00a0\u00bb0&Prime; back_image=\u00a0\u00bb84612&Prime; overlay_alpha=\u00a0\u00bb50&Prime; gutter_size=\u00a0\u00bb3&Prime; shift_y=\u00a0\u00bb0&Prime; z_index=\u00a0\u00bb0&Prime; uncode_shortcode_id=\u00a0\u00bb386469&Prime;][vc_column_inner column_width_percent=\u00a0\u00bb100&Prime; position_vertical=\u00a0\u00bbmiddle\u00a0\u00bb gutter_size=\u00a0\u00bb0&Prime; style=\u00a0\u00bblight\u00a0\u00bb overlay_alpha=\u00a0\u00bb50&Prime; shift_x=\u00a0\u00bb0&Prime; shift_y=\u00a0\u00bb0&Prime; shift_y_down=\u00a0\u00bb0&Prime; z_index=\u00a0\u00bb0&Prime; medium_width=\u00a0\u00bb0&Prime; mobile_width=\u00a0\u00bb0&Prime; width=\u00a0\u00bb1\/1&Prime; uncode_shortcode_id=\u00a0\u00bb114418&Prime;][vc_custom_heading text_color=\u00a0\u00bbcolor-xsdn\u00a0\u00bb text_size=\u00a0\u00bbh5&Prime; css_animation=\u00a0\u00bbbottom-t-top\u00a0\u00bb animation_delay=\u00a0\u00bb400&Prime; uncode_shortcode_id=\u00a0\u00bb102573&Prime; text_color_type=\u00a0\u00bbuncode-palette\u00a0\u00bb]<em>NOVEMBRE 2024<\/em>[\/vc_custom_heading][vc_custom_heading text_color=\u00a0\u00bbcolor-xsdn\u00a0\u00bb heading_semantic=\u00a0\u00bbh1&Prime; text_size=\u00a0\u00bbh1&Prime; text_weight=\u00a0\u00bb600&Prime; css_animation=\u00a0\u00bbtop-t-bottom\u00a0\u00bb animation_delay=\u00a0\u00bb400&Prime; uncode_shortcode_id=\u00a0\u00bb656279&Prime; text_color_type=\u00a0\u00bbuncode-palette\u00a0\u00bb]TERRA INCOGNITA[\/vc_custom_heading][vc_custom_heading text_color=\u00a0\u00bbcolor-xsdn\u00a0\u00bb heading_semantic=\u00a0\u00bbh3&Prime; text_size=\u00a0\u00bbh3&Prime; css_animation=\u00a0\u00bbbottom-t-top\u00a0\u00bb animation_delay=\u00a0\u00bb400&Prime; uncode_shortcode_id=\u00a0\u00bb295467&Prime; text_color_type=\u00a0\u00bbuncode-palette\u00a0\u00bb]Colector Gallery[\/vc_custom_heading][vc_custom_heading text_color=\u00a0\u00bbcolor-xsdn\u00a0\u00bb heading_semantic=\u00a0\u00bbh3&Prime; text_size=\u00a0\u00bbh3&Prime; css_animation=\u00a0\u00bbbottom-t-top\u00a0\u00bb animation_delay=\u00a0\u00bb400&Prime; uncode_shortcode_id=\u00a0\u00bb131562&Prime; text_color_type=\u00a0\u00bbuncode-palette\u00a0\u00bb]Monterrey, Mexique[\/vc_custom_heading][vc_empty_space empty_h=\u00a0\u00bb2&Prime;][vc_button button_color=\u00a0\u00bbcolor-xsdn\u00a0\u00bb size=\u00a0\u00bbbtn-sm\u00a0\u00bb outline=\u00a0\u00bbyes\u00a0\u00bb text_skin=\u00a0\u00bbyes\u00a0\u00bb border_width=\u00a0\u00bb0&Prime; css_animation=\u00a0\u00bbbottom-t-top\u00a0\u00bb animation_delay=\u00a0\u00bb400&Prime; link=\u00a0\u00bburl:http%3A%2F%2Fromainfroquet.fr%2Findex.php%2Fportfolio%2Fterra-incognita%2F|title:Terra%20Incognita\u00a0\u00bb uncode_shortcode_id=\u00a0\u00bb142546&Prime; button_color_type=\u00a0\u00bbuncode-palette\u00a0\u00bb]Visiter[\/vc_button][\/vc_column_inner][\/vc_row_inner][vc_row_inner row_inner_height_percent=\u00a0\u00bb0&Prime; back_color=\u00a0\u00bbcolor-wayh\u00a0\u00bb back_image=\u00a0\u00bb84135&Prime; parallax=\u00a0\u00bbyes\u00a0\u00bb overlay_alpha=\u00a0\u00bb50&Prime; gutter_size=\u00a0\u00bb3&Prime; shift_y=\u00a0\u00bb0&Prime; z_index=\u00a0\u00bb0&Prime;][vc_column_inner column_width_percent=\u00a0\u00bb100&Prime; position_vertical=\u00a0\u00bbmiddle\u00a0\u00bb gutter_size=\u00a0\u00bb0&Prime; style=\u00a0\u00bbdark\u00a0\u00bb overlay_alpha=\u00a0\u00bb50&Prime; shift_x=\u00a0\u00bb0&Prime; shift_y=\u00a0\u00bb0&Prime; shift_y_down=\u00a0\u00bb0&Prime; z_index=\u00a0\u00bb0&Prime; medium_width=\u00a0\u00bb0&Prime; mobile_width=\u00a0\u00bb0&Prime; zoom_width=\u00a0\u00bb0&Prime; zoom_height=\u00a0\u00bb0&Prime; width=\u00a0\u00bb1\/1&Prime;][vc_custom_heading text_color=\u00a0\u00bbcolor-xsdn\u00a0\u00bb text_size=\u00a0\u00bbh5&Prime; css_animation=\u00a0\u00bbbottom-t-top\u00a0\u00bb animation_delay=\u00a0\u00bb400&Prime;]<em>JUILLET 2023<br \/>\n<\/em>[\/vc_custom_heading][vc_custom_heading text_color=\u00a0\u00bbcolor-xsdn\u00a0\u00bb heading_semantic=\u00a0\u00bbh1&Prime; text_size=\u00a0\u00bbh1&Prime; text_weight=\u00a0\u00bb600&Prime; css_animation=\u00a0\u00bbbottom-t-top\u00a0\u00bb animation_delay=\u00a0\u00bb400&Prime;]Territoire[\/vc_custom_heading][vc_custom_heading text_color=\u00a0\u00bbcolor-xsdn\u00a0\u00bb heading_semantic=\u00a0\u00bbh3&Prime; text_size=\u00a0\u00bbh3&Prime; css_animation=\u00a0\u00bbbottom-t-top\u00a0\u00bb animation_delay=\u00a0\u00bb400&Prime;]Tremblay-en-France[\/vc_custom_heading][vc_empty_space empty_h=\u00a0\u00bb2&Prime;][vc_button size=\u00a0\u00bbbtn-sm\u00a0\u00bb outline=\u00a0\u00bbyes\u00a0\u00bb text_skin=\u00a0\u00bbyes\u00a0\u00bb border_width=\u00a0\u00bb0&Prime; css_animation=\u00a0\u00bbbottom-t-top\u00a0\u00bb animation_speed=\u00a0\u00bb400&Prime; link=\u00a0\u00bburl:http%3A%2F%2Fromainfroquet.fr%2Findex.php%2Fportfolio%2Fterritoire%2F|title:Territoire\u00a0\u00bb]Visiter[\/vc_button][\/vc_column_inner][\/vc_row_inner][vc_row_inner row_inner_height_percent=\u00a0\u00bb0&Prime; back_color=\u00a0\u00bbcolor-wayh\u00a0\u00bb back_image=\u00a0\u00bb84138&Prime; parallax=\u00a0\u00bbyes\u00a0\u00bb overlay_alpha=\u00a0\u00bb50&Prime; gutter_size=\u00a0\u00bb3&Prime; shift_y=\u00a0\u00bb0&Prime; z_index=\u00a0\u00bb0&Prime;][vc_column_inner column_width_percent=\u00a0\u00bb100&Prime; position_vertical=\u00a0\u00bbmiddle\u00a0\u00bb gutter_size=\u00a0\u00bb0&Prime; style=\u00a0\u00bbdark\u00a0\u00bb overlay_alpha=\u00a0\u00bb50&Prime; shift_x=\u00a0\u00bb0&Prime; shift_y=\u00a0\u00bb0&Prime; shift_y_down=\u00a0\u00bb0&Prime; z_index=\u00a0\u00bb0&Prime; medium_width=\u00a0\u00bb0&Prime; mobile_width=\u00a0\u00bb0&Prime; zoom_width=\u00a0\u00bb0&Prime; zoom_height=\u00a0\u00bb0&Prime; width=\u00a0\u00bb1\/1&Prime;][vc_custom_heading text_color=\u00a0\u00bbcolor-xsdn\u00a0\u00bb text_size=\u00a0\u00bbh5&Prime; css_animation=\u00a0\u00bbbottom-t-top\u00a0\u00bb animation_delay=\u00a0\u00bb400&Prime;]<em>\u00c9T\u00c9 2023<\/em>[\/vc_custom_heading][vc_custom_heading text_color=\u00a0\u00bbcolor-xsdn\u00a0\u00bb heading_semantic=\u00a0\u00bbh1&Prime; text_size=\u00a0\u00bbh1&Prime; text_weight=\u00a0\u00bb600&Prime; css_animation=\u00a0\u00bbbottom-t-top\u00a0\u00bb animation_delay=\u00a0\u00bb400&Prime;]For\u00eat de signes[\/vc_custom_heading][vc_custom_heading text_color=\u00a0\u00bbcolor-xsdn\u00a0\u00bb heading_semantic=\u00a0\u00bbh3&Prime; text_size=\u00a0\u00bbh3&Prime; css_animation=\u00a0\u00bbbottom-t-top\u00a0\u00bb animation_delay=\u00a0\u00bb400&Prime;]Argentat-sur-Dordogne \u00e0 la Chapelle Jeanne d&rsquo;Arc[\/vc_custom_heading][vc_empty_space empty_h=\u00a0\u00bb2&Prime;][vc_button size=\u00a0\u00bbbtn-sm\u00a0\u00bb outline=\u00a0\u00bbyes\u00a0\u00bb text_skin=\u00a0\u00bbyes\u00a0\u00bb border_width=\u00a0\u00bb0&Prime; css_animation=\u00a0\u00bbbottom-t-top\u00a0\u00bb animation_speed=\u00a0\u00bb400&Prime; link=\u00a0\u00bburl:http%3A%2F%2Fromainfroquet.fr%2Findex.php%2Fportfolio%2F__trashed%2F|title:For%C3%AAt%20de%20signes\u00a0\u00bb]Visiter[\/vc_button][\/vc_column_inner][\/vc_row_inner][vc_row_inner row_inner_height_percent=\u00a0\u00bb0&Prime; back_color=\u00a0\u00bbcolor-wayh\u00a0\u00bb back_image=\u00a0\u00bb84083&Prime; parallax=\u00a0\u00bbyes\u00a0\u00bb overlay_alpha=\u00a0\u00bb50&Prime; gutter_size=\u00a0\u00bb3&Prime; shift_y=\u00a0\u00bb0&Prime; z_index=\u00a0\u00bb0&Prime;][vc_column_inner column_width_percent=\u00a0\u00bb100&Prime; position_vertical=\u00a0\u00bbmiddle\u00a0\u00bb gutter_size=\u00a0\u00bb0&Prime; style=\u00a0\u00bbdark\u00a0\u00bb overlay_alpha=\u00a0\u00bb50&Prime; shift_x=\u00a0\u00bb0&Prime; shift_y=\u00a0\u00bb0&Prime; shift_y_down=\u00a0\u00bb0&Prime; z_index=\u00a0\u00bb0&Prime; medium_width=\u00a0\u00bb0&Prime; mobile_width=\u00a0\u00bb0&Prime; zoom_width=\u00a0\u00bb0&Prime; zoom_height=\u00a0\u00bb0&Prime; width=\u00a0\u00bb1\/1&Prime;][vc_custom_heading text_color=\u00a0\u00bbcolor-xsdn\u00a0\u00bb text_size=\u00a0\u00bbh5&Prime; css_animation=\u00a0\u00bbbottom-t-top\u00a0\u00bb animation_delay=\u00a0\u00bb400&Prime;]<em>Exposition du 24 septembre au 16 d\u00e9cembre 2022<\/em>[\/vc_custom_heading][vc_custom_heading text_color=\u00a0\u00bbcolor-xsdn\u00a0\u00bb heading_semantic=\u00a0\u00bbh1&Prime; text_size=\u00a0\u00bbh1&Prime; text_weight=\u00a0\u00bb600&Prime; css_animation=\u00a0\u00bbbottom-t-top\u00a0\u00bb animation_delay=\u00a0\u00bb400&Prime;]FLUX, LIENS ET MOUVEMENTS[\/vc_custom_heading][vc_custom_heading text_color=\u00a0\u00bbcolor-xsdn\u00a0\u00bb heading_semantic=\u00a0\u00bbh3&Prime; text_size=\u00a0\u00bbh3&Prime; css_animation=\u00a0\u00bbbottom-t-top\u00a0\u00bb animation_delay=\u00a0\u00bb400&Prime;]\u00e0 La Lune en Parachute \u00e0 \u00c9pinal[\/vc_custom_heading][vc_empty_space empty_h=\u00a0\u00bb2&Prime;][vc_button size=\u00a0\u00bbbtn-sm\u00a0\u00bb outline=\u00a0\u00bbyes\u00a0\u00bb text_skin=\u00a0\u00bbyes\u00a0\u00bb border_width=\u00a0\u00bb0&Prime; css_animation=\u00a0\u00bbbottom-t-top\u00a0\u00bb animation_speed=\u00a0\u00bb400&Prime; link=\u00a0\u00bburl:http%3A%2F%2Fromainfroquet.fr%2Findex.php%2Fportfolio%2Fflux-liens-et-mouvements%2F|title:FLUX%2C%20LIENS%20ET%20MOUVEMENTS\u00a0\u00bb]Visiter[\/vc_button][\/vc_column_inner][\/vc_row_inner][vc_row_inner row_inner_height_percent=\u00a0\u00bb0&Prime; back_color=\u00a0\u00bbcolor-wayh\u00a0\u00bb back_image=\u00a0\u00bb84068&Prime; parallax=\u00a0\u00bbyes\u00a0\u00bb overlay_alpha=\u00a0\u00bb50&Prime; gutter_size=\u00a0\u00bb3&Prime; shift_y=\u00a0\u00bb0&Prime; z_index=\u00a0\u00bb0&Prime;][vc_column_inner column_width_percent=\u00a0\u00bb100&Prime; position_vertical=\u00a0\u00bbmiddle\u00a0\u00bb gutter_size=\u00a0\u00bb0&Prime; style=\u00a0\u00bbdark\u00a0\u00bb overlay_alpha=\u00a0\u00bb50&Prime; shift_x=\u00a0\u00bb0&Prime; shift_y=\u00a0\u00bb0&Prime; shift_y_down=\u00a0\u00bb0&Prime; z_index=\u00a0\u00bb0&Prime; medium_width=\u00a0\u00bb0&Prime; mobile_width=\u00a0\u00bb0&Prime; zoom_width=\u00a0\u00bb0&Prime; zoom_height=\u00a0\u00bb0&Prime; width=\u00a0\u00bb1\/1&Prime;][vc_custom_heading text_color=\u00a0\u00bbcolor-xsdn\u00a0\u00bb text_size=\u00a0\u00bbh5&Prime; css_animation=\u00a0\u00bbbottom-t-top\u00a0\u00bb animation_delay=\u00a0\u00bb400&Prime;]<em>Exposition du 15 octobre 2022 au 11 f\u00e9vrier 2023<br \/>\n<\/em>[\/vc_custom_heading][vc_custom_heading text_color=\u00a0\u00bbcolor-xsdn\u00a0\u00bb heading_semantic=\u00a0\u00bbh1&Prime; text_size=\u00a0\u00bbh1&Prime; text_weight=\u00a0\u00bb600&Prime; css_animation=\u00a0\u00bbbottom-t-top\u00a0\u00bb animation_delay=\u00a0\u00bb400&Prime;]CAPITALE(S)[\/vc_custom_heading][vc_custom_heading text_color=\u00a0\u00bbcolor-xsdn\u00a0\u00bb heading_semantic=\u00a0\u00bbh3&Prime; text_size=\u00a0\u00bbh3&Prime; css_animation=\u00a0\u00bbbottom-t-top\u00a0\u00bb animation_delay=\u00a0\u00bb400&Prime;]H\u00f4tel de Ville de Paris[\/vc_custom_heading][vc_empty_space empty_h=\u00a0\u00bb2&Prime;][vc_button size=\u00a0\u00bbbtn-sm\u00a0\u00bb outline=\u00a0\u00bbyes\u00a0\u00bb text_skin=\u00a0\u00bbyes\u00a0\u00bb border_width=\u00a0\u00bb0&Prime; css_animation=\u00a0\u00bbbottom-t-top\u00a0\u00bb animation_speed=\u00a0\u00bb400&Prime; link=\u00a0\u00bburl:http%3A%2F%2Fromainfroquet.fr%2Findex.php%2Fportfolio%2Fcapitales%2F|title:CAPITALES\u00a0\u00bb]Visiter[\/vc_button][\/vc_column_inner][\/vc_row_inner][vc_row_inner row_inner_height_percent=\u00a0\u00bb0&Prime; back_color=\u00a0\u00bbcolor-wayh\u00a0\u00bb back_image=\u00a0\u00bb83903&Prime; parallax=\u00a0\u00bbyes\u00a0\u00bb overlay_alpha=\u00a0\u00bb50&Prime; gutter_size=\u00a0\u00bb3&Prime; shift_y=\u00a0\u00bb0&Prime; z_index=\u00a0\u00bb0&Prime;][vc_column_inner column_width_percent=\u00a0\u00bb100&Prime; position_vertical=\u00a0\u00bbmiddle\u00a0\u00bb gutter_size=\u00a0\u00bb0&Prime; style=\u00a0\u00bbdark\u00a0\u00bb overlay_alpha=\u00a0\u00bb50&Prime; shift_x=\u00a0\u00bb0&Prime; shift_y=\u00a0\u00bb0&Prime; shift_y_down=\u00a0\u00bb0&Prime; z_index=\u00a0\u00bb0&Prime; medium_width=\u00a0\u00bb0&Prime; mobile_width=\u00a0\u00bb0&Prime; zoom_width=\u00a0\u00bb0&Prime; zoom_height=\u00a0\u00bb0&Prime; width=\u00a0\u00bb1\/1&Prime;][vc_custom_heading text_size=\u00a0\u00bbh5&Prime; css_animation=\u00a0\u00bbbottom-t-top\u00a0\u00bb animation_delay=\u00a0\u00bb400&Prime;]<em>MARS 2022<br \/>\n<\/em>[\/vc_custom_heading][vc_custom_heading heading_semantic=\u00a0\u00bbh1&Prime; text_size=\u00a0\u00bbh1&Prime; text_weight=\u00a0\u00bb600&Prime; css_animation=\u00a0\u00bbbottom-t-top\u00a0\u00bb animation_delay=\u00a0\u00bb400&Prime;]RACE TRACK[\/vc_custom_heading][vc_custom_heading heading_semantic=\u00a0\u00bbh3&Prime; text_size=\u00a0\u00bbh3&Prime; css_animation=\u00a0\u00bbbottom-t-top\u00a0\u00bb animation_delay=\u00a0\u00bb400&Prime;]Charles Pozzi Ferrari, Paris[\/vc_custom_heading][vc_empty_space empty_h=\u00a0\u00bb2&Prime;][vc_button size=\u00a0\u00bbbtn-sm\u00a0\u00bb outline=\u00a0\u00bbyes\u00a0\u00bb text_skin=\u00a0\u00bbyes\u00a0\u00bb border_width=\u00a0\u00bb0&Prime; css_animation=\u00a0\u00bbbottom-t-top\u00a0\u00bb animation_speed=\u00a0\u00bb400&Prime; link=\u00a0\u00bburl:http%3A%2F%2Fromainfroquet.fr%2Findex.php%2Fportfolio%2Frace-track%2F|title:RACE%20TRACK\u00a0\u00bb]Visiter[\/vc_button][\/vc_column_inner][\/vc_row_inner][vc_row_inner row_inner_height_percent=\u00a0\u00bb0&Prime; back_color=\u00a0\u00bbcolor-wayh\u00a0\u00bb back_image=\u00a0\u00bb83782&Prime; back_position=\u00a0\u00bbcenter bottom\u00a0\u00bb parallax=\u00a0\u00bbyes\u00a0\u00bb overlay_alpha=\u00a0\u00bb50&Prime; gutter_size=\u00a0\u00bb3&Prime; shift_y=\u00a0\u00bb0&Prime; z_index=\u00a0\u00bb0&Prime;][vc_column_inner column_width_percent=\u00a0\u00bb100&Prime; position_vertical=\u00a0\u00bbmiddle\u00a0\u00bb gutter_size=\u00a0\u00bb0&Prime; style=\u00a0\u00bbdark\u00a0\u00bb overlay_alpha=\u00a0\u00bb50&Prime; shift_x=\u00a0\u00bb0&Prime; shift_y=\u00a0\u00bb0&Prime; shift_y_down=\u00a0\u00bb0&Prime; z_index=\u00a0\u00bb0&Prime; medium_width=\u00a0\u00bb0&Prime; mobile_width=\u00a0\u00bb0&Prime; zoom_width=\u00a0\u00bb0&Prime; zoom_height=\u00a0\u00bb0&Prime; width=\u00a0\u00bb1\/1&Prime;][vc_custom_heading text_size=\u00a0\u00bbh5&Prime; css_animation=\u00a0\u00bbbottom-t-top\u00a0\u00bb animation_delay=\u00a0\u00bb400&Prime;]<em>IN-SITU<\/em>[\/vc_custom_heading][vc_custom_heading heading_semantic=\u00a0\u00bbh1&Prime; text_font=\u00a0\u00bbfont-116965&Prime; text_size=\u00a0\u00bbh1&Prime; css_animation=\u00a0\u00bbbottom-t-top\u00a0\u00bb animation_delay=\u00a0\u00bb400&Prime;]LE PRINTEMPS HAUSSMANN[\/vc_custom_heading][vc_empty_space empty_h=\u00a0\u00bb1&Prime;][vc_button size=\u00a0\u00bbbtn-sm\u00a0\u00bb outline=\u00a0\u00bbyes\u00a0\u00bb text_skin=\u00a0\u00bbyes\u00a0\u00bb border_width=\u00a0\u00bb0&Prime; css_animation=\u00a0\u00bbbottom-t-top\u00a0\u00bb animation_speed=\u00a0\u00bb400&Prime; animation_delay=\u00a0\u00bb300&Prime; link=\u00a0\u00bburl:http%3A%2F%2Fromainfroquet.fr%2Findex.php%2Fportfolio%2Fle-printemps%2F|title:visiter\u00a0\u00bb]Visiter[\/vc_button][\/vc_column_inner][\/vc_row_inner][vc_row_inner row_inner_height_percent=\u00a0\u00bb0&Prime; back_color=\u00a0\u00bbcolor-wayh\u00a0\u00bb back_image=\u00a0\u00bb83726&Prime; back_position=\u00a0\u00bbcenter bottom\u00a0\u00bb parallax=\u00a0\u00bbyes\u00a0\u00bb overlay_alpha=\u00a0\u00bb50&Prime; gutter_size=\u00a0\u00bb3&Prime; shift_y=\u00a0\u00bb0&Prime; z_index=\u00a0\u00bb0&Prime;][vc_column_inner column_width_percent=\u00a0\u00bb100&Prime; position_vertical=\u00a0\u00bbmiddle\u00a0\u00bb gutter_size=\u00a0\u00bb0&Prime; style=\u00a0\u00bbdark\u00a0\u00bb overlay_alpha=\u00a0\u00bb50&Prime; shift_x=\u00a0\u00bb0&Prime; shift_y=\u00a0\u00bb0&Prime; shift_y_down=\u00a0\u00bb0&Prime; z_index=\u00a0\u00bb0&Prime; medium_width=\u00a0\u00bb0&Prime; mobile_width=\u00a0\u00bb0&Prime; zoom_width=\u00a0\u00bb0&Prime; zoom_height=\u00a0\u00bb0&Prime; width=\u00a0\u00bb1\/1&Prime;][vc_custom_heading text_size=\u00a0\u00bbh5&Prime; css_animation=\u00a0\u00bbbottom-t-top\u00a0\u00bb animation_delay=\u00a0\u00bb400&Prime;]<em>EXPOSITION COLLECTIVE<\/em>[\/vc_custom_heading][vc_custom_heading heading_semantic=\u00a0\u00bbh1&Prime; text_font=\u00a0\u00bbfont-116965&Prime; text_size=\u00a0\u00bbh1&Prime; css_animation=\u00a0\u00bbbottom-t-top\u00a0\u00bb animation_delay=\u00a0\u00bb400&Prime;]<em>\u00ab\u00a0RUPTURE\u00a0\u00bb<\/em>[\/vc_custom_heading][vc_custom_heading heading_semantic=\u00a0\u00bbh3&Prime; text_font=\u00a0\u00bbfont-116965&Prime; text_size=\u00a0\u00bbh3&Prime; css_animation=\u00a0\u00bbbottom-t-top\u00a0\u00bb animation_delay=\u00a0\u00bb400&Prime;]L&rsquo;ESSENTIEL | Paris[\/vc_custom_heading][vc_empty_space empty_h=\u00a0\u00bb1&Prime;][vc_button size=\u00a0\u00bbbtn-sm\u00a0\u00bb outline=\u00a0\u00bbyes\u00a0\u00bb text_skin=\u00a0\u00bbyes\u00a0\u00bb border_width=\u00a0\u00bb0&Prime; css_animation=\u00a0\u00bbbottom-t-top\u00a0\u00bb animation_speed=\u00a0\u00bb400&Prime; animation_delay=\u00a0\u00bb300&Prime; link=\u00a0\u00bburl:http%3A%2F%2Fromainfroquet.fr%2Findex.php%2Fportfolio%2Frupture%2F|title:RUPTURE\u00a0\u00bb]Visiter[\/vc_button][\/vc_column_inner][\/vc_row_inner][\/uncode_slider][\/vc_column][\/vc_row][vc_row row_height_percent=\u00a0\u00bb0&Prime; override_padding=\u00a0\u00bbyes\u00a0\u00bb h_padding=\u00a0\u00bb2&Prime; top_padding=\u00a0\u00bb5&Prime; bottom_padding=\u00a0\u00bb2&Prime; overlay_alpha=\u00a0\u00bb90&Prime; gutter_size=\u00a0\u00bb4&Prime; column_width_percent=\u00a0\u00bb100&Prime; shift_y=\u00a0\u00bb0&Prime; z_index=\u00a0\u00bb0&Prime; row_name=\u00a0\u00bbContact\u00a0\u00bb][vc_column column_width_percent=\u00a0\u00bb100&Prime; position_vertical=\u00a0\u00bbmiddle\u00a0\u00bb gutter_size=\u00a0\u00bb0&Prime; overlay_alpha=\u00a0\u00bb50&Prime; shift_x=\u00a0\u00bb0&Prime; shift_y=\u00a0\u00bb0&Prime; shift_y_down=\u00a0\u00bb0&Prime; z_index=\u00a0\u00bb0&Prime; medium_width=\u00a0\u00bb0&Prime; mobile_width=\u00a0\u00bb0&Prime; width=\u00a0\u00bb1\/1&Prime;][vc_row_inner row_inner_height_percent=\u00a0\u00bb0&Prime; overlay_alpha=\u00a0\u00bb50&Prime; gutter_size=\u00a0\u00bb4&Prime; shift_y=\u00a0\u00bb0&Prime; z_index=\u00a0\u00bb0&Prime;][vc_column_inner column_width_percent=\u00a0\u00bb100&Prime; position_vertical=\u00a0\u00bbmiddle\u00a0\u00bb gutter_size=\u00a0\u00bb3&Prime; overlay_alpha=\u00a0\u00bb50&Prime; shift_x=\u00a0\u00bb0&Prime; shift_y=\u00a0\u00bb0&Prime; shift_y_down=\u00a0\u00bb0&Prime; z_index=\u00a0\u00bb0&Prime; medium_width=\u00a0\u00bb0&Prime; mobile_width=\u00a0\u00bb0&Prime; width=\u00a0\u00bb2\/3&Prime;][vc_column_text text_lead=\u00a0\u00bbyes\u00a0\u00bb]<\/p>\n<p style=\"text-align: left;\">Je consacre ma vie \u00e0 la peinture depuis la fin des ann\u00e9es 90. Artiste autodidacte, j\u2019ai construit mon \u0153uvre gr\u00e2ce \u00e0 diverses influences culturelles et sur la base de r\u00e9flexions sur la conception de l\u2019art.<\/p>\n<p>[\/vc_column_text][vc_custom_heading]<\/p>\n<h4><strong>Mon ADN d\u2019artiste : art abstrait, art urbain, influences ethniques<\/strong><\/h4>\n<p>[\/vc_custom_heading][vc_column_text]<\/p>\n<p style=\"text-align: justify;\">Je m\u2019inspire d\u2019artistes contemporains, pr\u00e9curseurs de la peinture abstraite, tels Arshile Gorky, Jackson Pollock, Willem de Kooning. <strong>Pourquoi cet int\u00e9r\u00eat pour l\u2019abstraction\u2009? Elle donne une vision alternative.<\/strong> Elle permet \u00e0 l\u2019homme de cogiter et de voir, par ses pens\u00e9es, des choses qu\u2019il ne saurait voir, avec ses yeux. Gr\u00e2ce \u00e0 l\u2019art abstrait, l\u2019artiste a le pouvoir de percevoir au-del\u00e0 du tangible, d\u2019extraire l\u2019infini du fini. C\u2019est l\u2019\u00e9mancipation de l\u2019esprit, une exploration vers des territoires inconnus.<\/p>\n<p style=\"text-align: justify;\">J\u2019appr\u00e9cie l\u2019esth\u00e9tique de l\u2019art tribal. A mes d\u00e9buts, mes peintures repr\u00e9sentaient des masques africains stylis\u00e9s. J\u2019y retrouve aussi des connexions profondes qui exercent une influence sur mon \u0153uvre :<strong> le rapport \u00e0 la terre m\u00e8re, le lien aux divinit\u00e9s et aux croyances<\/strong>.<\/p>\n<p style=\"text-align: justify;\">J\u2019aime l\u2019id\u00e9e que l\u2019art int\u00e8gre le paysage urbain. Ce n\u2019est pas seulement pour des raisons esth\u00e9tiques mais aussi pour cr\u00e9er un lien social et communautaire.<\/p>\n<p style=\"text-align: justify;\">Je me retrouve, tout \u00e0 fait, dans la d\u00e9marche artistique des muralistes mexicains, Diego Rivera, Jos\u00e9 Clemente Orozco ou David Alfaro Siqueiros qui voulaient<strong> rendre leurs \u0153uvres accessibles \u00e0 tout public<\/strong>. C\u00f4t\u00e9 street art, je colle des dessins d\u2019arbre de formes et de couleurs non conventionnelles. C\u00f4t\u00e9 artiste associ\u00e9 \u00e0 l\u2019am\u00e9nagement urbain, je collabore avec des associations, des municipalit\u00e9s ou des entreprises pour \u00ab m\u00e9tamorphoser \u00bb un mur, un terrain de sport ou m\u00eame un parking, avec une fresque ou une installation.<\/p>\n<p>[\/vc_column_text][vc_custom_heading]<\/p>\n<h4><strong>La ligne, \u00e9l\u00e9ment central de mon \u0153uvre<\/strong><\/h4>\n<p>[\/vc_custom_heading][vc_column_text]<\/p>\n<p style=\"text-align: justify;\">Mes <strong>cr\u00e9ations sont essentiellement con\u00e7ues autour de<\/strong> <strong>l\u2019id\u00e9e de connexion<\/strong>. Dans le monde tout est connect\u00e9 : les personnes entre elles, les \u00e9l\u00e9ments naturels, l\u2019homme et la terre\u2026 et bien s\u00fbr l\u2019artiste et son public. J\u2019essaie d\u2019appr\u00e9hender ces rapports dans mes projets artistiques. En me basant sur des photos d\u2019\u00e9changeurs d\u2019autoroute, j\u2019\u00e9voque, par exemple, les voies de communication qui relient les hommes. <strong>La ligne me permet de mat\u00e9rialiser cette connexion<\/strong>. Je joue, \u00e9galement, avec son c\u00f4t\u00e9 paradoxal. La ligne peut cr\u00e9er un lien autant que diviser.<\/p>\n<p style=\"text-align: justify;\">Sur le plan esth\u00e9tique, <strong>les lignes que je dessine sont souvent courb\u00e9es et r\u00e9p\u00e9t\u00e9es<\/strong>. Elles partent de repr\u00e9sentations concr\u00e8tes : contour d\u2019arbres ou de masques africains, images d\u2019\u00e9changeurs d\u2019autoroutes vus du ciel\u2026 Sous mes coups de pinceau, arbres, masques africains et \u00e9changeurs d\u2019autoroutes renaissent en compositions picturales abstraites, d\u2019un style parfois calligraphique. Les courbes me permettent de donner une impression de dynamisme et de mouvement. Je m\u2019applique \u00e0 les tracer dans des proportions \u00e9quilibr\u00e9es.<\/p>\n<p>[\/vc_column_text][vc_custom_heading]<\/p>\n<h4><strong>L\u2019exp\u00e9rimentation comme horizon artistique<\/strong><\/h4>\n<p>[\/vc_custom_heading][vc_column_text]<\/p>\n<p style=\"text-align: justify;\">J\u2019ai tr\u00e8s t\u00f4t voulu diversifier les supports de mes tableaux. Je travaille sur du papier, bien s\u00fbr, mais \u00e9galement sur du m\u00e9tal ou de la toile de jute. <strong>Dans mes compositions picturales, je varie souvent les mati\u00e8res<\/strong>. La peinture, l\u2019encre de chine juxtaposent des pi\u00e8ces de tissus ou des morceaux d\u2019articles de journaux. Mes fresques murales sont agr\u00e9ment\u00e9es de planches de bois ou de pi\u00e8ces m\u00e9talliques qui leur donnent du relief. Parfois, je vais plus loin en montant des installations artistiques avec des c\u00e2bles ou des v\u00e9g\u00e9taux.<\/p>\n<p style=\"text-align: justify;\">Le travail de <strong>la couleur constitue un autre terrain d\u2019exp\u00e9rimentation artistique<\/strong>. Il me pla\u00eet de combiner et de superposer diff\u00e9rentes couleurs, mais aussi jouer avec les nuances en travaillant les tons et la consistance de la peinture. Je donne parfois aux lignes que je trace une impression de gradation, la densit\u00e9 des courbes s\u2019estompant progressivement.<\/p>\n<p>[\/vc_column_text][vc_custom_heading]<\/p>\n<h4><strong>Mon univers artistique en acc\u00e8s libre<\/strong><\/h4>\n<p>[\/vc_custom_heading][vc_column_text]<\/p>\n<p style=\"text-align: justify;\">En m\u00ealant <strong>art abstrait, art urbain et influences ethniques, <\/strong>en poussant mon travail sur<strong> la ligne et la couleur<\/strong>, je suis parvenu \u00e0 me donner une identit\u00e9 artistique qui correspond \u00e0 mes aspirations personnelles. J\u2019ai eu la chance de gagner l\u2019int\u00e9r\u00eat et le soutien de personnes investies dans l\u2019art contemporain.<\/p>\n<p style=\"text-align: justify;\">Elles m\u2019ont permis d\u2019exposer mes \u0153uvres en France, en Russie, aux \u00c9tats-Unis, en Inde, et d\u2019imprimer ma patte d\u2019artiste sur des projets d\u2019am\u00e9nagement urbain.<\/p>\n<p style=\"text-align: justify;\">Sur ce site, je pr\u00e9sente un large \u00e9ventail de mon travail artistique. Je vous invite \u00e0 le parcourir, tranquillement, comme dans une salle d\u2019exposition.<\/p>\n<p>[\/vc_column_text][\/vc_column_inner][vc_column_inner column_width_percent=\u00a0\u00bb100&Prime; gutter_size=\u00a0\u00bb3&Prime; overlay_alpha=\u00a0\u00bb50&Prime; shift_x=\u00a0\u00bb0&Prime; shift_y=\u00a0\u00bb0&Prime; shift_y_down=\u00a0\u00bb0&Prime; z_index=\u00a0\u00bb0&Prime; medium_width=\u00a0\u00bb0&Prime; mobile_width=\u00a0\u00bb0&Prime; width=\u00a0\u00bb1\/3&Prime;][vc_column_text uncode_shortcode_id=\u00a0\u00bb129713&Prime;]<\/p>\n<p style=\"text-align: Justify;\"><a href=\"https:\/\/instagram.com\/romainfroquet\" target=\"_blank\" rel=\"noopener\">INSTAGRAM<\/a><br \/>\n<a href=\"http:\/\/www.facebook.com\/romainfroquet\" target=\"_blank\" rel=\"noopener\">FACEBOOK<\/a><\/p>\n<p>&#8211;<\/p>\n<p><a href=\"https:\/\/askerigallery.com\/en\/\" target=\"_blank\" rel=\"noopener\"><strong>Askeri Gallery<\/strong> Moscou<\/a><br \/>\n<a href=\"https:\/\/ypalixart.com\" target=\"_blank\" rel=\"noopener\"><strong>Yvonamor Palix<\/strong> <strong>Fine Arts<\/strong> Houston<\/a>[\/vc_column_text][\/vc_column_inner][\/vc_row_inner][vc_empty_space empty_h=\u00a0\u00bb2&Prime; medium_visibility=\u00a0\u00bbyes\u00a0\u00bb mobile_visibility=\u00a0\u00bbyes\u00a0\u00bb][vc_row_inner][vc_column_inner width=\u00a0\u00bb1\/2&Prime;][vc_icon icon=\u00a0\u00bbfa fa-arrow-circle-o-down\u00a0\u00bb size=\u00a0\u00bbfa-2x\u00a0\u00bb css_animation=\u00a0\u00bbtop-t-bottom\u00a0\u00bb animation_speed=\u00a0\u00bb600&Prime; animation_delay=\u00a0\u00bb100&Prime;][\/vc_icon][\/vc_column_inner][vc_column_inner width=\u00a0\u00bb1\/2&Prime;][\/vc_column_inner][\/vc_row_inner][\/vc_column][\/vc_row][vc_row unlock_row=\u00a0\u00bb\u00a0\u00bb row_height_percent=\u00a0\u00bb0&Prime; override_padding=\u00a0\u00bbyes\u00a0\u00bb h_padding=\u00a0\u00bb3&Prime; top_padding=\u00a0\u00bb4&Prime; bottom_padding=\u00a0\u00bb4&Prime; back_color=\u00a0\u00bbcolor-rgdb\u00a0\u00bb overlay_alpha=\u00a0\u00bb100&Prime; gutter_size=\u00a0\u00bb100&Prime; column_width_percent=\u00a0\u00bb100&Prime; shift_y=\u00a0\u00bb0&Prime; z_index=\u00a0\u00bb0&Prime; style=\u00a0\u00bbinherited\u00a0\u00bb][vc_column column_width_percent=\u00a0\u00bb81&Prime; align_horizontal=\u00a0\u00bbalign_center\u00a0\u00bb gutter_size=\u00a0\u00bb3&Prime; style=\u00a0\u00bblight\u00a0\u00bb overlay_alpha=\u00a0\u00bb50&Prime; shift_x=\u00a0\u00bb0&Prime; shift_y=\u00a0\u00bb0&Prime; shift_y_down=\u00a0\u00bb0&Prime; z_index=\u00a0\u00bb0&Prime; medium_width=\u00a0\u00bb0&Prime; mobile_width=\u00a0\u00bb0&Prime; zoom_width=\u00a0\u00bb0&Prime; zoom_height=\u00a0\u00bb0&Prime; width=\u00a0\u00bb1\/1&Prime;][uncode_slider slider_interval=\u00a0\u00bb5000&Prime; slider_navspeed=\u00a0\u00bb1000&Prime; slider_loop=\u00a0\u00bbyes\u00a0\u00bb][vc_row_inner row_inner_height_percent=\u00a0\u00bb0&Prime; overlay_alpha=\u00a0\u00bb50&Prime; gutter_size=\u00a0\u00bb4&Prime; shift_y=\u00a0\u00bb0&Prime; z_index=\u00a0\u00bb0&Prime;][vc_column_inner column_width_percent=\u00a0\u00bb75&Prime; position_vertical=\u00a0\u00bbmiddle\u00a0\u00bb align_horizontal=\u00a0\u00bbalign_center\u00a0\u00bb gutter_size=\u00a0\u00bb2&Prime; style=\u00a0\u00bbdark\u00a0\u00bb overlay_alpha=\u00a0\u00bb50&Prime; shift_x=\u00a0\u00bb0&Prime; shift_y=\u00a0\u00bb0&Prime; shift_y_down=\u00a0\u00bb0&Prime; z_index=\u00a0\u00bb0&Prime; medium_width=\u00a0\u00bb0&Prime; mobile_width=\u00a0\u00bb0&Prime; width=\u00a0\u00bb1\/1&Prime;][vc_custom_heading text_font=\u00a0\u00bbfont-327083&Prime; text_size=\u00a0\u00bbh3&Prime; text_weight=\u00a0\u00bb300&Prime; sub_lead=\u00a0\u00bbsmall\u00a0\u00bb sub_reduced=\u00a0\u00bbyes\u00a0\u00bb]<strong>\u00ab\u00a0LIGN\u00c9ES\u00a0\u00bb<\/strong> | T\u00e9l\u00e9rama[\/vc_custom_heading][vc_column_text text_lead=\u00a0\u00bbyes\u00a0\u00bb]<em>\u00ab\u00a0Il en explore tous les sens (fracture, connexion), les expressions (v\u00e9g\u00e9tales, m\u00e9talliques ou min\u00e9rales), dans diff\u00e9rentes directions (vid\u00e9o, peinture, installation)\u00a0\u00bb<\/em>[\/vc_column_text][vc_button button_color=\u00a0\u00bbcolor-wayh\u00a0\u00bb size=\u00a0\u00bbbtn-sm\u00a0\u00bb hover_fx=\u00a0\u00bbfull-colored\u00a0\u00bb outline=\u00a0\u00bbyes\u00a0\u00bb border_width=\u00a0\u00bb0&Prime; link=\u00a0\u00bburl:https%3A%2F%2Fsortir.telerama.fr%2Fevenements%2Fexpos%2Fromain-froquet-lignees%2Cn6591534.php|target:_blank\u00a0\u00bb]Voir l&rsquo;article de presse[\/vc_button][\/vc_column_inner][\/vc_row_inner][vc_row_inner row_inner_height_percent=\u00a0\u00bb0&Prime; overlay_alpha=\u00a0\u00bb50&Prime; gutter_size=\u00a0\u00bb4&Prime; shift_y=\u00a0\u00bb0&Prime; z_index=\u00a0\u00bb0&Prime;][vc_column_inner column_width_percent=\u00a0\u00bb75&Prime; position_vertical=\u00a0\u00bbmiddle\u00a0\u00bb align_horizontal=\u00a0\u00bbalign_center\u00a0\u00bb gutter_size=\u00a0\u00bb2&Prime; style=\u00a0\u00bbdark\u00a0\u00bb overlay_alpha=\u00a0\u00bb50&Prime; shift_x=\u00a0\u00bb0&Prime; shift_y=\u00a0\u00bb0&Prime; shift_y_down=\u00a0\u00bb0&Prime; z_index=\u00a0\u00bb0&Prime; medium_width=\u00a0\u00bb0&Prime; mobile_width=\u00a0\u00bb0&Prime; width=\u00a0\u00bb1\/1&Prime;][vc_custom_heading text_font=\u00a0\u00bbfont-327083&Prime; text_size=\u00a0\u00bbh3&Prime; text_weight=\u00a0\u00bb300&Prime; sub_lead=\u00a0\u00bbsmall\u00a0\u00bb sub_reduced=\u00a0\u00bbyes\u00a0\u00bb]<strong>Le MUR Oberkampf n\u00b0325<\/strong> | Artistikrezo[\/vc_custom_heading][vc_column_text text_lead=\u00a0\u00bbyes\u00a0\u00bb]<em>\u00ab\u00a0Aux confins de l\u2019abstraction et de la figuration, au carrefour du geste et de la ligne, le travail de Romain Froquet m\u00e8ne une bataille surr\u00e9aliste&#8230;\u00a0\u00bb<\/em>[\/vc_column_text][vc_button button_color=\u00a0\u00bbcolor-wayh\u00a0\u00bb size=\u00a0\u00bbbtn-sm\u00a0\u00bb hover_fx=\u00a0\u00bbfull-colored\u00a0\u00bb outline=\u00a0\u00bbyes\u00a0\u00bb border_width=\u00a0\u00bb0&Prime; link=\u00a0\u00bburl:https%3A%2F%2Fwww.artistikrezo.com%2Fagenda%2Fromain-froquet-le-mur-oberkampf-n325.html|target:_blank\u00a0\u00bb]Voir l&rsquo;article de presse[\/vc_button][\/vc_column_inner][\/vc_row_inner][vc_row_inner row_inner_height_percent=\u00a0\u00bb0&Prime; overlay_alpha=\u00a0\u00bb50&Prime; gutter_size=\u00a0\u00bb4&Prime; shift_y=\u00a0\u00bb0&Prime; z_index=\u00a0\u00bb0&Prime;][vc_column_inner column_width_percent=\u00a0\u00bb75&Prime; position_vertical=\u00a0\u00bbmiddle\u00a0\u00bb align_horizontal=\u00a0\u00bbalign_center\u00a0\u00bb gutter_size=\u00a0\u00bb2&Prime; style=\u00a0\u00bbdark\u00a0\u00bb overlay_alpha=\u00a0\u00bb50&Prime; shift_x=\u00a0\u00bb0&Prime; shift_y=\u00a0\u00bb0&Prime; shift_y_down=\u00a0\u00bb0&Prime; z_index=\u00a0\u00bb0&Prime; medium_width=\u00a0\u00bb0&Prime; mobile_width=\u00a0\u00bb0&Prime; width=\u00a0\u00bb1\/1&Prime;][vc_custom_heading text_font=\u00a0\u00bbfont-327083&Prime; text_size=\u00a0\u00bbh3&Prime; text_weight=\u00a0\u00bb300&Prime; sub_lead=\u00a0\u00bbsmall\u00a0\u00bb sub_reduced=\u00a0\u00bbyes\u00a0\u00bb]<strong>L&rsquo;ART TH\u00c9RAPEUTIQUE<\/strong>\u00a0| Connaissance des arts[\/vc_custom_heading][vc_column_text text_lead=\u00a0\u00bbyes\u00a0\u00bb]<em>\u00ab\u00a0Avec ce triptyque de 3,50 m de haut sur 15 m de long, Romain Froquet souhaite : Faire quelque chose de fort pour les soignants et les patients, qui invite au voyage.\u00a0\u00bb<\/em>[\/vc_column_text][vc_button button_color=\u00a0\u00bbcolor-wayh\u00a0\u00bb size=\u00a0\u00bbbtn-sm\u00a0\u00bb hover_fx=\u00a0\u00bbfull-colored\u00a0\u00bb outline=\u00a0\u00bbyes\u00a0\u00bb border_width=\u00a0\u00bb0&Prime; link=\u00a0\u00bburl:https%3A%2F%2Fwww.connaissancedesarts.com%2Farts-expositions%2Fstreet-art-la-fresque-tout-en-couleurs-de-romain-froquet-egaye-lhopital-beaujon-11152989%2F|target:_blank\u00a0\u00bb]Voir l&rsquo;article de presse[\/vc_button][\/vc_column_inner][\/vc_row_inner][vc_row_inner row_inner_height_percent=\u00a0\u00bb0&Prime; overlay_alpha=\u00a0\u00bb50&Prime; gutter_size=\u00a0\u00bb4&Prime; shift_y=\u00a0\u00bb0&Prime; z_index=\u00a0\u00bb0&Prime;][vc_column_inner column_width_percent=\u00a0\u00bb75&Prime; position_vertical=\u00a0\u00bbmiddle\u00a0\u00bb align_horizontal=\u00a0\u00bbalign_center\u00a0\u00bb gutter_size=\u00a0\u00bb2&Prime; style=\u00a0\u00bbdark\u00a0\u00bb overlay_alpha=\u00a0\u00bb50&Prime; shift_x=\u00a0\u00bb0&Prime; shift_y=\u00a0\u00bb0&Prime; shift_y_down=\u00a0\u00bb0&Prime; z_index=\u00a0\u00bb0&Prime; medium_width=\u00a0\u00bb0&Prime; mobile_width=\u00a0\u00bb0&Prime; width=\u00a0\u00bb1\/1&Prime;][vc_custom_heading text_font=\u00a0\u00bbfont-327083&Prime; text_size=\u00a0\u00bbh3&Prime; text_weight=\u00a0\u00bb300&Prime; sub_lead=\u00a0\u00bbsmall\u00a0\u00bb sub_reduced=\u00a0\u00bbyes\u00a0\u00bb]<strong>\u00ab\u00a0UNE FRESQUE DANS UN PARKING\u00a0\u00bb<\/strong> | \u00c9cho R\u00e9publicain[\/vc_custom_heading][vc_column_text text_lead=\u00a0\u00bbyes\u00a0\u00bb]<em>\u201cLa qu\u00eate principale de Romain Froquet r\u00e9side dans la recherche d\u2019\u00e9quilibre au travers d\u2019une gestuelle minutieuse et rythm\u00e9e, centr\u00e9e sur les lignes\u201d.<\/em>[\/vc_column_text][vc_button button_color=\u00a0\u00bbcolor-wayh\u00a0\u00bb size=\u00a0\u00bbbtn-sm\u00a0\u00bb hover_fx=\u00a0\u00bbfull-colored\u00a0\u00bb outline=\u00a0\u00bbyes\u00a0\u00bb border_width=\u00a0\u00bb0&Prime; link=\u00a0\u00bburl:https%3A%2F%2Fwww.lechorepublicain.fr%2Fchartres-28000%2Factualites%2Fromain-froquet-peint-une-fresque-dans-le-parking-republique-de-chartres_13946638%2F|target:_blank\u00a0\u00bb]Voir l&rsquo;article de presse[\/vc_button][\/vc_column_inner][\/vc_row_inner][vc_row_inner row_inner_height_percent=\u00a0\u00bb0&Prime; overlay_alpha=\u00a0\u00bb50&Prime; gutter_size=\u00a0\u00bb4&Prime; shift_y=\u00a0\u00bb0&Prime; z_index=\u00a0\u00bb0&Prime;][vc_column_inner column_width_percent=\u00a0\u00bb75&Prime; position_vertical=\u00a0\u00bbmiddle\u00a0\u00bb align_horizontal=\u00a0\u00bbalign_center\u00a0\u00bb gutter_size=\u00a0\u00bb2&Prime; style=\u00a0\u00bbdark\u00a0\u00bb overlay_alpha=\u00a0\u00bb50&Prime; shift_x=\u00a0\u00bb0&Prime; shift_y=\u00a0\u00bb0&Prime; shift_y_down=\u00a0\u00bb0&Prime; z_index=\u00a0\u00bb0&Prime; medium_width=\u00a0\u00bb0&Prime; mobile_width=\u00a0\u00bb0&Prime; width=\u00a0\u00bb1\/1&Prime;][vc_custom_heading text_font=\u00a0\u00bbfont-327083&Prime; text_size=\u00a0\u00bbh3&Prime; text_weight=\u00a0\u00bb300&Prime; sub_lead=\u00a0\u00bbsmall\u00a0\u00bb sub_reduced=\u00a0\u00bbyes\u00a0\u00bb]<strong>\u00ab\u00a0INTERVIEW\u00a0\u00bb<\/strong> | Artistikrezo[\/vc_custom_heading][vc_column_text text_lead=\u00a0\u00bbyes\u00a0\u00bb]<em>\u201cLa casquette \u201cart urbain\u201d me va autant que la casquette \u201cart contemporain\u201d. Ce n\u2019est pas \u00e0 moi de d\u00e9cider l\u2019\u00e9tiquette que les gens vont me mettre &#8211; Le plaisir de cr\u00e9er est propre \u00e0 l\u2019art urbain\u201d<\/em>[\/vc_column_text][vc_button button_color=\u00a0\u00bbcolor-wayh\u00a0\u00bb size=\u00a0\u00bbbtn-sm\u00a0\u00bb hover_fx=\u00a0\u00bbfull-colored\u00a0\u00bb outline=\u00a0\u00bbyes\u00a0\u00bb border_width=\u00a0\u00bb0&Prime; link=\u00a0\u00bburl:https%3A%2F%2Fwww.artistikrezo.com%2Fart%2Fromain-froquet-le-plaisir-de-creer-est-propre-a-lart-urbain.html|target:_blank\u00a0\u00bb]Voir l&rsquo;article de presse[\/vc_button][\/vc_column_inner][\/vc_row_inner][\/uncode_slider][\/vc_column][\/vc_row][vc_row unlock_row_content=\u00a0\u00bbyes\u00a0\u00bb row_height_percent=\u00a0\u00bb0&Prime; override_padding=\u00a0\u00bbyes\u00a0\u00bb h_padding=\u00a0\u00bb5&Prime; top_padding=\u00a0\u00bb2&Prime; bottom_padding=\u00a0\u00bb2&Prime; overlay_alpha=\u00a0\u00bb50&Prime; gutter_size=\u00a0\u00bb3&Prime; column_width_percent=\u00a0\u00bb100&Prime; shift_y=\u00a0\u00bb0&Prime; z_index=\u00a0\u00bb0&Prime;][vc_column width=\u00a0\u00bb1\/1&Prime;][uncode_index el_id=\u00a0\u00bbindex-108776&Prime; loop=\u00a0\u00bbsize:8|order_by:date|order:DESC|post_type:portfolio|taxonomy_count:10&Prime; screen_lg=\u00a0\u00bb1000&Prime; screen_md=\u00a0\u00bb600&Prime; screen_sm=\u00a0\u00bb480&Prime; gutter_size=\u00a0\u00bb2&Prime; portfolio_items=\u00a0\u00bbtitle,media|featured|onpost|original,text|excerpt,link|link|small_size\u00a0\u00bb infinite=\u00a0\u00bbyes\u00a0\u00bb infinite_button=\u00a0\u00bbyes\u00a0\u00bb infinite_hover_fx=\u00a0\u00bboutlined\u00a0\u00bb single_width=\u00a0\u00bb3&Prime; images_size=\u00a0\u00bbone-one\u00a0\u00bb single_overlay_opacity=\u00a0\u00bb20&Prime; single_image_coloration=\u00a0\u00bbdesaturated\u00a0\u00bb single_image_color_anim=\u00a0\u00bbyes\u00a0\u00bb single_padding=\u00a0\u00bb2&Prime; single_text_reduced=\u00a0\u00bbyes\u00a0\u00bb single_title_family=\u00a0\u00bbfont-327083&Prime; single_title_dimension=\u00a0\u00bbh3&Prime; single_text_lead=\u00a0\u00bbsmall\u00a0\u00bb infinite_button_text=\u00a0\u00bbVOIR PLUS\u00a0\u00bb][\/vc_column][\/vc_row][vc_row row_height_percent=\u00a0\u00bb0&Prime; override_padding=\u00a0\u00bbyes\u00a0\u00bb h_padding=\u00a0\u00bb3&Prime; top_padding=\u00a0\u00bb4&Prime; bottom_padding=\u00a0\u00bb5&Prime; overlay_alpha=\u00a0\u00bb100&Prime; gutter_size=\u00a0\u00bb100&Prime; column_width_percent=\u00a0\u00bb100&Prime; border_color=\u00a0\u00bbcolor-uydo\u00a0\u00bb border_style=\u00a0\u00bbsolid\u00a0\u00bb shift_y=\u00a0\u00bb0&Prime; z_index=\u00a0\u00bb0&Prime; style=\u00a0\u00bbinherited\u00a0\u00bb css=\u00a0\u00bb.vc_custom_1621423434983{border-top-width: 1px !important;}\u00a0\u00bb][vc_column column_width_percent=\u00a0\u00bb100&Prime; position_horizontal=\u00a0\u00bbleft\u00a0\u00bb gutter_size=\u00a0\u00bb0&Prime; style=\u00a0\u00bblight\u00a0\u00bb overlay_alpha=\u00a0\u00bb50&Prime; shift_x=\u00a0\u00bb0&Prime; shift_y=\u00a0\u00bb0&Prime; shift_y_down=\u00a0\u00bb0&Prime; z_index=\u00a0\u00bb0&Prime; medium_width=\u00a0\u00bb0&Prime; mobile_width=\u00a0\u00bb0&Prime; zoom_width=\u00a0\u00bb0&Prime; zoom_height=\u00a0\u00bb0&Prime; width=\u00a0\u00bb1\/1&Prime;][vc_custom_heading text_font=\u00a0\u00bbfont-116965&Prime; text_weight=\u00a0\u00bb300&Prime;]PODCASTS[\/vc_custom_heading][vc_empty_space empty_h=\u00a0\u00bb2&Prime;][vc_row_inner][vc_column_inner column_width_percent=\u00a0\u00bb65&Prime; position_horizontal=\u00a0\u00bbleft\u00a0\u00bb gutter_size=\u00a0\u00bb3&Prime; style=\u00a0\u00bblight\u00a0\u00bb overlay_alpha=\u00a0\u00bb50&Prime; shift_x=\u00a0\u00bb0&Prime; shift_y=\u00a0\u00bb0&Prime; shift_y_down=\u00a0\u00bb0&Prime; z_index=\u00a0\u00bb0&Prime; medium_width=\u00a0\u00bb0&Prime; mobile_width=\u00a0\u00bb0&Prime; width=\u00a0\u00bb1\/1&Prime;][vc_column_text]<\/p>\n<p style=\"text-align: Justify;\"><em>\u00ab L\u2019envers Du Rideau \u00bb est le premier podcast de l\u2019agence de communication \u00e9v\u00e9nementielle LDR pr\u00e9sent\u00e9 par R\u00e9mi Laviron. Une discussion avec un talent o\u00f9 l\u2019on pose un regard diff\u00e9rent sur ceux qui nous inspirent et qui pimentent le monde de l\u2019\u00e9v\u00e9nement <\/em><\/p>\n<p><a href=\"https:\/\/podcasts.apple.com\/fr\/podcast\/lenvers-du-rideau-by-ldr\/id1705246025\" target=\"_blank\" rel=\"noopener\"><b>R\u00c9MI LAVIRON <\/b><\/a>[\/vc_column_text][vc_empty_space empty_h=\u00a0\u00bb2&Prime;][vc_raw_html]aHR0cHMlM0ElMkYlMkZvcGVuLnNwb3RpZnkuY29tJTJGc2hvdyUyRjY2ZzlCc3N4RGlHcVg2cGQxUkRSR2M=[\/vc_raw_html][\/vc_column_inner][\/vc_row_inner][vc_empty_space empty_h=\u00a0\u00bb2&Prime;][vc_row_inner][vc_column_inner column_width_percent=\u00a0\u00bb65&Prime; position_horizontal=\u00a0\u00bbleft\u00a0\u00bb gutter_size=\u00a0\u00bb3&Prime; style=\u00a0\u00bblight\u00a0\u00bb overlay_alpha=\u00a0\u00bb50&Prime; shift_x=\u00a0\u00bb0&Prime; shift_y=\u00a0\u00bb0&Prime; shift_y_down=\u00a0\u00bb0&Prime; z_index=\u00a0\u00bb0&Prime; medium_width=\u00a0\u00bb0&Prime; mobile_width=\u00a0\u00bb0&Prime; width=\u00a0\u00bb1\/1&Prime;][vc_separator sep_color=\u00a0\u00bbcolor-jevc\u00a0\u00bb][vc_empty_space empty_h=\u00a0\u00bb2&Prime;][vc_column_text]<\/p>\n<p style=\"text-align: Justify;\"><em>Ouvrons la fen\u00eatre est une invitation pour tous ceux qui sont en qu\u00eate de connaissance, d\u2019ouverture d\u2019esprit, de compr\u00e9hension du monde en prenant son temps pour \u00e9couter des tranches de vie de personnalit\u00e9s, ou non, qui ont \u00e0 c\u0153ur de partager leur parcours.<\/em><\/p>\n<p><strong><em><a href=\"https:\/\/podcast.ausha.co\/ouvrons-la-fenetre\" target=\"_blank\" rel=\"noopener\"><i>SOPHIE NOUAILLE<\/i><\/a><\/em><\/strong>[\/vc_column_text][\/vc_column_inner][\/vc_row_inner][vc_empty_space empty_h=\u00a0\u00bb2&Prime;][vc_row_inner row_inner_height_percent=\u00a0\u00bb0&Prime; overlay_alpha=\u00a0\u00bb50&Prime; gutter_size=\u00a0\u00bb3&Prime; shift_y=\u00a0\u00bb0&Prime; z_index=\u00a0\u00bb0&Prime;][vc_column_inner column_width_percent=\u00a0\u00bb85&Prime; gutter_size=\u00a0\u00bb3&Prime; style=\u00a0\u00bblight\u00a0\u00bb overlay_alpha=\u00a0\u00bb50&Prime; shift_x=\u00a0\u00bb0&Prime; shift_y=\u00a0\u00bb0&Prime; shift_y_down=\u00a0\u00bb0&Prime; z_index=\u00a0\u00bb0&Prime; medium_width=\u00a0\u00bb0&Prime; mobile_width=\u00a0\u00bb0&Prime; width=\u00a0\u00bb1\/1&Prime;][vc_raw_html]JTNDaWZyYW1lJTIwZnJhbWVib3JkZXIlM0QlMjIwJTIyJTIwbG9hZGluZyUzRCUyMmxhenklMjIlMjBpZCUzRCUyMmF1c2hhLW5QbkwlMjIlMjBoZWlnaHQlM0QlMjIxODAlMjJzdHlsZSUzRCUyMmJvcmRlciUzQSUyMG5vbmUlM0IlMjB3aWR0aCUzQTEwMCUyNSUzQiUyMGhlaWdodCUzQTE4MHB4JTNCJTIyJTIwc3JjJTNEJTIyaHR0cHMlM0ElMkYlMkZwbGF5ZXIuYXVzaGEuY28lMkZpbmRleC5odG1sJTNGcG9kY2FzdElkJTNEb0xwT21GTktPbTE0JTI2cGxheWxpc3QlM0RmYWxzZSUyNmNvbG9yJTNEJTI1MjNmNWE2MjMlMjZ2JTNEMyUyNnBsYXllcklkJTNEYXVzaGEtblBuTCUyMiUzRSUzQyUyRmlmcmFtZSUzRSUzQ3NjcmlwdCUyMHNyYyUzRCUyMmh0dHBzJTNBJTJGJTJGcGxheWVyLmF1c2hhLmNvJTJGYXVzaGEtcGxheWVyLmpzJTIyJTNFJTNDJTJGc2NyaXB0JTNF[\/vc_raw_html][\/vc_column_inner][\/vc_row_inner][vc_empty_space empty_h=\u00a0\u00bb2&Prime;][\/vc_column][\/vc_row]<\/p>\n<\/div>","protected":false},"excerpt":{"rendered":"<p>[vc_row row_height_percent=\u00a0\u00bb61&Prime; back_color=\u00a0\u00bbcolor-wayh\u00a0\u00bb overlay_alpha=\u00a0\u00bb50&Prime; gutter_size=\u00a0\u00bb3&Prime; column_width_percent=\u00a0\u00bb100&Prime; shift_y=\u00a0\u00bb0&Prime; z_index=\u00a0\u00bb0&Prime;][vc_column width=\u00a0\u00bb1\/1&Prime;][uncode_slider slider_type=\u00a0\u00bbfade\u00a0\u00bb slider_interval=\u00a0\u00bb5000&Prime; slider_navspeed=\u00a0\u00bb400&Prime; slider_loop=\u00a0\u00bbyes\u00a0\u00bb][vc_row_inner row_inner_height_percent=\u00a0\u00bb0&Prime; back_image=\u00a0\u00bb84624&Prime; overlay_alpha=\u00a0\u00bb50&Prime; gutter_size=\u00a0\u00bb3&Prime; shift_y=\u00a0\u00bb0&Prime; z_index=\u00a0\u00bb0&Prime; uncode_shortcode_id=\u00a0\u00bb205869&Prime;][vc_column_inner [&hellip;]<\/p>\n","protected":false},"author":1,"featured_media":0,"parent":0,"menu_order":0,"comment_status":"closed","ping_status":"closed","template":"","meta":{"footnotes":""},"class_list":["post-24","page","type-page","status-publish","hentry"],"yoast_head":"<!-- This site is optimized with the Yoast SEO plugin v27.5 - https:\/\/yoast.com\/product\/yoast-seo-wordpress\/ -->\n<title>Une connexion entre art urbain, art abstrait et influences ethniques<\/title>\n<meta name=\"description\" content=\"Portail de l&#039;\u0153uvre de Romain Froquet, artiste qui s&#039;inspire de l&#039;art urbain et abstrait en y int\u00e9grant des influences ethniques.\" \/>\n<meta name=\"robots\" content=\"index, follow, max-snippet:-1, max-image-preview:large, max-video-preview:-1\" \/>\n<link rel=\"canonical\" href=\"https:\/\/romainfroquet.fr\/index.php\/home\/\" \/>\n<meta property=\"og:locale\" content=\"fr_FR\" \/>\n<meta property=\"og:type\" content=\"article\" \/>\n<meta property=\"og:title\" content=\"Une connexion entre art urbain, art abstrait et influences ethniques\" \/>\n<meta property=\"og:description\" content=\"Portail de l&#039;\u0153uvre de Romain Froquet, artiste qui s&#039;inspire de l&#039;art urbain et abstrait en y int\u00e9grant des influences ethniques.\" \/>\n<meta property=\"og:url\" content=\"https:\/\/romainfroquet.fr\/index.php\/home\/\" \/>\n<meta property=\"og:site_name\" content=\"Romain Froquet\" \/>\n<meta property=\"article:modified_time\" content=\"2025-01-31T08:35:16+00:00\" \/>\n<meta name=\"twitter:card\" content=\"summary_large_image\" \/>\n<meta name=\"twitter:label1\" content=\"Dur\u00e9e de lecture estim\u00e9e\" \/>\n\t<meta name=\"twitter:data1\" content=\"10 minutes\" \/>\n<script type=\"application\/ld+json\" class=\"yoast-schema-graph\">{\"@context\":\"https:\\\/\\\/schema.org\",\"@graph\":[{\"@type\":\"WebPage\",\"@id\":\"https:\\\/\\\/romainfroquet.fr\\\/index.php\\\/home\\\/\",\"url\":\"https:\\\/\\\/romainfroquet.fr\\\/index.php\\\/home\\\/\",\"name\":\"Une connexion entre art urbain, art abstrait et influences ethniques\",\"isPartOf\":{\"@id\":\"https:\\\/\\\/romainfroquet.fr\\\/#website\"},\"datePublished\":\"2020-07-02T14:17:18+00:00\",\"dateModified\":\"2025-01-31T08:35:16+00:00\",\"description\":\"Portail de l'\u0153uvre de Romain Froquet, artiste qui s'inspire de l'art urbain et abstrait en y int\u00e9grant des influences ethniques.\",\"breadcrumb\":{\"@id\":\"https:\\\/\\\/romainfroquet.fr\\\/index.php\\\/home\\\/#breadcrumb\"},\"inLanguage\":\"fr-FR\",\"potentialAction\":[{\"@type\":\"ReadAction\",\"target\":[\"https:\\\/\\\/romainfroquet.fr\\\/index.php\\\/home\\\/\"]}]},{\"@type\":\"BreadcrumbList\",\"@id\":\"https:\\\/\\\/romainfroquet.fr\\\/index.php\\\/home\\\/#breadcrumb\",\"itemListElement\":[{\"@type\":\"ListItem\",\"position\":1,\"name\":\"Accueil\",\"item\":\"https:\\\/\\\/romainfroquet.fr\\\/\"},{\"@type\":\"ListItem\",\"position\":2,\"name\":\"HOME\"}]},{\"@type\":\"WebSite\",\"@id\":\"https:\\\/\\\/romainfroquet.fr\\\/#website\",\"url\":\"https:\\\/\\\/romainfroquet.fr\\\/\",\"name\":\"Romain Froquet\",\"description\":\"est un artiste fran\u00e7ais, n\u00e9 \u00e0 Villeurbanne en 1982. Il vit et travaille \u00e0 Paris. Artiste autodidacte, sa carri\u00e8re artistique s&#039;\u00e9lance en l&#039;an 2000.\",\"publisher\":{\"@id\":\"https:\\\/\\\/romainfroquet.fr\\\/#organization\"},\"potentialAction\":[{\"@type\":\"SearchAction\",\"target\":{\"@type\":\"EntryPoint\",\"urlTemplate\":\"https:\\\/\\\/romainfroquet.fr\\\/?s={search_term_string}\"},\"query-input\":{\"@type\":\"PropertyValueSpecification\",\"valueRequired\":true,\"valueName\":\"search_term_string\"}}],\"inLanguage\":\"fr-FR\"},{\"@type\":\"Organization\",\"@id\":\"https:\\\/\\\/romainfroquet.fr\\\/#organization\",\"name\":\"Romain Froquet\",\"url\":\"https:\\\/\\\/romainfroquet.fr\\\/\",\"logo\":{\"@type\":\"ImageObject\",\"inLanguage\":\"fr-FR\",\"@id\":\"https:\\\/\\\/romainfroquet.fr\\\/#\\\/schema\\\/logo\\\/image\\\/\",\"url\":\"https:\\\/\\\/romainfroquet.fr\\\/wp-content\\\/uploads\\\/2025\\\/01\\\/Signature_rf_180.png\",\"contentUrl\":\"https:\\\/\\\/romainfroquet.fr\\\/wp-content\\\/uploads\\\/2025\\\/01\\\/Signature_rf_180.png\",\"width\":180,\"height\":76,\"caption\":\"Romain Froquet\"},\"image\":{\"@id\":\"https:\\\/\\\/romainfroquet.fr\\\/#\\\/schema\\\/logo\\\/image\\\/\"}}]}<\/script>\n<!-- \/ Yoast SEO plugin. -->","yoast_head_json":{"title":"Une connexion entre art urbain, art abstrait et influences ethniques","description":"Portail de l'\u0153uvre de Romain Froquet, artiste qui s'inspire de l'art urbain et abstrait en y int\u00e9grant des influences ethniques.","robots":{"index":"index","follow":"follow","max-snippet":"max-snippet:-1","max-image-preview":"max-image-preview:large","max-video-preview":"max-video-preview:-1"},"canonical":"https:\/\/romainfroquet.fr\/index.php\/home\/","og_locale":"fr_FR","og_type":"article","og_title":"Une connexion entre art urbain, art abstrait et influences ethniques","og_description":"Portail de l'\u0153uvre de Romain Froquet, artiste qui s'inspire de l'art urbain et abstrait en y int\u00e9grant des influences ethniques.","og_url":"https:\/\/romainfroquet.fr\/index.php\/home\/","og_site_name":"Romain Froquet","article_modified_time":"2025-01-31T08:35:16+00:00","twitter_card":"summary_large_image","twitter_misc":{"Dur\u00e9e de lecture estim\u00e9e":"10 minutes"},"schema":{"@context":"https:\/\/schema.org","@graph":[{"@type":"WebPage","@id":"https:\/\/romainfroquet.fr\/index.php\/home\/","url":"https:\/\/romainfroquet.fr\/index.php\/home\/","name":"Une connexion entre art urbain, art abstrait et influences ethniques","isPartOf":{"@id":"https:\/\/romainfroquet.fr\/#website"},"datePublished":"2020-07-02T14:17:18+00:00","dateModified":"2025-01-31T08:35:16+00:00","description":"Portail de l'\u0153uvre de Romain Froquet, artiste qui s'inspire de l'art urbain et abstrait en y int\u00e9grant des influences ethniques.","breadcrumb":{"@id":"https:\/\/romainfroquet.fr\/index.php\/home\/#breadcrumb"},"inLanguage":"fr-FR","potentialAction":[{"@type":"ReadAction","target":["https:\/\/romainfroquet.fr\/index.php\/home\/"]}]},{"@type":"BreadcrumbList","@id":"https:\/\/romainfroquet.fr\/index.php\/home\/#breadcrumb","itemListElement":[{"@type":"ListItem","position":1,"name":"Accueil","item":"https:\/\/romainfroquet.fr\/"},{"@type":"ListItem","position":2,"name":"HOME"}]},{"@type":"WebSite","@id":"https:\/\/romainfroquet.fr\/#website","url":"https:\/\/romainfroquet.fr\/","name":"Romain Froquet","description":"est un artiste fran\u00e7ais, n\u00e9 \u00e0 Villeurbanne en 1982. Il vit et travaille \u00e0 Paris. Artiste autodidacte, sa carri\u00e8re artistique s&#039;\u00e9lance en l&#039;an 2000.","publisher":{"@id":"https:\/\/romainfroquet.fr\/#organization"},"potentialAction":[{"@type":"SearchAction","target":{"@type":"EntryPoint","urlTemplate":"https:\/\/romainfroquet.fr\/?s={search_term_string}"},"query-input":{"@type":"PropertyValueSpecification","valueRequired":true,"valueName":"search_term_string"}}],"inLanguage":"fr-FR"},{"@type":"Organization","@id":"https:\/\/romainfroquet.fr\/#organization","name":"Romain Froquet","url":"https:\/\/romainfroquet.fr\/","logo":{"@type":"ImageObject","inLanguage":"fr-FR","@id":"https:\/\/romainfroquet.fr\/#\/schema\/logo\/image\/","url":"https:\/\/romainfroquet.fr\/wp-content\/uploads\/2025\/01\/Signature_rf_180.png","contentUrl":"https:\/\/romainfroquet.fr\/wp-content\/uploads\/2025\/01\/Signature_rf_180.png","width":180,"height":76,"caption":"Romain Froquet"},"image":{"@id":"https:\/\/romainfroquet.fr\/#\/schema\/logo\/image\/"}}]}},"_links":{"self":[{"href":"https:\/\/romainfroquet.fr\/index.php\/wp-json\/wp\/v2\/pages\/24","targetHints":{"allow":["GET"]}}],"collection":[{"href":"https:\/\/romainfroquet.fr\/index.php\/wp-json\/wp\/v2\/pages"}],"about":[{"href":"https:\/\/romainfroquet.fr\/index.php\/wp-json\/wp\/v2\/types\/page"}],"author":[{"embeddable":true,"href":"https:\/\/romainfroquet.fr\/index.php\/wp-json\/wp\/v2\/users\/1"}],"replies":[{"embeddable":true,"href":"https:\/\/romainfroquet.fr\/index.php\/wp-json\/wp\/v2\/comments?post=24"}],"version-history":[{"count":99,"href":"https:\/\/romainfroquet.fr\/index.php\/wp-json\/wp\/v2\/pages\/24\/revisions"}],"predecessor-version":[{"id":84654,"href":"https:\/\/romainfroquet.fr\/index.php\/wp-json\/wp\/v2\/pages\/24\/revisions\/84654"}],"wp:attachment":[{"href":"https:\/\/romainfroquet.fr\/index.php\/wp-json\/wp\/v2\/media?parent=24"}],"curies":[{"name":"wp","href":"https:\/\/api.w.org\/{rel}","templated":true}]}}