{"id":85647,"date":"2025-07-11T09:58:58","date_gmt":"2025-07-11T07:58:58","guid":{"rendered":"https:\/\/romainfroquet.fr\/?page_id=85647"},"modified":"2026-03-31T16:05:25","modified_gmt":"2026-03-31T14:05:25","slug":"tissage-urbain","status":"publish","type":"page","link":"https:\/\/romainfroquet.fr\/index.php\/projets-2\/tissage-urbain\/","title":{"rendered":"Tissage urbain"},"content":{"rendered":"\t\t<div data-elementor-type=\"wp-page\" data-elementor-id=\"85647\" class=\"elementor elementor-85647\" data-elementor-post-type=\"page\">\n\t\t\t\t<div class=\"elementor-element elementor-element-ff431a2 e-flex e-con-boxed e-con e-parent\" data-id=\"ff431a2\" data-element_type=\"container\" data-e-type=\"container\">\n\t\t\t\t\t<div class=\"e-con-inner\">\n\t\t\t\t<div class=\"elementor-element elementor-element-c7dccbf elementor-widget elementor-widget-spacer\" data-id=\"c7dccbf\" data-element_type=\"widget\" data-e-type=\"widget\" data-widget_type=\"spacer.default\">\n\t\t\t\t<div class=\"elementor-widget-container\">\n\t\t\t\t\t\t\t<div class=\"elementor-spacer\">\n\t\t\t<div class=\"elementor-spacer-inner\"><\/div>\n\t\t<\/div>\n\t\t\t\t\t\t<\/div>\n\t\t\t\t<\/div>\n\t\t\t\t\t<\/div>\n\t\t\t\t<\/div>\n\t\t<div class=\"elementor-element elementor-element-60a8e86b e-flex e-con-boxed e-con e-parent\" data-id=\"60a8e86b\" data-element_type=\"container\" data-e-type=\"container\">\n\t\t\t\t\t<div class=\"e-con-inner\">\n\t\t<div class=\"elementor-element elementor-element-2fe8fa14 e-con-full e-flex e-con e-child\" data-id=\"2fe8fa14\" data-element_type=\"container\" data-e-type=\"container\">\n\t\t\t\t<div class=\"elementor-element elementor-element-109b1219 elementor-widget elementor-widget-heading\" data-id=\"109b1219\" data-element_type=\"widget\" data-e-type=\"widget\" data-widget_type=\"heading.default\">\n\t\t\t\t<div class=\"elementor-widget-container\">\n\t\t\t\t\t<h2 class=\"elementor-heading-title elementor-size-default\">Tissage urbain<\/h2>\t\t\t\t<\/div>\n\t\t\t\t<\/div>\n\t\t\t\t<div class=\"elementor-element elementor-element-561e81cb elementor-widget elementor-widget-heading\" data-id=\"561e81cb\" data-element_type=\"widget\" data-e-type=\"widget\" data-widget_type=\"heading.default\">\n\t\t\t\t<div class=\"elementor-widget-container\">\n\t\t\t\t\t<h2 class=\"elementor-heading-title elementor-size-default\">2025 | Place Bellecour, Lyon<\/h2>\t\t\t\t<\/div>\n\t\t\t\t<\/div>\n\t\t\t\t<div class=\"elementor-element elementor-element-6e7d645b elementor-widget elementor-widget-text-editor\" data-id=\"6e7d645b\" data-element_type=\"widget\" data-e-type=\"widget\" data-widget_type=\"text-editor.default\">\n\t\t\t\t<div class=\"elementor-widget-container\">\n\t\t\t\t\t\t\t\t\t<div class=\"vc_custom_heading_wrap \"><div class=\"heading-text el-text\"><h5><b>Place Bellecour : un projet artistique et urbain port\u00e9 par ses habitants<\/b><\/h5><\/div><div class=\"clear\"><p>C\u2019est<strong> \u00e0 l\u2019initiative de ses habitants que la ville de Lyon a entrepris la transformation de la place Bellecour<\/strong>. Les Lyonnais ont saisi l\u2019opportunit\u00e9 du budget participatif pour exprimer leur d\u00e9sir de profiter davantage de ce lieu. Pourquoi ne pas y r\u00e9pondre en int\u00e9grant une \u0153uvre artistique ? Une installation qui orne cette place inscrite au patrimoine mondial de l\u2019UNESCO, tout en prot\u00e9geant ses usagers des rayons du soleil. Cette<strong> id\u00e9e a \u00e9t\u00e9 explor\u00e9e par Romain Froquet et l\u2019architecte Tristan Isra\u00ebl<\/strong> auxquels la mairie de Lyon a confi\u00e9 la conception.<\/p><\/div><\/div>\t\t\t\t\t\t\t\t<\/div>\n\t\t\t\t<\/div>\n\t\t\t\t<div class=\"elementor-element elementor-element-755f594b elementor-widget elementor-widget-htmega-toggle-addons\" data-id=\"755f594b\" data-element_type=\"widget\" data-e-type=\"widget\" data-widget_type=\"htmega-toggle-addons.default\">\n\t\t\t\t<div class=\"elementor-widget-container\">\n\t\t\t\t\t            <div class=\"htmega-toggle-area\" >\n                \n                <div class=\"htmega-toggle-content-755f594b\" style=\"display: none;\">\n                    <div class=\"htmega_custom_content\"><h6><b>Tissage urbain, un projet artistique qui s\u2019ancre dans le patrimoine et l\u2019environnement urbain de Lyon<\/b><\/h6><p>Depuis d\u00e9but juillet 2025, le projet est achev\u00e9 et vous pouvez contempler l\u2019installation dress\u00e9e sur la place Bellecour. Avec son <strong>caract\u00e8re cr\u00e9atif et audacieux<\/strong>, c\u2019est une \u0153uvre r\u00e9solument contemporaine. Mais elle fait \u00e9galement <strong>r\u00e9f\u00e9rence \u00e0 l\u2019identit\u00e9 et l\u2019histoire de Lyon<\/strong>, ville de la soie et des canuts. Les portiques \u00e9voquent d\u2019immenses m\u00e9tiers \u00e0 tisser tandis que les bandes de toiles align\u00e9es repr\u00e9sentent le geste de tissage.<\/p><p>L\u2019<strong>\u0153uvre se nomme Tissage urbain<\/strong>, un clin d\u2019\u0153il au patrimoine lyonnais mais aussi <strong>une \u00e9vocation du maillage de ce quartier<\/strong> qui bouillonne, avec la place Bellecour en son centre. Romain Froquet et Tristan Isra\u00ebl ne souhaitaient pas \u00e9riger une \u0153uvre monumentale imposante. Ils voulaient que<strong> le projet s\u2019int\u00e8gre \u00e0 son environnement urbain<\/strong> et tienne compte des usages des habitants. Les lignes form\u00e9es par les toiles suivent les flux des passants. Avec ce projet, Romain Froquet r\u00e9affirme sa d\u00e9marche d\u2019artiste en poursuivant son exploration des connexions et des liens.\u00a0 \u00a0 \u00a0 \u00a0 \u00a0<\/p><h6><b>Des entreprises locales associ\u00e9es au projet artistique de la place Bellecour<\/b><\/h6><p>L\u2019<strong>empreinte locale du projet Tissage urbain<\/strong> se traduit aussi par le choix des prestataires et des mat\u00e9riaux. La majorit\u00e9 d\u2019entre eux viennent de la R\u00e9gion Auvergne-Rh\u00f4ne-Alpes, notamment les toiles qui ont \u00e9t\u00e9 produites par l\u2019entreprise Serge Ferrari situ\u00e9es en Is\u00e8re. Elles ont \u00e9t\u00e9 s\u00e9lectionn\u00e9es pour leur r\u00e9sistance aux fortes rafales de vent, leur filtrage efficace des UV et leur capacit\u00e9 \u00e0 laisser circuler l\u2019air. Cela fait de cette installation <strong>une \u0153uvre qui allie esth\u00e9tique, durabilit\u00e9 et confort<\/strong>. Vous pourrez profiter ainsi longtemps de l\u2019ombre de ses toiles color\u00e9es. Sous celles teintes en bleu, vous b\u00e9n\u00e9ficiez m\u00eame d\u2019une fra\u00eecheur renforc\u00e9e gr\u00e2ce \u00e0 un syst\u00e8me de pulv\u00e9risation install\u00e9 au sol.<\/p><p>L\u2019<strong>\u0153uvre Tissage urbain restera implant\u00e9e sur la place Bellecour pendant 5 ans<\/strong>. L\u2019installation a cependant \u00e9t\u00e9 con\u00e7ue pour durer bien plus longtemps. Elle est d\u00e9montable et peut \u00eatre transf\u00e9r\u00e9e sur un autre lieu. En attendant, si vous habitez Lyon ou si vous vous y rendez en visite, vous avez tout le loisir d\u2019admirer l\u2019\u0153uvre et de profiter de ses bienfaits.<\/p><\/div>                <\/div>\n\n                <div class=\"htmega-toggle-button\">\n                    <a href=\"#\" class=\"togglebutton-755f594b normal_btn\">Lire la suite<\/a><a href=\"#\" class=\"togglebutton-755f594b opened_btn\">Fermer<\/a>                <\/div>\n\n            <\/div>\n\n            <script>\n                jQuery(document).ready(function($) {\n                    'use strict';\n                    $(\".togglebutton-755f594b\").on('click', function(){\n                        $(\".htmega-toggle-content-755f594b\").slideToggle('slow');\n                        $(this).removeAttr(\"href\");\n                        $(this).parent().toggleClass(\"open\");\n                    });\n                });\n            <\/script>\n        \t\t\t\t<\/div>\n\t\t\t\t<\/div>\n\t\t\t\t<\/div>\n\t\t<div class=\"elementor-element elementor-element-5395f972 e-con-full e-flex e-con e-child\" data-id=\"5395f972\" data-element_type=\"container\" data-e-type=\"container\">\n\t\t\t\t<div class=\"elementor-element elementor-element-38bd3791 elementor-widget elementor-widget-image\" data-id=\"38bd3791\" data-element_type=\"widget\" data-e-type=\"widget\" data-widget_type=\"image.default\">\n\t\t\t\t<div class=\"elementor-widget-container\">\n\t\t\t\t\t\t\t\t\t\t\t\t<figure class=\"wp-caption\">\n\t\t\t\t\t\t\t\t\t\t\t<a href=\"http:\/\/romainfroquet.fr\/wp-content\/uploads\/2025\/07\/RF_BELLECOUR__DSC5484_JPEG_300DPI\u00a9Jules-Hidrot_72dpi.jpg\" data-elementor-open-lightbox=\"yes\" data-e-action-hash=\"#elementor-action%3Aaction%3Dlightbox%26settings%3DeyJpZCI6ODU2NTMsInVybCI6Imh0dHBzOlwvXC9yb21haW5mcm9xdWV0LmZyXC93cC1jb250ZW50XC91cGxvYWRzXC8yMDI1XC8wN1wvUkZfQkVMTEVDT1VSX19EU0M1NDg0X0pQRUdfMzAwRFBJXHUwMGE5SnVsZXMtSGlkcm90XzcyZHBpLmpwZyJ9\">\n\t\t\t\t\t\t\t<img fetchpriority=\"high\" decoding=\"async\" width=\"840\" height=\"559\" src=\"https:\/\/romainfroquet.fr\/wp-content\/uploads\/2025\/07\/RF_BELLECOUR__DSC5484_JPEG_300DPI\u00a9Jules-Hidrot_72dpi-1024x682.jpg\" class=\"attachment-large size-large wp-image-85653\" alt=\"\" srcset=\"https:\/\/romainfroquet.fr\/wp-content\/uploads\/2025\/07\/RF_BELLECOUR__DSC5484_JPEG_300DPI\u00a9Jules-Hidrot_72dpi-1024x682.jpg 1024w, https:\/\/romainfroquet.fr\/wp-content\/uploads\/2025\/07\/RF_BELLECOUR__DSC5484_JPEG_300DPI\u00a9Jules-Hidrot_72dpi-300x200.jpg 300w, https:\/\/romainfroquet.fr\/wp-content\/uploads\/2025\/07\/RF_BELLECOUR__DSC5484_JPEG_300DPI\u00a9Jules-Hidrot_72dpi-768x512.jpg 768w, https:\/\/romainfroquet.fr\/wp-content\/uploads\/2025\/07\/RF_BELLECOUR__DSC5484_JPEG_300DPI\u00a9Jules-Hidrot_72dpi-1536x1024.jpg 1536w, https:\/\/romainfroquet.fr\/wp-content\/uploads\/2025\/07\/RF_BELLECOUR__DSC5484_JPEG_300DPI\u00a9Jules-Hidrot_72dpi-350x233.jpg 350w, https:\/\/romainfroquet.fr\/wp-content\/uploads\/2025\/07\/RF_BELLECOUR__DSC5484_JPEG_300DPI\u00a9Jules-Hidrot_72dpi.jpg 2000w\" sizes=\"(max-width: 840px) 100vw, 840px\" \/>\t\t\t\t\t\t\t\t<\/a>\n\t\t\t\t\t\t\t\t\t\t\t<figcaption class=\"widget-image-caption wp-caption-text\">\u00a9 Jules Hidrot<\/figcaption>\n\t\t\t\t\t\t\t\t\t\t<\/figure>\n\t\t\t\t\t\t\t\t\t<\/div>\n\t\t\t\t<\/div>\n\t\t\t\t<\/div>\n\t\t\t\t\t<\/div>\n\t\t\t\t<\/div>\n\t\t<div class=\"elementor-element elementor-element-d5809c6 e-flex e-con-boxed e-con e-parent\" data-id=\"d5809c6\" data-element_type=\"container\" data-e-type=\"container\">\n\t\t\t\t\t<div class=\"e-con-inner\">\n\t\t\t\t<div class=\"elementor-element elementor-element-a977f08 elementor-widget elementor-widget-spacer\" data-id=\"a977f08\" data-element_type=\"widget\" data-e-type=\"widget\" data-widget_type=\"spacer.default\">\n\t\t\t\t<div class=\"elementor-widget-container\">\n\t\t\t\t\t\t\t<div class=\"elementor-spacer\">\n\t\t\t<div class=\"elementor-spacer-inner\"><\/div>\n\t\t<\/div>\n\t\t\t\t\t\t<\/div>\n\t\t\t\t<\/div>\n\t\t\t\t\t<\/div>\n\t\t\t\t<\/div>\n\t\t<div class=\"elementor-element elementor-element-238ac3ba e-flex e-con-boxed e-con e-parent\" data-id=\"238ac3ba\" data-element_type=\"container\" data-e-type=\"container\">\n\t\t\t\t\t<div class=\"e-con-inner\">\n\t\t\t\t<div class=\"elementor-element elementor-element-7e25c555 elementor-widget elementor-widget-image\" data-id=\"7e25c555\" data-element_type=\"widget\" data-e-type=\"widget\" data-widget_type=\"image.default\">\n\t\t\t\t<div class=\"elementor-widget-container\">\n\t\t\t\t\t\t\t\t\t\t\t\t<figure class=\"wp-caption\">\n\t\t\t\t\t\t\t\t\t\t\t<a href=\"http:\/\/romainfroquet.fr\/wp-content\/uploads\/2025\/07\/2025_Tissage-Urbain-_Place-Bellecour-\u00a9-Michel-Djaoui_066_72dpi.jpg\" data-elementor-open-lightbox=\"yes\" data-e-action-hash=\"#elementor-action%3Aaction%3Dlightbox%26settings%3DeyJpZCI6ODU2NTIsInVybCI6Imh0dHBzOlwvXC9yb21haW5mcm9xdWV0LmZyXC93cC1jb250ZW50XC91cGxvYWRzXC8yMDI1XC8wN1wvMjAyNV9UaXNzYWdlLVVyYmFpbi1fUGxhY2UtQmVsbGVjb3VyLVx1MDBhOS1NaWNoZWwtRGphb3VpXzA2Nl83MmRwaS5qcGcifQ%3D%3D\">\n\t\t\t\t\t\t\t<img decoding=\"async\" width=\"2000\" height=\"1332\" src=\"https:\/\/romainfroquet.fr\/wp-content\/uploads\/2025\/07\/2025_Tissage-Urbain-_Place-Bellecour-\u00a9-Michel-Djaoui_066_72dpi.jpg\" class=\"attachment-full size-full wp-image-85652\" alt=\"Place Bellecour, Lyon : l&#039;installation tissage urbain vu du ciel.\" srcset=\"https:\/\/romainfroquet.fr\/wp-content\/uploads\/2025\/07\/2025_Tissage-Urbain-_Place-Bellecour-\u00a9-Michel-Djaoui_066_72dpi.jpg 2000w, https:\/\/romainfroquet.fr\/wp-content\/uploads\/2025\/07\/2025_Tissage-Urbain-_Place-Bellecour-\u00a9-Michel-Djaoui_066_72dpi-300x200.jpg 300w, https:\/\/romainfroquet.fr\/wp-content\/uploads\/2025\/07\/2025_Tissage-Urbain-_Place-Bellecour-\u00a9-Michel-Djaoui_066_72dpi-1024x682.jpg 1024w, https:\/\/romainfroquet.fr\/wp-content\/uploads\/2025\/07\/2025_Tissage-Urbain-_Place-Bellecour-\u00a9-Michel-Djaoui_066_72dpi-768x511.jpg 768w, https:\/\/romainfroquet.fr\/wp-content\/uploads\/2025\/07\/2025_Tissage-Urbain-_Place-Bellecour-\u00a9-Michel-Djaoui_066_72dpi-1536x1023.jpg 1536w, https:\/\/romainfroquet.fr\/wp-content\/uploads\/2025\/07\/2025_Tissage-Urbain-_Place-Bellecour-\u00a9-Michel-Djaoui_066_72dpi-350x233.jpg 350w\" sizes=\"(max-width: 2000px) 100vw, 2000px\" \/>\t\t\t\t\t\t\t\t<\/a>\n\t\t\t\t\t\t\t\t\t\t\t<figcaption class=\"widget-image-caption wp-caption-text\">\u00a9 Michel Djaoui<\/figcaption>\n\t\t\t\t\t\t\t\t\t\t<\/figure>\n\t\t\t\t\t\t\t\t\t<\/div>\n\t\t\t\t<\/div>\n\t\t\t\t<div class=\"elementor-element elementor-element-38e3b418 elementor-widget elementor-widget-image\" data-id=\"38e3b418\" data-element_type=\"widget\" data-e-type=\"widget\" data-widget_type=\"image.default\">\n\t\t\t\t<div class=\"elementor-widget-container\">\n\t\t\t\t\t\t\t\t\t\t\t\t<figure class=\"wp-caption\">\n\t\t\t\t\t\t\t\t\t\t\t<a href=\"http:\/\/romainfroquet.fr\/wp-content\/uploads\/2025\/07\/RF_BELLECOUR__DSC5585_JPEG_300DPI\u00a9Jules-Hidrot_72dpi.jpg\" data-elementor-open-lightbox=\"yes\" data-e-action-hash=\"#elementor-action%3Aaction%3Dlightbox%26settings%3DeyJpZCI6ODU2NTQsInVybCI6Imh0dHBzOlwvXC9yb21haW5mcm9xdWV0LmZyXC93cC1jb250ZW50XC91cGxvYWRzXC8yMDI1XC8wN1wvUkZfQkVMTEVDT1VSX19EU0M1NTg1X0pQRUdfMzAwRFBJXHUwMGE5SnVsZXMtSGlkcm90XzcyZHBpLmpwZyJ9\">\n\t\t\t\t\t\t\t<img decoding=\"async\" width=\"2000\" height=\"1333\" src=\"https:\/\/romainfroquet.fr\/wp-content\/uploads\/2025\/07\/RF_BELLECOUR__DSC5585_JPEG_300DPI\u00a9Jules-Hidrot_72dpi.jpg\" class=\"attachment-full size-full wp-image-85654\" alt=\"Tissage urbain : point de croisement entre les \u00e9l\u00e9ments portant les toiles vertes et bleues\" srcset=\"https:\/\/romainfroquet.fr\/wp-content\/uploads\/2025\/07\/RF_BELLECOUR__DSC5585_JPEG_300DPI\u00a9Jules-Hidrot_72dpi.jpg 2000w, https:\/\/romainfroquet.fr\/wp-content\/uploads\/2025\/07\/RF_BELLECOUR__DSC5585_JPEG_300DPI\u00a9Jules-Hidrot_72dpi-300x200.jpg 300w, https:\/\/romainfroquet.fr\/wp-content\/uploads\/2025\/07\/RF_BELLECOUR__DSC5585_JPEG_300DPI\u00a9Jules-Hidrot_72dpi-1024x682.jpg 1024w, https:\/\/romainfroquet.fr\/wp-content\/uploads\/2025\/07\/RF_BELLECOUR__DSC5585_JPEG_300DPI\u00a9Jules-Hidrot_72dpi-768x512.jpg 768w, https:\/\/romainfroquet.fr\/wp-content\/uploads\/2025\/07\/RF_BELLECOUR__DSC5585_JPEG_300DPI\u00a9Jules-Hidrot_72dpi-1536x1024.jpg 1536w, https:\/\/romainfroquet.fr\/wp-content\/uploads\/2025\/07\/RF_BELLECOUR__DSC5585_JPEG_300DPI\u00a9Jules-Hidrot_72dpi-350x233.jpg 350w\" sizes=\"(max-width: 2000px) 100vw, 2000px\" \/>\t\t\t\t\t\t\t\t<\/a>\n\t\t\t\t\t\t\t\t\t\t\t<figcaption class=\"widget-image-caption wp-caption-text\">\u00a9 Jules Hidrot<\/figcaption>\n\t\t\t\t\t\t\t\t\t\t<\/figure>\n\t\t\t\t\t\t\t\t\t<\/div>\n\t\t\t\t<\/div>\n\t\t\t\t\t<\/div>\n\t\t\t\t<\/div>\n\t\t<div class=\"elementor-element elementor-element-69377f4c e-flex e-con-boxed e-con e-parent\" data-id=\"69377f4c\" data-element_type=\"container\" data-e-type=\"container\">\n\t\t\t\t\t<div class=\"e-con-inner\">\n\t\t<div class=\"elementor-element elementor-element-3d2a061a e-con-full e-flex e-con e-child\" data-id=\"3d2a061a\" data-element_type=\"container\" data-e-type=\"container\">\n\t\t\t\t<div class=\"elementor-element elementor-element-5e2f6fe3 elementor-widget elementor-widget-image\" data-id=\"5e2f6fe3\" data-element_type=\"widget\" data-e-type=\"widget\" data-widget_type=\"image.default\">\n\t\t\t\t<div class=\"elementor-widget-container\">\n\t\t\t\t\t\t\t\t\t\t\t\t<figure class=\"wp-caption\">\n\t\t\t\t\t\t\t\t\t\t\t<a href=\"http:\/\/romainfroquet.fr\/wp-content\/uploads\/2025\/07\/RF_BELLECOUR__DSC5854_JPEG_300DPI\u00a9Jules-Hidrot_72dpi.jpg\" data-elementor-open-lightbox=\"yes\" data-e-action-hash=\"#elementor-action%3Aaction%3Dlightbox%26settings%3DeyJpZCI6ODU2NTUsInVybCI6Imh0dHBzOlwvXC9yb21haW5mcm9xdWV0LmZyXC93cC1jb250ZW50XC91cGxvYWRzXC8yMDI1XC8wN1wvUkZfQkVMTEVDT1VSX19EU0M1ODU0X0pQRUdfMzAwRFBJXHUwMGE5SnVsZXMtSGlkcm90XzcyZHBpLmpwZyJ9\">\n\t\t\t\t\t\t\t<img loading=\"lazy\" decoding=\"async\" width=\"1333\" height=\"2000\" src=\"https:\/\/romainfroquet.fr\/wp-content\/uploads\/2025\/07\/RF_BELLECOUR__DSC5854_JPEG_300DPI\u00a9Jules-Hidrot_72dpi.jpg\" class=\"attachment-full size-full wp-image-85655\" alt=\"Tissage urbain : vue sur les toiles ocre\" srcset=\"https:\/\/romainfroquet.fr\/wp-content\/uploads\/2025\/07\/RF_BELLECOUR__DSC5854_JPEG_300DPI\u00a9Jules-Hidrot_72dpi.jpg 1333w, https:\/\/romainfroquet.fr\/wp-content\/uploads\/2025\/07\/RF_BELLECOUR__DSC5854_JPEG_300DPI\u00a9Jules-Hidrot_72dpi-200x300.jpg 200w, https:\/\/romainfroquet.fr\/wp-content\/uploads\/2025\/07\/RF_BELLECOUR__DSC5854_JPEG_300DPI\u00a9Jules-Hidrot_72dpi-682x1024.jpg 682w, https:\/\/romainfroquet.fr\/wp-content\/uploads\/2025\/07\/RF_BELLECOUR__DSC5854_JPEG_300DPI\u00a9Jules-Hidrot_72dpi-768x1152.jpg 768w, https:\/\/romainfroquet.fr\/wp-content\/uploads\/2025\/07\/RF_BELLECOUR__DSC5854_JPEG_300DPI\u00a9Jules-Hidrot_72dpi-1024x1536.jpg 1024w, https:\/\/romainfroquet.fr\/wp-content\/uploads\/2025\/07\/RF_BELLECOUR__DSC5854_JPEG_300DPI\u00a9Jules-Hidrot_72dpi-350x525.jpg 350w\" sizes=\"(max-width: 1333px) 100vw, 1333px\" \/>\t\t\t\t\t\t\t\t<\/a>\n\t\t\t\t\t\t\t\t\t\t\t<figcaption class=\"widget-image-caption wp-caption-text\">\u00a9 Jules Hidrot<\/figcaption>\n\t\t\t\t\t\t\t\t\t\t<\/figure>\n\t\t\t\t\t\t\t\t\t<\/div>\n\t\t\t\t<\/div>\n\t\t\t\t<\/div>\n\t\t<div class=\"elementor-element elementor-element-51512833 e-con-full e-flex e-con e-child\" data-id=\"51512833\" data-element_type=\"container\" data-e-type=\"container\">\n\t\t\t\t<div class=\"elementor-element elementor-element-44c4c1a6 elementor-widget elementor-widget-image\" data-id=\"44c4c1a6\" data-element_type=\"widget\" data-e-type=\"widget\" data-widget_type=\"image.default\">\n\t\t\t\t<div class=\"elementor-widget-container\">\n\t\t\t\t\t\t\t\t\t\t\t\t<figure class=\"wp-caption\">\n\t\t\t\t\t\t\t\t\t\t\t<a href=\"http:\/\/romainfroquet.fr\/wp-content\/uploads\/2025\/07\/RF_BELLECOUR__DSC5873_JPEG_300DPI\u00a9Jules-Hidrot_72dpi.jpg\" data-elementor-open-lightbox=\"yes\" data-e-action-hash=\"#elementor-action%3Aaction%3Dlightbox%26settings%3DeyJpZCI6ODU2NTYsInVybCI6Imh0dHBzOlwvXC9yb21haW5mcm9xdWV0LmZyXC93cC1jb250ZW50XC91cGxvYWRzXC8yMDI1XC8wN1wvUkZfQkVMTEVDT1VSX19EU0M1ODczX0pQRUdfMzAwRFBJXHUwMGE5SnVsZXMtSGlkcm90XzcyZHBpLmpwZyJ9\">\n\t\t\t\t\t\t\t<img loading=\"lazy\" decoding=\"async\" width=\"1333\" height=\"2000\" src=\"https:\/\/romainfroquet.fr\/wp-content\/uploads\/2025\/07\/RF_BELLECOUR__DSC5873_JPEG_300DPI\u00a9Jules-Hidrot_72dpi.jpg\" class=\"attachment-full size-full wp-image-85656\" alt=\"Tissage urbain : vue sur les toiles bleues\" srcset=\"https:\/\/romainfroquet.fr\/wp-content\/uploads\/2025\/07\/RF_BELLECOUR__DSC5873_JPEG_300DPI\u00a9Jules-Hidrot_72dpi.jpg 1333w, https:\/\/romainfroquet.fr\/wp-content\/uploads\/2025\/07\/RF_BELLECOUR__DSC5873_JPEG_300DPI\u00a9Jules-Hidrot_72dpi-200x300.jpg 200w, https:\/\/romainfroquet.fr\/wp-content\/uploads\/2025\/07\/RF_BELLECOUR__DSC5873_JPEG_300DPI\u00a9Jules-Hidrot_72dpi-682x1024.jpg 682w, https:\/\/romainfroquet.fr\/wp-content\/uploads\/2025\/07\/RF_BELLECOUR__DSC5873_JPEG_300DPI\u00a9Jules-Hidrot_72dpi-768x1152.jpg 768w, https:\/\/romainfroquet.fr\/wp-content\/uploads\/2025\/07\/RF_BELLECOUR__DSC5873_JPEG_300DPI\u00a9Jules-Hidrot_72dpi-1024x1536.jpg 1024w, https:\/\/romainfroquet.fr\/wp-content\/uploads\/2025\/07\/RF_BELLECOUR__DSC5873_JPEG_300DPI\u00a9Jules-Hidrot_72dpi-350x525.jpg 350w\" sizes=\"(max-width: 1333px) 100vw, 1333px\" \/>\t\t\t\t\t\t\t\t<\/a>\n\t\t\t\t\t\t\t\t\t\t\t<figcaption class=\"widget-image-caption wp-caption-text\">\u00a9 Jules Hidrot<\/figcaption>\n\t\t\t\t\t\t\t\t\t\t<\/figure>\n\t\t\t\t\t\t\t\t\t<\/div>\n\t\t\t\t<\/div>\n\t\t\t\t<\/div>\n\t\t\t\t\t<\/div>\n\t\t\t\t<\/div>\n\t\t<div class=\"elementor-element elementor-element-67b73c3e e-flex e-con-boxed e-con e-parent\" data-id=\"67b73c3e\" data-element_type=\"container\" data-e-type=\"container\">\n\t\t\t\t\t<div class=\"e-con-inner\">\n\t\t\t\t<div class=\"elementor-element elementor-element-53cd6f7 elementor-widget elementor-widget-image\" data-id=\"53cd6f7\" data-element_type=\"widget\" data-e-type=\"widget\" data-widget_type=\"image.default\">\n\t\t\t\t<div class=\"elementor-widget-container\">\n\t\t\t\t\t\t\t\t\t\t\t\t<figure class=\"wp-caption\">\n\t\t\t\t\t\t\t\t\t\t\t<a href=\"http:\/\/romainfroquet.fr\/wp-content\/uploads\/2025\/07\/1_PAGE-ACCUEIL_RF_BELLECOUR_DJI_20250705103124_0083_D_MAVIC41\u00a9Ville-de-Lyon_Stephanie-Coponat_Garage-production_JPEG_300DPI_72dpi-1.jpg\" data-elementor-open-lightbox=\"yes\" data-e-action-hash=\"#elementor-action%3Aaction%3Dlightbox%26settings%3DeyJpZCI6ODU2NjUsInVybCI6Imh0dHBzOlwvXC9yb21haW5mcm9xdWV0LmZyXC93cC1jb250ZW50XC91cGxvYWRzXC8yMDI1XC8wN1wvMV9QQUdFLUFDQ1VFSUxfUkZfQkVMTEVDT1VSX0RKSV8yMDI1MDcwNTEwMzEyNF8wMDgzX0RfTUFWSUM0MVx1MDBhOVZpbGxlLWRlLUx5b25fU3RlcGhhbmllLUNvcG9uYXRfR2FyYWdlLXByb2R1Y3Rpb25fSlBFR18zMDBEUElfNzJkcGktMS5qcGcifQ%3D%3D\">\n\t\t\t\t\t\t\t<img loading=\"lazy\" decoding=\"async\" width=\"2000\" height=\"1125\" src=\"https:\/\/romainfroquet.fr\/wp-content\/uploads\/2025\/07\/1_PAGE-ACCUEIL_RF_BELLECOUR_DJI_20250705103124_0083_D_MAVIC41\u00a9Ville-de-Lyon_Stephanie-Coponat_Garage-production_JPEG_300DPI_72dpi-1.jpg\" class=\"attachment-full size-full wp-image-85665\" alt=\"Place Bellecour, Lyon : vue plongeante sur l&#039;\u0153uvre Tissage urbain\" srcset=\"https:\/\/romainfroquet.fr\/wp-content\/uploads\/2025\/07\/1_PAGE-ACCUEIL_RF_BELLECOUR_DJI_20250705103124_0083_D_MAVIC41\u00a9Ville-de-Lyon_Stephanie-Coponat_Garage-production_JPEG_300DPI_72dpi-1.jpg 2000w, https:\/\/romainfroquet.fr\/wp-content\/uploads\/2025\/07\/1_PAGE-ACCUEIL_RF_BELLECOUR_DJI_20250705103124_0083_D_MAVIC41\u00a9Ville-de-Lyon_Stephanie-Coponat_Garage-production_JPEG_300DPI_72dpi-1-300x169.jpg 300w, https:\/\/romainfroquet.fr\/wp-content\/uploads\/2025\/07\/1_PAGE-ACCUEIL_RF_BELLECOUR_DJI_20250705103124_0083_D_MAVIC41\u00a9Ville-de-Lyon_Stephanie-Coponat_Garage-production_JPEG_300DPI_72dpi-1-1024x576.jpg 1024w, https:\/\/romainfroquet.fr\/wp-content\/uploads\/2025\/07\/1_PAGE-ACCUEIL_RF_BELLECOUR_DJI_20250705103124_0083_D_MAVIC41\u00a9Ville-de-Lyon_Stephanie-Coponat_Garage-production_JPEG_300DPI_72dpi-1-768x432.jpg 768w, https:\/\/romainfroquet.fr\/wp-content\/uploads\/2025\/07\/1_PAGE-ACCUEIL_RF_BELLECOUR_DJI_20250705103124_0083_D_MAVIC41\u00a9Ville-de-Lyon_Stephanie-Coponat_Garage-production_JPEG_300DPI_72dpi-1-1536x864.jpg 1536w, https:\/\/romainfroquet.fr\/wp-content\/uploads\/2025\/07\/1_PAGE-ACCUEIL_RF_BELLECOUR_DJI_20250705103124_0083_D_MAVIC41\u00a9Ville-de-Lyon_Stephanie-Coponat_Garage-production_JPEG_300DPI_72dpi-1-350x197.jpg 350w\" sizes=\"(max-width: 2000px) 100vw, 2000px\" \/>\t\t\t\t\t\t\t\t<\/a>\n\t\t\t\t\t\t\t\t\t\t\t<figcaption class=\"widget-image-caption wp-caption-text\">\u00a9 St\u00e9phanie Coponat<\/figcaption>\n\t\t\t\t\t\t\t\t\t\t<\/figure>\n\t\t\t\t\t\t\t\t\t<\/div>\n\t\t\t\t<\/div>\n\t\t\t\t<div class=\"elementor-element elementor-element-ba557b2 elementor-widget elementor-widget-image\" data-id=\"ba557b2\" data-element_type=\"widget\" data-e-type=\"widget\" data-widget_type=\"image.default\">\n\t\t\t\t<div class=\"elementor-widget-container\">\n\t\t\t\t\t\t\t\t\t\t\t\t<figure class=\"wp-caption\">\n\t\t\t\t\t\t\t\t\t\t\t<a href=\"http:\/\/romainfroquet.fr\/wp-content\/uploads\/2025\/07\/2025_Tissage-Urbain-_Place-Bellecour-\u00a9-Michel-Djaoui_262_72dpi.jpg\" data-elementor-open-lightbox=\"yes\" data-e-action-hash=\"#elementor-action%3Aaction%3Dlightbox%26settings%3DeyJpZCI6ODU2NTcsInVybCI6Imh0dHBzOlwvXC9yb21haW5mcm9xdWV0LmZyXC93cC1jb250ZW50XC91cGxvYWRzXC8yMDI1XC8wN1wvMjAyNV9UaXNzYWdlLVVyYmFpbi1fUGxhY2UtQmVsbGVjb3VyLVx1MDBhOS1NaWNoZWwtRGphb3VpXzI2Ml83MmRwaS5qcGcifQ%3D%3D\">\n\t\t\t\t\t\t\t<img loading=\"lazy\" decoding=\"async\" width=\"2000\" height=\"1332\" src=\"https:\/\/romainfroquet.fr\/wp-content\/uploads\/2025\/07\/2025_Tissage-Urbain-_Place-Bellecour-\u00a9-Michel-Djaoui_262_72dpi.jpg\" class=\"attachment-full size-full wp-image-85657\" alt=\"Vue du haut de Tissage urbain, \u00e0 la tomb\u00e9e de la nuit. Croisement entre les toiles vertes et bleues.\" srcset=\"https:\/\/romainfroquet.fr\/wp-content\/uploads\/2025\/07\/2025_Tissage-Urbain-_Place-Bellecour-\u00a9-Michel-Djaoui_262_72dpi.jpg 2000w, https:\/\/romainfroquet.fr\/wp-content\/uploads\/2025\/07\/2025_Tissage-Urbain-_Place-Bellecour-\u00a9-Michel-Djaoui_262_72dpi-300x200.jpg 300w, https:\/\/romainfroquet.fr\/wp-content\/uploads\/2025\/07\/2025_Tissage-Urbain-_Place-Bellecour-\u00a9-Michel-Djaoui_262_72dpi-1024x682.jpg 1024w, https:\/\/romainfroquet.fr\/wp-content\/uploads\/2025\/07\/2025_Tissage-Urbain-_Place-Bellecour-\u00a9-Michel-Djaoui_262_72dpi-768x511.jpg 768w, https:\/\/romainfroquet.fr\/wp-content\/uploads\/2025\/07\/2025_Tissage-Urbain-_Place-Bellecour-\u00a9-Michel-Djaoui_262_72dpi-1536x1023.jpg 1536w, https:\/\/romainfroquet.fr\/wp-content\/uploads\/2025\/07\/2025_Tissage-Urbain-_Place-Bellecour-\u00a9-Michel-Djaoui_262_72dpi-350x233.jpg 350w\" sizes=\"(max-width: 2000px) 100vw, 2000px\" \/>\t\t\t\t\t\t\t\t<\/a>\n\t\t\t\t\t\t\t\t\t\t\t<figcaption class=\"widget-image-caption wp-caption-text\">\u00a9 Michel Djaoui<\/figcaption>\n\t\t\t\t\t\t\t\t\t\t<\/figure>\n\t\t\t\t\t\t\t\t\t<\/div>\n\t\t\t\t<\/div>\n\t\t\t\t\t<\/div>\n\t\t\t\t<\/div>\n\t\t<div class=\"elementor-element elementor-element-f610893 e-flex e-con-boxed e-con e-parent\" data-id=\"f610893\" data-element_type=\"container\" data-e-type=\"container\">\n\t\t\t\t\t<div class=\"e-con-inner\">\n\t\t<div class=\"elementor-element elementor-element-7b866c6 e-con-full e-flex e-con e-child\" data-id=\"7b866c6\" data-element_type=\"container\" data-e-type=\"container\">\n\t\t\t\t<div class=\"elementor-element elementor-element-168dc25 elementor-widget elementor-widget-image\" data-id=\"168dc25\" data-element_type=\"widget\" data-e-type=\"widget\" data-widget_type=\"image.default\">\n\t\t\t\t<div class=\"elementor-widget-container\">\n\t\t\t\t\t\t\t\t\t\t\t\t<figure class=\"wp-caption\">\n\t\t\t\t\t\t\t\t\t\t\t<a href=\"http:\/\/romainfroquet.fr\/wp-content\/uploads\/2025\/07\/RF_BELLECOUR_DJI_20250705115458_0158_D_MAVIC41_JPEG_300DPI\u00a9Ville-de-Lyon_Stephanie-Coponat_Garage-production_72dpi.jpg\" data-elementor-open-lightbox=\"yes\" data-e-action-hash=\"#elementor-action%3Aaction%3Dlightbox%26settings%3DeyJpZCI6ODU2NTksInVybCI6Imh0dHBzOlwvXC9yb21haW5mcm9xdWV0LmZyXC93cC1jb250ZW50XC91cGxvYWRzXC8yMDI1XC8wN1wvUkZfQkVMTEVDT1VSX0RKSV8yMDI1MDcwNTExNTQ1OF8wMTU4X0RfTUFWSUM0MV9KUEVHXzMwMERQSVx1MDBhOVZpbGxlLWRlLUx5b25fU3RlcGhhbmllLUNvcG9uYXRfR2FyYWdlLXByb2R1Y3Rpb25fNzJkcGkuanBnIn0%3D\">\n\t\t\t\t\t\t\t<img loading=\"lazy\" decoding=\"async\" width=\"2000\" height=\"1125\" src=\"https:\/\/romainfroquet.fr\/wp-content\/uploads\/2025\/07\/RF_BELLECOUR_DJI_20250705115458_0158_D_MAVIC41_JPEG_300DPI\u00a9Ville-de-Lyon_Stephanie-Coponat_Garage-production_72dpi.jpg\" class=\"attachment-full size-full wp-image-85659\" alt=\"\" srcset=\"https:\/\/romainfroquet.fr\/wp-content\/uploads\/2025\/07\/RF_BELLECOUR_DJI_20250705115458_0158_D_MAVIC41_JPEG_300DPI\u00a9Ville-de-Lyon_Stephanie-Coponat_Garage-production_72dpi.jpg 2000w, https:\/\/romainfroquet.fr\/wp-content\/uploads\/2025\/07\/RF_BELLECOUR_DJI_20250705115458_0158_D_MAVIC41_JPEG_300DPI\u00a9Ville-de-Lyon_Stephanie-Coponat_Garage-production_72dpi-300x169.jpg 300w, https:\/\/romainfroquet.fr\/wp-content\/uploads\/2025\/07\/RF_BELLECOUR_DJI_20250705115458_0158_D_MAVIC41_JPEG_300DPI\u00a9Ville-de-Lyon_Stephanie-Coponat_Garage-production_72dpi-1024x576.jpg 1024w, https:\/\/romainfroquet.fr\/wp-content\/uploads\/2025\/07\/RF_BELLECOUR_DJI_20250705115458_0158_D_MAVIC41_JPEG_300DPI\u00a9Ville-de-Lyon_Stephanie-Coponat_Garage-production_72dpi-768x432.jpg 768w, https:\/\/romainfroquet.fr\/wp-content\/uploads\/2025\/07\/RF_BELLECOUR_DJI_20250705115458_0158_D_MAVIC41_JPEG_300DPI\u00a9Ville-de-Lyon_Stephanie-Coponat_Garage-production_72dpi-1536x864.jpg 1536w, https:\/\/romainfroquet.fr\/wp-content\/uploads\/2025\/07\/RF_BELLECOUR_DJI_20250705115458_0158_D_MAVIC41_JPEG_300DPI\u00a9Ville-de-Lyon_Stephanie-Coponat_Garage-production_72dpi-350x197.jpg 350w\" sizes=\"(max-width: 2000px) 100vw, 2000px\" \/>\t\t\t\t\t\t\t\t<\/a>\n\t\t\t\t\t\t\t\t\t\t\t<figcaption class=\"widget-image-caption wp-caption-text\">\u00a9 St\u00e9phanie Coponat<\/figcaption>\n\t\t\t\t\t\t\t\t\t\t<\/figure>\n\t\t\t\t\t\t\t\t\t<\/div>\n\t\t\t\t<\/div>\n\t\t\t\t<\/div>\n\t\t<div class=\"elementor-element elementor-element-e0f7c1c e-con-full e-flex e-con e-child\" data-id=\"e0f7c1c\" data-element_type=\"container\" data-e-type=\"container\">\n\t\t\t\t<div class=\"elementor-element elementor-element-a3e305e elementor-widget elementor-widget-image\" data-id=\"a3e305e\" data-element_type=\"widget\" data-e-type=\"widget\" data-widget_type=\"image.default\">\n\t\t\t\t<div class=\"elementor-widget-container\">\n\t\t\t\t\t\t\t\t\t\t\t\t<figure class=\"wp-caption\">\n\t\t\t\t\t\t\t\t\t\t\t<a href=\"http:\/\/romainfroquet.fr\/wp-content\/uploads\/2025\/07\/RF_BELLECOUR_DJI_20250705121542_0170_D_MAVIC41_JPEG_300DPI\u00a9Ville-de-Lyon_Stephanie-Coponat_Garage-production_72dpi.jpg\" data-elementor-open-lightbox=\"yes\" data-e-action-hash=\"#elementor-action%3Aaction%3Dlightbox%26settings%3DeyJpZCI6ODU2NjAsInVybCI6Imh0dHBzOlwvXC9yb21haW5mcm9xdWV0LmZyXC93cC1jb250ZW50XC91cGxvYWRzXC8yMDI1XC8wN1wvUkZfQkVMTEVDT1VSX0RKSV8yMDI1MDcwNTEyMTU0Ml8wMTcwX0RfTUFWSUM0MV9KUEVHXzMwMERQSVx1MDBhOVZpbGxlLWRlLUx5b25fU3RlcGhhbmllLUNvcG9uYXRfR2FyYWdlLXByb2R1Y3Rpb25fNzJkcGkuanBnIn0%3D\">\n\t\t\t\t\t\t\t<img loading=\"lazy\" decoding=\"async\" width=\"2000\" height=\"1125\" src=\"https:\/\/romainfroquet.fr\/wp-content\/uploads\/2025\/07\/RF_BELLECOUR_DJI_20250705121542_0170_D_MAVIC41_JPEG_300DPI\u00a9Ville-de-Lyon_Stephanie-Coponat_Garage-production_72dpi.jpg\" class=\"attachment-full size-full wp-image-85660\" alt=\"\" srcset=\"https:\/\/romainfroquet.fr\/wp-content\/uploads\/2025\/07\/RF_BELLECOUR_DJI_20250705121542_0170_D_MAVIC41_JPEG_300DPI\u00a9Ville-de-Lyon_Stephanie-Coponat_Garage-production_72dpi.jpg 2000w, https:\/\/romainfroquet.fr\/wp-content\/uploads\/2025\/07\/RF_BELLECOUR_DJI_20250705121542_0170_D_MAVIC41_JPEG_300DPI\u00a9Ville-de-Lyon_Stephanie-Coponat_Garage-production_72dpi-300x169.jpg 300w, https:\/\/romainfroquet.fr\/wp-content\/uploads\/2025\/07\/RF_BELLECOUR_DJI_20250705121542_0170_D_MAVIC41_JPEG_300DPI\u00a9Ville-de-Lyon_Stephanie-Coponat_Garage-production_72dpi-1024x576.jpg 1024w, https:\/\/romainfroquet.fr\/wp-content\/uploads\/2025\/07\/RF_BELLECOUR_DJI_20250705121542_0170_D_MAVIC41_JPEG_300DPI\u00a9Ville-de-Lyon_Stephanie-Coponat_Garage-production_72dpi-768x432.jpg 768w, https:\/\/romainfroquet.fr\/wp-content\/uploads\/2025\/07\/RF_BELLECOUR_DJI_20250705121542_0170_D_MAVIC41_JPEG_300DPI\u00a9Ville-de-Lyon_Stephanie-Coponat_Garage-production_72dpi-1536x864.jpg 1536w, https:\/\/romainfroquet.fr\/wp-content\/uploads\/2025\/07\/RF_BELLECOUR_DJI_20250705121542_0170_D_MAVIC41_JPEG_300DPI\u00a9Ville-de-Lyon_Stephanie-Coponat_Garage-production_72dpi-350x197.jpg 350w\" sizes=\"(max-width: 2000px) 100vw, 2000px\" \/>\t\t\t\t\t\t\t\t<\/a>\n\t\t\t\t\t\t\t\t\t\t\t<figcaption class=\"widget-image-caption wp-caption-text\">\u00a9 St\u00e9phanie Coponat<\/figcaption>\n\t\t\t\t\t\t\t\t\t\t<\/figure>\n\t\t\t\t\t\t\t\t\t<\/div>\n\t\t\t\t<\/div>\n\t\t\t\t<\/div>\n\t\t\t\t\t<\/div>\n\t\t\t\t<\/div>\n\t\t<div class=\"elementor-element elementor-element-a7a641e e-flex e-con-boxed e-con e-parent\" data-id=\"a7a641e\" data-element_type=\"container\" data-e-type=\"container\">\n\t\t\t\t\t<div class=\"e-con-inner\">\n\t\t\t\t<div class=\"elementor-element elementor-element-ef721ab elementor-widget elementor-widget-image\" data-id=\"ef721ab\" data-element_type=\"widget\" data-e-type=\"widget\" data-widget_type=\"image.default\">\n\t\t\t\t<div class=\"elementor-widget-container\">\n\t\t\t\t\t\t\t\t\t\t\t\t<figure class=\"wp-caption\">\n\t\t\t\t\t\t\t\t\t\t\t<a href=\"http:\/\/romainfroquet.fr\/wp-content\/uploads\/2025\/07\/RF_BELLECOUR_DJI_20250705112053_0140_D_MAVIC41_JPEG_300DPI\u00a9Ville-de-Lyon_Stephanie-Coponat_Garage-production_72dpi.jpg\" data-elementor-open-lightbox=\"yes\" data-e-action-hash=\"#elementor-action%3Aaction%3Dlightbox%26settings%3DeyJpZCI6ODU2NjEsInVybCI6Imh0dHBzOlwvXC9yb21haW5mcm9xdWV0LmZyXC93cC1jb250ZW50XC91cGxvYWRzXC8yMDI1XC8wN1wvUkZfQkVMTEVDT1VSX0RKSV8yMDI1MDcwNTExMjA1M18wMTQwX0RfTUFWSUM0MV9KUEVHXzMwMERQSVx1MDBhOVZpbGxlLWRlLUx5b25fU3RlcGhhbmllLUNvcG9uYXRfR2FyYWdlLXByb2R1Y3Rpb25fNzJkcGkuanBnIn0%3D\">\n\t\t\t\t\t\t\t<img loading=\"lazy\" decoding=\"async\" width=\"2000\" height=\"1125\" src=\"https:\/\/romainfroquet.fr\/wp-content\/uploads\/2025\/07\/RF_BELLECOUR_DJI_20250705112053_0140_D_MAVIC41_JPEG_300DPI\u00a9Ville-de-Lyon_Stephanie-Coponat_Garage-production_72dpi.jpg\" class=\"attachment-full size-full wp-image-85661\" alt=\"Vue plongeante sur l&#039;\u0153uvre Tissage urbain et la statue de Louis XIV, place Bellecour\" srcset=\"https:\/\/romainfroquet.fr\/wp-content\/uploads\/2025\/07\/RF_BELLECOUR_DJI_20250705112053_0140_D_MAVIC41_JPEG_300DPI\u00a9Ville-de-Lyon_Stephanie-Coponat_Garage-production_72dpi.jpg 2000w, https:\/\/romainfroquet.fr\/wp-content\/uploads\/2025\/07\/RF_BELLECOUR_DJI_20250705112053_0140_D_MAVIC41_JPEG_300DPI\u00a9Ville-de-Lyon_Stephanie-Coponat_Garage-production_72dpi-300x169.jpg 300w, https:\/\/romainfroquet.fr\/wp-content\/uploads\/2025\/07\/RF_BELLECOUR_DJI_20250705112053_0140_D_MAVIC41_JPEG_300DPI\u00a9Ville-de-Lyon_Stephanie-Coponat_Garage-production_72dpi-1024x576.jpg 1024w, https:\/\/romainfroquet.fr\/wp-content\/uploads\/2025\/07\/RF_BELLECOUR_DJI_20250705112053_0140_D_MAVIC41_JPEG_300DPI\u00a9Ville-de-Lyon_Stephanie-Coponat_Garage-production_72dpi-768x432.jpg 768w, https:\/\/romainfroquet.fr\/wp-content\/uploads\/2025\/07\/RF_BELLECOUR_DJI_20250705112053_0140_D_MAVIC41_JPEG_300DPI\u00a9Ville-de-Lyon_Stephanie-Coponat_Garage-production_72dpi-1536x864.jpg 1536w, https:\/\/romainfroquet.fr\/wp-content\/uploads\/2025\/07\/RF_BELLECOUR_DJI_20250705112053_0140_D_MAVIC41_JPEG_300DPI\u00a9Ville-de-Lyon_Stephanie-Coponat_Garage-production_72dpi-350x197.jpg 350w\" sizes=\"(max-width: 2000px) 100vw, 2000px\" \/>\t\t\t\t\t\t\t\t<\/a>\n\t\t\t\t\t\t\t\t\t\t\t<figcaption class=\"widget-image-caption wp-caption-text\">\u00a9 St\u00e9phanie Coponat<\/figcaption>\n\t\t\t\t\t\t\t\t\t\t<\/figure>\n\t\t\t\t\t\t\t\t\t<\/div>\n\t\t\t\t<\/div>\n\t\t\t\t\t<\/div>\n\t\t\t\t<\/div>\n\t\t<div class=\"elementor-element elementor-element-c917b66 e-flex e-con-boxed e-con e-parent\" data-id=\"c917b66\" data-element_type=\"container\" data-e-type=\"container\">\n\t\t\t\t\t<div class=\"e-con-inner\">\n\t\t<div class=\"elementor-element elementor-element-7007f9b e-con-full e-flex e-con e-child\" data-id=\"7007f9b\" data-element_type=\"container\" data-e-type=\"container\">\n\t\t\t\t<div class=\"elementor-element elementor-element-f5df330 elementor-widget elementor-widget-image\" data-id=\"f5df330\" data-element_type=\"widget\" data-e-type=\"widget\" data-widget_type=\"image.default\">\n\t\t\t\t<div class=\"elementor-widget-container\">\n\t\t\t\t\t\t\t\t\t\t\t\t<figure class=\"wp-caption\">\n\t\t\t\t\t\t\t\t\t\t\t<a href=\"http:\/\/romainfroquet.fr\/wp-content\/uploads\/2025\/07\/RF_BELLECOUR__DSC5306_JPEG_300DPI\u00a9Jules-Hidrot_72dpi-1.jpg\" data-elementor-open-lightbox=\"yes\" data-e-action-hash=\"#elementor-action%3Aaction%3Dlightbox%26settings%3DeyJpZCI6ODU2NjYsInVybCI6Imh0dHBzOlwvXC9yb21haW5mcm9xdWV0LmZyXC93cC1jb250ZW50XC91cGxvYWRzXC8yMDI1XC8wN1wvUkZfQkVMTEVDT1VSX19EU0M1MzA2X0pQRUdfMzAwRFBJXHUwMGE5SnVsZXMtSGlkcm90XzcyZHBpLTEuanBnIn0%3D\">\n\t\t\t\t\t\t\t<img loading=\"lazy\" decoding=\"async\" width=\"840\" height=\"559\" src=\"https:\/\/romainfroquet.fr\/wp-content\/uploads\/2025\/07\/RF_BELLECOUR__DSC5306_JPEG_300DPI\u00a9Jules-Hidrot_72dpi-1-1024x682.jpg\" class=\"attachment-large size-large wp-image-85666\" alt=\"Tissage urbain, place Bellecour \u00e0 Lyon : au premier plan, les portiques soutenant les toiles.\" srcset=\"https:\/\/romainfroquet.fr\/wp-content\/uploads\/2025\/07\/RF_BELLECOUR__DSC5306_JPEG_300DPI\u00a9Jules-Hidrot_72dpi-1-1024x682.jpg 1024w, https:\/\/romainfroquet.fr\/wp-content\/uploads\/2025\/07\/RF_BELLECOUR__DSC5306_JPEG_300DPI\u00a9Jules-Hidrot_72dpi-1-300x200.jpg 300w, https:\/\/romainfroquet.fr\/wp-content\/uploads\/2025\/07\/RF_BELLECOUR__DSC5306_JPEG_300DPI\u00a9Jules-Hidrot_72dpi-1-768x512.jpg 768w, https:\/\/romainfroquet.fr\/wp-content\/uploads\/2025\/07\/RF_BELLECOUR__DSC5306_JPEG_300DPI\u00a9Jules-Hidrot_72dpi-1-1536x1024.jpg 1536w, https:\/\/romainfroquet.fr\/wp-content\/uploads\/2025\/07\/RF_BELLECOUR__DSC5306_JPEG_300DPI\u00a9Jules-Hidrot_72dpi-1-350x233.jpg 350w, https:\/\/romainfroquet.fr\/wp-content\/uploads\/2025\/07\/RF_BELLECOUR__DSC5306_JPEG_300DPI\u00a9Jules-Hidrot_72dpi-1.jpg 2000w\" sizes=\"(max-width: 840px) 100vw, 840px\" \/>\t\t\t\t\t\t\t\t<\/a>\n\t\t\t\t\t\t\t\t\t\t\t<figcaption class=\"widget-image-caption wp-caption-text\">\u00a9 Jules Hidrot<\/figcaption>\n\t\t\t\t\t\t\t\t\t\t<\/figure>\n\t\t\t\t\t\t\t\t\t<\/div>\n\t\t\t\t<\/div>\n\t\t\t\t<\/div>\n\t\t<div class=\"elementor-element elementor-element-6025859 e-con-full e-flex e-con e-child\" data-id=\"6025859\" data-element_type=\"container\" data-e-type=\"container\">\n\t\t\t\t<div class=\"elementor-element elementor-element-e333e9a elementor-widget elementor-widget-image\" data-id=\"e333e9a\" data-element_type=\"widget\" data-e-type=\"widget\" data-widget_type=\"image.default\">\n\t\t\t\t<div class=\"elementor-widget-container\">\n\t\t\t\t\t\t\t\t\t\t\t\t<figure class=\"wp-caption\">\n\t\t\t\t\t\t\t\t\t\t\t<a href=\"http:\/\/romainfroquet.fr\/wp-content\/uploads\/2025\/07\/13\u00a9Ville-de-Lyon_Edouard-Marano_72dpi.jpg\" data-elementor-open-lightbox=\"yes\" data-e-action-hash=\"#elementor-action%3Aaction%3Dlightbox%26settings%3DeyJpZCI6ODU2NTgsInVybCI6Imh0dHBzOlwvXC9yb21haW5mcm9xdWV0LmZyXC93cC1jb250ZW50XC91cGxvYWRzXC8yMDI1XC8wN1wvMTNcdTAwYTlWaWxsZS1kZS1MeW9uX0Vkb3VhcmQtTWFyYW5vXzcyZHBpLmpwZyJ9\">\n\t\t\t\t\t\t\t<img loading=\"lazy\" decoding=\"async\" width=\"840\" height=\"559\" src=\"https:\/\/romainfroquet.fr\/wp-content\/uploads\/2025\/07\/13\u00a9Ville-de-Lyon_Edouard-Marano_72dpi-1024x682.jpg\" class=\"attachment-large size-large wp-image-85658\" alt=\"Fl\u00e2neurs marchant sous la structure de Tissage urbain et profitant de la fraicheur des vaporisateurs\" srcset=\"https:\/\/romainfroquet.fr\/wp-content\/uploads\/2025\/07\/13\u00a9Ville-de-Lyon_Edouard-Marano_72dpi-1024x682.jpg 1024w, https:\/\/romainfroquet.fr\/wp-content\/uploads\/2025\/07\/13\u00a9Ville-de-Lyon_Edouard-Marano_72dpi-300x200.jpg 300w, https:\/\/romainfroquet.fr\/wp-content\/uploads\/2025\/07\/13\u00a9Ville-de-Lyon_Edouard-Marano_72dpi-768x512.jpg 768w, https:\/\/romainfroquet.fr\/wp-content\/uploads\/2025\/07\/13\u00a9Ville-de-Lyon_Edouard-Marano_72dpi-1536x1024.jpg 1536w, https:\/\/romainfroquet.fr\/wp-content\/uploads\/2025\/07\/13\u00a9Ville-de-Lyon_Edouard-Marano_72dpi-350x233.jpg 350w, https:\/\/romainfroquet.fr\/wp-content\/uploads\/2025\/07\/13\u00a9Ville-de-Lyon_Edouard-Marano_72dpi.jpg 2000w\" sizes=\"(max-width: 840px) 100vw, 840px\" \/>\t\t\t\t\t\t\t\t<\/a>\n\t\t\t\t\t\t\t\t\t\t\t<figcaption class=\"widget-image-caption wp-caption-text\">\u00a9 Edouard Marano<\/figcaption>\n\t\t\t\t\t\t\t\t\t\t<\/figure>\n\t\t\t\t\t\t\t\t\t<\/div>\n\t\t\t\t<\/div>\n\t\t\t\t<\/div>\n\t\t\t\t\t<\/div>\n\t\t\t\t<\/div>\n\t\t<div class=\"elementor-element elementor-element-745ca7c e-flex e-con-boxed e-con e-parent\" data-id=\"745ca7c\" data-element_type=\"container\" data-e-type=\"container\">\n\t\t\t\t\t<div class=\"e-con-inner\">\n\t\t\t\t<div class=\"elementor-element elementor-element-e8aa633 elementor-widget elementor-widget-image\" data-id=\"e8aa633\" data-element_type=\"widget\" data-e-type=\"widget\" data-widget_type=\"image.default\">\n\t\t\t\t<div class=\"elementor-widget-container\">\n\t\t\t\t\t\t\t\t\t\t\t\t<figure class=\"wp-caption\">\n\t\t\t\t\t\t\t\t\t\t\t<a href=\"http:\/\/romainfroquet.fr\/wp-content\/uploads\/2025\/07\/RF_BELLECOUR_DJI_20250705110433_0120_D_MAVIC41_JPEG_300DPI\u00a9Ville-de-Lyon_Stephanie-Coponat_Garage-production_72dpi.jpg\" data-elementor-open-lightbox=\"yes\" data-e-action-hash=\"#elementor-action%3Aaction%3Dlightbox%26settings%3DeyJpZCI6ODU2NjMsInVybCI6Imh0dHBzOlwvXC9yb21haW5mcm9xdWV0LmZyXC93cC1jb250ZW50XC91cGxvYWRzXC8yMDI1XC8wN1wvUkZfQkVMTEVDT1VSX0RKSV8yMDI1MDcwNTExMDQzM18wMTIwX0RfTUFWSUM0MV9KUEVHXzMwMERQSVx1MDBhOVZpbGxlLWRlLUx5b25fU3RlcGhhbmllLUNvcG9uYXRfR2FyYWdlLXByb2R1Y3Rpb25fNzJkcGkuanBnIn0%3D\">\n\t\t\t\t\t\t\t<img loading=\"lazy\" decoding=\"async\" width=\"2000\" height=\"1125\" src=\"https:\/\/romainfroquet.fr\/wp-content\/uploads\/2025\/07\/RF_BELLECOUR_DJI_20250705110433_0120_D_MAVIC41_JPEG_300DPI\u00a9Ville-de-Lyon_Stephanie-Coponat_Garage-production_72dpi.jpg\" class=\"attachment-full size-full wp-image-85663\" alt=\"\" srcset=\"https:\/\/romainfroquet.fr\/wp-content\/uploads\/2025\/07\/RF_BELLECOUR_DJI_20250705110433_0120_D_MAVIC41_JPEG_300DPI\u00a9Ville-de-Lyon_Stephanie-Coponat_Garage-production_72dpi.jpg 2000w, https:\/\/romainfroquet.fr\/wp-content\/uploads\/2025\/07\/RF_BELLECOUR_DJI_20250705110433_0120_D_MAVIC41_JPEG_300DPI\u00a9Ville-de-Lyon_Stephanie-Coponat_Garage-production_72dpi-300x169.jpg 300w, https:\/\/romainfroquet.fr\/wp-content\/uploads\/2025\/07\/RF_BELLECOUR_DJI_20250705110433_0120_D_MAVIC41_JPEG_300DPI\u00a9Ville-de-Lyon_Stephanie-Coponat_Garage-production_72dpi-1024x576.jpg 1024w, https:\/\/romainfroquet.fr\/wp-content\/uploads\/2025\/07\/RF_BELLECOUR_DJI_20250705110433_0120_D_MAVIC41_JPEG_300DPI\u00a9Ville-de-Lyon_Stephanie-Coponat_Garage-production_72dpi-768x432.jpg 768w, https:\/\/romainfroquet.fr\/wp-content\/uploads\/2025\/07\/RF_BELLECOUR_DJI_20250705110433_0120_D_MAVIC41_JPEG_300DPI\u00a9Ville-de-Lyon_Stephanie-Coponat_Garage-production_72dpi-1536x864.jpg 1536w, https:\/\/romainfroquet.fr\/wp-content\/uploads\/2025\/07\/RF_BELLECOUR_DJI_20250705110433_0120_D_MAVIC41_JPEG_300DPI\u00a9Ville-de-Lyon_Stephanie-Coponat_Garage-production_72dpi-350x197.jpg 350w\" sizes=\"(max-width: 2000px) 100vw, 2000px\" \/>\t\t\t\t\t\t\t\t<\/a>\n\t\t\t\t\t\t\t\t\t\t\t<figcaption class=\"widget-image-caption wp-caption-text\">\u00a9 St\u00e9phanie Coponat<\/figcaption>\n\t\t\t\t\t\t\t\t\t\t<\/figure>\n\t\t\t\t\t\t\t\t\t<\/div>\n\t\t\t\t<\/div>\n\t\t\t\t\t<\/div>\n\t\t\t\t<\/div>\n\t\t<div class=\"elementor-element elementor-element-384bf5a4 e-flex e-con-boxed e-con e-parent\" data-id=\"384bf5a4\" data-element_type=\"container\" data-e-type=\"container\">\n\t\t\t\t\t<div class=\"e-con-inner\">\n\t\t\t\t<div class=\"elementor-element elementor-element-14756e09 elementor-widget elementor-widget-spacer\" data-id=\"14756e09\" data-element_type=\"widget\" data-e-type=\"widget\" data-widget_type=\"spacer.default\">\n\t\t\t\t<div class=\"elementor-widget-container\">\n\t\t\t\t\t\t\t<div class=\"elementor-spacer\">\n\t\t\t<div class=\"elementor-spacer-inner\"><\/div>\n\t\t<\/div>\n\t\t\t\t\t\t<\/div>\n\t\t\t\t<\/div>\n\t\t\t\t\t<\/div>\n\t\t\t\t<\/div>\n\t\t\t\t<\/div>\n\t\t","protected":false},"excerpt":{"rendered":"<p>Tissage urbain 2025 | Place Bellecour, Lyon Place Bellecour : un projet artistique et urbain port\u00e9 par ses habitants C\u2019est [&hellip;]<\/p>\n","protected":false},"author":1,"featured_media":0,"parent":84932,"menu_order":0,"comment_status":"closed","ping_status":"closed","template":"elementor_header_footer","meta":{"footnotes":""},"class_list":["post-85647","page","type-page","status-publish","hentry"],"yoast_head":"<!-- This site is optimized with the Yoast SEO plugin v27.5 - https:\/\/yoast.com\/product\/yoast-seo-wordpress\/ -->\n<title>Tissage urbain sur la place Bellecour \u00e0 Lyon<\/title>\n<meta name=\"description\" content=\"Install\u00e9e sur la place Bellecour \u00e0 Lyon et compos\u00e9e de trois \u00e9l\u00e9ments, Tissage urbain est une \u0153uvre de l&#039;artiste Romain Froquet.\" \/>\n<meta name=\"robots\" content=\"index, follow, max-snippet:-1, max-image-preview:large, max-video-preview:-1\" \/>\n<link rel=\"canonical\" href=\"https:\/\/romainfroquet.fr\/index.php\/projets-2\/tissage-urbain\/\" \/>\n<meta property=\"og:locale\" content=\"fr_FR\" \/>\n<meta property=\"og:type\" content=\"article\" \/>\n<meta property=\"og:title\" content=\"Tissage urbain sur la place Bellecour \u00e0 Lyon\" \/>\n<meta property=\"og:description\" content=\"Install\u00e9e sur la place Bellecour \u00e0 Lyon et compos\u00e9e de trois \u00e9l\u00e9ments, Tissage urbain est une \u0153uvre de l&#039;artiste Romain Froquet.\" \/>\n<meta property=\"og:url\" content=\"https:\/\/romainfroquet.fr\/index.php\/projets-2\/tissage-urbain\/\" \/>\n<meta property=\"og:site_name\" content=\"Romain Froquet\" \/>\n<meta property=\"article:modified_time\" content=\"2026-03-31T14:05:25+00:00\" \/>\n<meta name=\"twitter:card\" content=\"summary_large_image\" \/>\n<meta name=\"twitter:label1\" content=\"Dur\u00e9e de lecture estim\u00e9e\" \/>\n\t<meta name=\"twitter:data1\" content=\"6 minutes\" \/>\n<script type=\"application\/ld+json\" class=\"yoast-schema-graph\">{\"@context\":\"https:\\\/\\\/schema.org\",\"@graph\":[{\"@type\":\"WebPage\",\"@id\":\"https:\\\/\\\/romainfroquet.fr\\\/index.php\\\/projets-2\\\/tissage-urbain\\\/\",\"url\":\"https:\\\/\\\/romainfroquet.fr\\\/index.php\\\/projets-2\\\/tissage-urbain\\\/\",\"name\":\"Tissage urbain sur la place Bellecour \u00e0 Lyon\",\"isPartOf\":{\"@id\":\"https:\\\/\\\/romainfroquet.fr\\\/#website\"},\"datePublished\":\"2025-07-11T07:58:58+00:00\",\"dateModified\":\"2026-03-31T14:05:25+00:00\",\"description\":\"Install\u00e9e sur la place Bellecour \u00e0 Lyon et compos\u00e9e de trois \u00e9l\u00e9ments, Tissage urbain est une \u0153uvre de l'artiste Romain Froquet.\",\"breadcrumb\":{\"@id\":\"https:\\\/\\\/romainfroquet.fr\\\/index.php\\\/projets-2\\\/tissage-urbain\\\/#breadcrumb\"},\"inLanguage\":\"fr-FR\",\"potentialAction\":[{\"@type\":\"ReadAction\",\"target\":[\"https:\\\/\\\/romainfroquet.fr\\\/index.php\\\/projets-2\\\/tissage-urbain\\\/\"]}]},{\"@type\":\"BreadcrumbList\",\"@id\":\"https:\\\/\\\/romainfroquet.fr\\\/index.php\\\/projets-2\\\/tissage-urbain\\\/#breadcrumb\",\"itemListElement\":[{\"@type\":\"ListItem\",\"position\":1,\"name\":\"Accueil\",\"item\":\"https:\\\/\\\/romainfroquet.fr\\\/\"},{\"@type\":\"ListItem\",\"position\":2,\"name\":\"Projets\",\"item\":\"https:\\\/\\\/romainfroquet.fr\\\/index.php\\\/projets-2\\\/\"},{\"@type\":\"ListItem\",\"position\":3,\"name\":\"Tissage urbain\"}]},{\"@type\":\"WebSite\",\"@id\":\"https:\\\/\\\/romainfroquet.fr\\\/#website\",\"url\":\"https:\\\/\\\/romainfroquet.fr\\\/\",\"name\":\"Romain Froquet\",\"description\":\"est un artiste fran\u00e7ais, n\u00e9 \u00e0 Villeurbanne en 1982. Il vit et travaille \u00e0 Paris. Artiste autodidacte, sa carri\u00e8re artistique s&#039;\u00e9lance en l&#039;an 2000.\",\"publisher\":{\"@id\":\"https:\\\/\\\/romainfroquet.fr\\\/#organization\"},\"potentialAction\":[{\"@type\":\"SearchAction\",\"target\":{\"@type\":\"EntryPoint\",\"urlTemplate\":\"https:\\\/\\\/romainfroquet.fr\\\/?s={search_term_string}\"},\"query-input\":{\"@type\":\"PropertyValueSpecification\",\"valueRequired\":true,\"valueName\":\"search_term_string\"}}],\"inLanguage\":\"fr-FR\"},{\"@type\":\"Organization\",\"@id\":\"https:\\\/\\\/romainfroquet.fr\\\/#organization\",\"name\":\"Romain Froquet\",\"url\":\"https:\\\/\\\/romainfroquet.fr\\\/\",\"logo\":{\"@type\":\"ImageObject\",\"inLanguage\":\"fr-FR\",\"@id\":\"https:\\\/\\\/romainfroquet.fr\\\/#\\\/schema\\\/logo\\\/image\\\/\",\"url\":\"https:\\\/\\\/romainfroquet.fr\\\/wp-content\\\/uploads\\\/2025\\\/01\\\/Signature_rf_180.png\",\"contentUrl\":\"https:\\\/\\\/romainfroquet.fr\\\/wp-content\\\/uploads\\\/2025\\\/01\\\/Signature_rf_180.png\",\"width\":180,\"height\":76,\"caption\":\"Romain Froquet\"},\"image\":{\"@id\":\"https:\\\/\\\/romainfroquet.fr\\\/#\\\/schema\\\/logo\\\/image\\\/\"}}]}<\/script>\n<!-- \/ Yoast SEO plugin. -->","yoast_head_json":{"title":"Tissage urbain sur la place Bellecour \u00e0 Lyon","description":"Install\u00e9e sur la place Bellecour \u00e0 Lyon et compos\u00e9e de trois \u00e9l\u00e9ments, Tissage urbain est une \u0153uvre de l'artiste Romain Froquet.","robots":{"index":"index","follow":"follow","max-snippet":"max-snippet:-1","max-image-preview":"max-image-preview:large","max-video-preview":"max-video-preview:-1"},"canonical":"https:\/\/romainfroquet.fr\/index.php\/projets-2\/tissage-urbain\/","og_locale":"fr_FR","og_type":"article","og_title":"Tissage urbain sur la place Bellecour \u00e0 Lyon","og_description":"Install\u00e9e sur la place Bellecour \u00e0 Lyon et compos\u00e9e de trois \u00e9l\u00e9ments, Tissage urbain est une \u0153uvre de l'artiste Romain Froquet.","og_url":"https:\/\/romainfroquet.fr\/index.php\/projets-2\/tissage-urbain\/","og_site_name":"Romain Froquet","article_modified_time":"2026-03-31T14:05:25+00:00","twitter_card":"summary_large_image","twitter_misc":{"Dur\u00e9e de lecture estim\u00e9e":"6 minutes"},"schema":{"@context":"https:\/\/schema.org","@graph":[{"@type":"WebPage","@id":"https:\/\/romainfroquet.fr\/index.php\/projets-2\/tissage-urbain\/","url":"https:\/\/romainfroquet.fr\/index.php\/projets-2\/tissage-urbain\/","name":"Tissage urbain sur la place Bellecour \u00e0 Lyon","isPartOf":{"@id":"https:\/\/romainfroquet.fr\/#website"},"datePublished":"2025-07-11T07:58:58+00:00","dateModified":"2026-03-31T14:05:25+00:00","description":"Install\u00e9e sur la place Bellecour \u00e0 Lyon et compos\u00e9e de trois \u00e9l\u00e9ments, Tissage urbain est une \u0153uvre de l'artiste Romain Froquet.","breadcrumb":{"@id":"https:\/\/romainfroquet.fr\/index.php\/projets-2\/tissage-urbain\/#breadcrumb"},"inLanguage":"fr-FR","potentialAction":[{"@type":"ReadAction","target":["https:\/\/romainfroquet.fr\/index.php\/projets-2\/tissage-urbain\/"]}]},{"@type":"BreadcrumbList","@id":"https:\/\/romainfroquet.fr\/index.php\/projets-2\/tissage-urbain\/#breadcrumb","itemListElement":[{"@type":"ListItem","position":1,"name":"Accueil","item":"https:\/\/romainfroquet.fr\/"},{"@type":"ListItem","position":2,"name":"Projets","item":"https:\/\/romainfroquet.fr\/index.php\/projets-2\/"},{"@type":"ListItem","position":3,"name":"Tissage urbain"}]},{"@type":"WebSite","@id":"https:\/\/romainfroquet.fr\/#website","url":"https:\/\/romainfroquet.fr\/","name":"Romain Froquet","description":"est un artiste fran\u00e7ais, n\u00e9 \u00e0 Villeurbanne en 1982. Il vit et travaille \u00e0 Paris. Artiste autodidacte, sa carri\u00e8re artistique s&#039;\u00e9lance en l&#039;an 2000.","publisher":{"@id":"https:\/\/romainfroquet.fr\/#organization"},"potentialAction":[{"@type":"SearchAction","target":{"@type":"EntryPoint","urlTemplate":"https:\/\/romainfroquet.fr\/?s={search_term_string}"},"query-input":{"@type":"PropertyValueSpecification","valueRequired":true,"valueName":"search_term_string"}}],"inLanguage":"fr-FR"},{"@type":"Organization","@id":"https:\/\/romainfroquet.fr\/#organization","name":"Romain Froquet","url":"https:\/\/romainfroquet.fr\/","logo":{"@type":"ImageObject","inLanguage":"fr-FR","@id":"https:\/\/romainfroquet.fr\/#\/schema\/logo\/image\/","url":"https:\/\/romainfroquet.fr\/wp-content\/uploads\/2025\/01\/Signature_rf_180.png","contentUrl":"https:\/\/romainfroquet.fr\/wp-content\/uploads\/2025\/01\/Signature_rf_180.png","width":180,"height":76,"caption":"Romain Froquet"},"image":{"@id":"https:\/\/romainfroquet.fr\/#\/schema\/logo\/image\/"}}]}},"_links":{"self":[{"href":"https:\/\/romainfroquet.fr\/index.php\/wp-json\/wp\/v2\/pages\/85647","targetHints":{"allow":["GET"]}}],"collection":[{"href":"https:\/\/romainfroquet.fr\/index.php\/wp-json\/wp\/v2\/pages"}],"about":[{"href":"https:\/\/romainfroquet.fr\/index.php\/wp-json\/wp\/v2\/types\/page"}],"author":[{"embeddable":true,"href":"https:\/\/romainfroquet.fr\/index.php\/wp-json\/wp\/v2\/users\/1"}],"replies":[{"embeddable":true,"href":"https:\/\/romainfroquet.fr\/index.php\/wp-json\/wp\/v2\/comments?post=85647"}],"version-history":[{"count":25,"href":"https:\/\/romainfroquet.fr\/index.php\/wp-json\/wp\/v2\/pages\/85647\/revisions"}],"predecessor-version":[{"id":85926,"href":"https:\/\/romainfroquet.fr\/index.php\/wp-json\/wp\/v2\/pages\/85647\/revisions\/85926"}],"up":[{"embeddable":true,"href":"https:\/\/romainfroquet.fr\/index.php\/wp-json\/wp\/v2\/pages\/84932"}],"wp:attachment":[{"href":"https:\/\/romainfroquet.fr\/index.php\/wp-json\/wp\/v2\/media?parent=85647"}],"curies":[{"name":"wp","href":"https:\/\/api.w.org\/{rel}","templated":true}]}}