{"id":83537,"date":"2021-04-25T12:14:36","date_gmt":"2021-04-25T10:14:36","guid":{"rendered":"http:\/\/romainfroquet.fr\/?post_type=portfolio&#038;p=83537"},"modified":"2025-02-11T11:44:52","modified_gmt":"2025-02-11T10:44:52","slug":"ap-hp-hopital-beaujon","status":"publish","type":"portfolio","link":"https:\/\/romainfroquet.fr\/index.php\/portfolio\/ap-hp-hopital-beaujon\/","title":{"rendered":"AP-HP HOPITAL BEAUJON"},"content":{"rendered":"<div class=\"wpb-content-wrapper\"><p>[vc_row row_height_percent=\u00a0\u00bb60&Prime; back_image=\u00a0\u00bb83542&Prime; back_position=\u00a0\u00bbcenter center\u00a0\u00bb parallax=\u00a0\u00bbyes\u00a0\u00bb overlay_alpha=\u00a0\u00bb50&Prime; gutter_size=\u00a0\u00bb3&Prime; column_width_percent=\u00a0\u00bb100&Prime; shift_y=\u00a0\u00bb0&Prime; z_index=\u00a0\u00bb0&Prime;][vc_column width=\u00a0\u00bb1\/1&Prime;][\/vc_column][\/vc_row][vc_row row_height_percent=\u00a0\u00bb80&Prime; overlay_alpha=\u00a0\u00bb50&Prime; equal_height=\u00a0\u00bbyes\u00a0\u00bb gutter_size=\u00a0\u00bb0&Prime; column_width_percent=\u00a0\u00bb100&Prime; shift_y=\u00a0\u00bb0&Prime; z_index=\u00a0\u00bb0&Prime;][vc_column column_width_percent=\u00a0\u00bb80&Prime; gutter_size=\u00a0\u00bb2&Prime; override_padding=\u00a0\u00bbyes\u00a0\u00bb column_padding=\u00a0\u00bb0&Prime; overlay_alpha=\u00a0\u00bb50&Prime; shift_x=\u00a0\u00bb0&Prime; shift_y=\u00a0\u00bb0&Prime; shift_y_down=\u00a0\u00bb0&Prime; z_index=\u00a0\u00bb0&Prime; medium_width=\u00a0\u00bb0&Prime; mobile_width=\u00a0\u00bb0&Prime; width=\u00a0\u00bb1\/1&Prime;][vc_empty_space empty_h=\u00a0\u00bb2&Prime;][vc_row_inner][vc_column_inner column_width_percent=\u00a0\u00bb100&Prime; align_horizontal=\u00a0\u00bbalign_center\u00a0\u00bb gutter_size=\u00a0\u00bb1&Prime; overlay_alpha=\u00a0\u00bb50&Prime; shift_x=\u00a0\u00bb0&Prime; shift_y=\u00a0\u00bb0&Prime; shift_y_down=\u00a0\u00bb0&Prime; z_index=\u00a0\u00bb0&Prime; medium_width=\u00a0\u00bb0&Prime; mobile_width=\u00a0\u00bb0&Prime; width=\u00a0\u00bb1\/1&Prime;][vc_custom_heading text_size=\u00a0\u00bbh1&Prime; text_weight=\u00a0\u00bb100&Prime; subheading=\u00a0\u00bb2020 | Paris\u00a0\u00bb]AP-HP | H\u00f4pital BEAUJON[\/vc_custom_heading][\/vc_column_inner][\/vc_row_inner][vc_empty_space empty_h=\u00a0\u00bb2&Prime;][vc_separator][vc_empty_space empty_h=\u00a0\u00bb2&Prime;][vc_custom_heading heading_semantic=\u00a0\u00bbh4&Prime; text_size=\u00a0\u00bbh4&Prime;]Une collaboration sous le signe de l\u2019\u00e9vasion, entre un artiste et un h\u00f4pital[\/vc_custom_heading][vc_column_text text_lead=\u00a0\u00bbsmall\u00a0\u00bb]<\/p>\n<p style=\"text-align: justify;\">Sur invitation de l\u2019h\u00f4pital Beaujon AP-HP \u00e0 Clichy, Romain Froquet a ex\u00e9cut\u00e9, en d\u00e9cembre 2020, des fresques dans le hall d\u2019accueil du b\u00e2timent.<\/p>\n<p style=\"text-align: justify;\">Cette action s\u2019inscrit dans la politique culturelle engag\u00e9e depuis de nombreuses ann\u00e9es par l\u2019\u00e9tablissement hospitalier. La collaboration avec l\u2019artiste peintre s\u2019est, cependant, d\u00e9roul\u00e9e \u00e0 un moment critique de la crise sanitaire. Le directeur, Arnaud Giraudet, le confirme : \u00ab Concentr\u00e9 sur la Covid-19, il \u00e9tait n\u00e9cessaire de donner une respiration \u00e0 l\u2019h\u00f4pital. Qui mieux que Romain Froquet pour am\u00e9liorer le cadre de vie des patients et des professionnels avec une \u0153uvre, tr\u00e8s appr\u00e9ci\u00e9e, qui donne de la couleur et de la joie \u00bb.<\/p>\n<p style=\"text-align: justify;\">Romain Froquet avait pris soin de parler avec certains soignants, avant de s\u2019occuper des murs de l\u2019h\u00f4pital Beaujon. Ses fresques forment ainsi une succession d\u2019enchev\u00eatrements et de superpositions de lignes color\u00e9es et lumineuses, dont la dynamique et la transparence sont une v\u00e9ritable respiration, une sorte d\u2019hymne \u00e0 la vie. \u00ab Dans cet espace de passage, je souhaite faire quelque chose de fort pour les soignants et les patients, qui invite au voyage. J\u2019esp\u00e8re qu\u2019elle accrochera le regard, et ouvrira la voie \u00e0 la contemplation et \u00e0 l\u2019oubli de l\u2019instant pr\u00e9sent \u00bb dit-il.<\/p>\n<p>[\/vc_column_text][vc_empty_space empty_h=\u00a0\u00bb2&Prime;][\/vc_column][\/vc_row][vc_row unlock_row=\u00a0\u00bb\u00a0\u00bb row_height_percent=\u00a0\u00bb0&Prime; override_padding=\u00a0\u00bbyes\u00a0\u00bb h_padding=\u00a0\u00bb2&Prime; top_padding=\u00a0\u00bb0&Prime; bottom_padding=\u00a0\u00bb2&Prime; overlay_alpha=\u00a0\u00bb50&Prime; gutter_size=\u00a0\u00bb3&Prime; column_width_percent=\u00a0\u00bb100&Prime; shift_y=\u00a0\u00bb0&Prime; z_index=\u00a0\u00bb0&Prime;][vc_column column_width_percent=\u00a0\u00bb100&Prime; gutter_size=\u00a0\u00bb2&Prime; overlay_alpha=\u00a0\u00bb50&Prime; shift_x=\u00a0\u00bb0&Prime; shift_y=\u00a0\u00bb0&Prime; shift_y_down=\u00a0\u00bb0&Prime; z_index=\u00a0\u00bb0&Prime; medium_width=\u00a0\u00bb0&Prime; mobile_width=\u00a0\u00bb0&Prime; width=\u00a0\u00bb1\/1&Prime;][vc_separator][vc_empty_space empty_h=\u00a0\u00bb1&Prime;][vc_custom_heading text_size=\u00a0\u00bbh3&Prime;]<span class=\"font-555555\">EN IMAGES<\/span>[\/vc_custom_heading][vc_icon icon=\u00a0\u00bbfa fa-arrow-circle-o-down\u00a0\u00bb size=\u00a0\u00bbfa-2x\u00a0\u00bb css_animation=\u00a0\u00bbtop-t-bottom\u00a0\u00bb][\/vc_icon][\/vc_column][\/vc_row][vc_row unlock_row=\u00a0\u00bb\u00a0\u00bb row_height_percent=\u00a0\u00bb0&Prime; override_padding=\u00a0\u00bbyes\u00a0\u00bb h_padding=\u00a0\u00bb1&Prime; top_padding=\u00a0\u00bb0&Prime; bottom_padding=\u00a0\u00bb5&Prime; overlay_alpha=\u00a0\u00bb50&Prime; gutter_size=\u00a0\u00bb0&Prime; column_width_percent=\u00a0\u00bb100&Prime; shift_y=\u00a0\u00bb0&Prime; z_index=\u00a0\u00bb0&Prime;][vc_column column_width_percent=\u00a0\u00bb100&Prime; gutter_size=\u00a0\u00bb3&Prime; override_padding=\u00a0\u00bbyes\u00a0\u00bb column_padding=\u00a0\u00bb0&Prime; expand_height=\u00a0\u00bbyes\u00a0\u00bb overlay_alpha=\u00a0\u00bb50&Prime; shift_x=\u00a0\u00bb0&Prime; shift_y=\u00a0\u00bb0&Prime; shift_y_down=\u00a0\u00bb0&Prime; z_index=\u00a0\u00bb0&Prime; medium_width=\u00a0\u00bb0&Prime; mobile_width=\u00a0\u00bb0&Prime; width=\u00a0\u00bb1\/1&Prime;][vc_single_image media=\u00a0\u00bb83541&Prime; media_width_percent=\u00a0\u00bb100&Prime; alignment=\u00a0\u00bbcenter\u00a0\u00bb][vc_row_inner][vc_column_inner width=\u00a0\u00bb1\/2&Prime;][vc_single_image media=\u00a0\u00bb83545&Prime; media_width_percent=\u00a0\u00bb100&Prime;][\/vc_column_inner][vc_column_inner width=\u00a0\u00bb1\/2&Prime;][vc_single_image media=\u00a0\u00bb83538&Prime; media_width_percent=\u00a0\u00bb100&Prime;][\/vc_column_inner][\/vc_row_inner][vc_single_image media=\u00a0\u00bb83540&Prime; media_width_percent=\u00a0\u00bb100&Prime;][vc_row_inner][vc_column_inner width=\u00a0\u00bb1\/2&Prime;][vc_single_image media=\u00a0\u00bb83547&Prime; media_lightbox=\u00a0\u00bbyes\u00a0\u00bb media_width_percent=\u00a0\u00bb100&Prime;][\/vc_column_inner][vc_column_inner column_width_percent=\u00a0\u00bb100&Prime; position_vertical=\u00a0\u00bbmiddle\u00a0\u00bb gutter_size=\u00a0\u00bb3&Prime; overlay_alpha=\u00a0\u00bb50&Prime; shift_x=\u00a0\u00bb0&Prime; shift_y=\u00a0\u00bb0&Prime; shift_y_down=\u00a0\u00bb0&Prime; z_index=\u00a0\u00bb0&Prime; medium_width=\u00a0\u00bb0&Prime; mobile_width=\u00a0\u00bb0&Prime; width=\u00a0\u00bb1\/2&Prime;][vc_column_text text_lead=\u00a0\u00bbsmall\u00a0\u00bb]<\/p>\n<p style=\"text-align: justify;\">L&rsquo;h\u00f4pital Beaujon est un h\u00f4pital de l&rsquo;Assistance publique &#8211; H\u00f4pitaux de Paris (AP-HP) situ\u00e9 \u00e0 Clichy (Hauts-de-Seine).<\/p>\n<p style=\"text-align: justify;\">L&rsquo;h\u00f4pital fait partie du Groupe hospitalo-universitaire Nord &#8211; Universit\u00e9 de Paris de l&rsquo;AP-HP1. Il dispose d&rsquo;une quinzaine de sp\u00e9cialit\u00e9s2 parmi lesquelles la gastroent\u00e9rologie, l&rsquo;h\u00e9patologie, la chirurgie h\u00e9pato-bilio-pancr\u00e9atique, la chirurgie colorectale, l&rsquo;orthop\u00e9die, la stomatologie ou encore la m\u00e9decine interne. En outre, une antenne du SAMU 92 y est implant\u00e9e.<\/p>\n<p>[\/vc_column_text][\/vc_column_inner][\/vc_row_inner][vc_single_image media=\u00a0\u00bb83543&Prime; media_lightbox=\u00a0\u00bbyes\u00a0\u00bb media_width_percent=\u00a0\u00bb100&Prime;][vc_row_inner][vc_column_inner width=\u00a0\u00bb1\/1&Prime;][vc_single_image media=\u00a0\u00bb83539&Prime; media_width_percent=\u00a0\u00bb50&Prime; alignment=\u00a0\u00bbcenter\u00a0\u00bb][\/vc_column_inner][\/vc_row_inner][vc_custom_heading text_size=\u00a0\u00bbh6&Prime;]<em>Photographie par <\/em><a href=\"http:\/\/juleshidrotphoto.fr\" target=\"_blank\" rel=\"noopener\"><em>Jules Hidrot<\/em><\/a>[\/vc_custom_heading][\/vc_column][\/vc_row]<\/p>\n<\/div>","protected":false},"excerpt":{"rendered":"<p>PARIS |\u00a02020<\/p>\n","protected":false},"author":1,"featured_media":83542,"parent":0,"menu_order":0,"comment_status":"closed","ping_status":"closed","template":"","meta":{"footnotes":""},"portfolio_category":[68],"class_list":["post-83537","portfolio","type-portfolio","status-publish","has-post-thumbnail","hentry","portfolio_category-projets"],"yoast_head":"<!-- This site is optimized with the Yoast SEO plugin v27.5 - https:\/\/yoast.com\/product\/yoast-seo-wordpress\/ -->\n<title>L\u2019art urbain s\u2019int\u00e8gre \u00e0 h\u00f4pital<\/title>\n<meta name=\"description\" content=\"Art urbain \u00e0 l\u2019h\u00f4pital Beaujon : intervention r\u00e9alis\u00e9e par l\u2019artiste Romain Froquet avec la collaboration du personnel hospitalier.\" \/>\n<meta name=\"robots\" content=\"index, follow, max-snippet:-1, max-image-preview:large, max-video-preview:-1\" \/>\n<link rel=\"canonical\" href=\"https:\/\/romainfroquet.fr\/index.php\/portfolio\/ap-hp-hopital-beaujon\/\" \/>\n<meta property=\"og:locale\" content=\"fr_FR\" \/>\n<meta property=\"og:type\" content=\"article\" \/>\n<meta property=\"og:title\" content=\"L\u2019art urbain s\u2019int\u00e8gre \u00e0 h\u00f4pital\" \/>\n<meta property=\"og:description\" content=\"Art urbain \u00e0 l\u2019h\u00f4pital Beaujon : intervention r\u00e9alis\u00e9e par l\u2019artiste Romain Froquet avec la collaboration du personnel hospitalier.\" \/>\n<meta property=\"og:url\" content=\"https:\/\/romainfroquet.fr\/index.php\/portfolio\/ap-hp-hopital-beaujon\/\" \/>\n<meta property=\"og:site_name\" content=\"Romain Froquet\" \/>\n<meta property=\"article:modified_time\" content=\"2025-02-11T10:44:52+00:00\" \/>\n<meta property=\"og:image\" content=\"https:\/\/romainfroquet.fr\/wp-content\/uploads\/2021\/04\/DSC02372-JH_low.jpg\" \/>\n\t<meta property=\"og:image:width\" content=\"2000\" \/>\n\t<meta property=\"og:image:height\" content=\"1334\" \/>\n\t<meta property=\"og:image:type\" content=\"image\/jpeg\" \/>\n<meta name=\"twitter:card\" content=\"summary_large_image\" \/>\n<meta name=\"twitter:label1\" content=\"Dur\u00e9e de lecture estim\u00e9e\" \/>\n\t<meta name=\"twitter:data1\" content=\"3 minutes\" \/>\n<script type=\"application\/ld+json\" class=\"yoast-schema-graph\">{\"@context\":\"https:\\\/\\\/schema.org\",\"@graph\":[{\"@type\":\"WebPage\",\"@id\":\"https:\\\/\\\/romainfroquet.fr\\\/index.php\\\/portfolio\\\/ap-hp-hopital-beaujon\\\/\",\"url\":\"https:\\\/\\\/romainfroquet.fr\\\/index.php\\\/portfolio\\\/ap-hp-hopital-beaujon\\\/\",\"name\":\"L\u2019art urbain s\u2019int\u00e8gre \u00e0 h\u00f4pital\",\"isPartOf\":{\"@id\":\"https:\\\/\\\/romainfroquet.fr\\\/#website\"},\"primaryImageOfPage\":{\"@id\":\"https:\\\/\\\/romainfroquet.fr\\\/index.php\\\/portfolio\\\/ap-hp-hopital-beaujon\\\/#primaryimage\"},\"image\":{\"@id\":\"https:\\\/\\\/romainfroquet.fr\\\/index.php\\\/portfolio\\\/ap-hp-hopital-beaujon\\\/#primaryimage\"},\"thumbnailUrl\":\"https:\\\/\\\/romainfroquet.fr\\\/wp-content\\\/uploads\\\/2021\\\/04\\\/DSC02372-JH_low.jpg\",\"datePublished\":\"2021-04-25T10:14:36+00:00\",\"dateModified\":\"2025-02-11T10:44:52+00:00\",\"description\":\"Art urbain \u00e0 l\u2019h\u00f4pital Beaujon : intervention r\u00e9alis\u00e9e par l\u2019artiste Romain Froquet avec la collaboration du personnel hospitalier.\",\"breadcrumb\":{\"@id\":\"https:\\\/\\\/romainfroquet.fr\\\/index.php\\\/portfolio\\\/ap-hp-hopital-beaujon\\\/#breadcrumb\"},\"inLanguage\":\"fr-FR\",\"potentialAction\":[{\"@type\":\"ReadAction\",\"target\":[\"https:\\\/\\\/romainfroquet.fr\\\/index.php\\\/portfolio\\\/ap-hp-hopital-beaujon\\\/\"]}]},{\"@type\":\"ImageObject\",\"inLanguage\":\"fr-FR\",\"@id\":\"https:\\\/\\\/romainfroquet.fr\\\/index.php\\\/portfolio\\\/ap-hp-hopital-beaujon\\\/#primaryimage\",\"url\":\"https:\\\/\\\/romainfroquet.fr\\\/wp-content\\\/uploads\\\/2021\\\/04\\\/DSC02372-JH_low.jpg\",\"contentUrl\":\"https:\\\/\\\/romainfroquet.fr\\\/wp-content\\\/uploads\\\/2021\\\/04\\\/DSC02372-JH_low.jpg\",\"width\":2000,\"height\":1334},{\"@type\":\"BreadcrumbList\",\"@id\":\"https:\\\/\\\/romainfroquet.fr\\\/index.php\\\/portfolio\\\/ap-hp-hopital-beaujon\\\/#breadcrumb\",\"itemListElement\":[{\"@type\":\"ListItem\",\"position\":1,\"name\":\"Accueil\",\"item\":\"https:\\\/\\\/romainfroquet.fr\\\/\"},{\"@type\":\"ListItem\",\"position\":2,\"name\":\"Portfolio\",\"item\":\"https:\\\/\\\/romainfroquet.fr\\\/index.php\\\/portfolio\\\/\"},{\"@type\":\"ListItem\",\"position\":3,\"name\":\"AP-HP HOPITAL BEAUJON\"}]},{\"@type\":\"WebSite\",\"@id\":\"https:\\\/\\\/romainfroquet.fr\\\/#website\",\"url\":\"https:\\\/\\\/romainfroquet.fr\\\/\",\"name\":\"Romain Froquet\",\"description\":\"est un artiste fran\u00e7ais, n\u00e9 \u00e0 Villeurbanne en 1982. Il vit et travaille \u00e0 Paris. Artiste autodidacte, sa carri\u00e8re artistique s&#039;\u00e9lance en l&#039;an 2000.\",\"publisher\":{\"@id\":\"https:\\\/\\\/romainfroquet.fr\\\/#organization\"},\"potentialAction\":[{\"@type\":\"SearchAction\",\"target\":{\"@type\":\"EntryPoint\",\"urlTemplate\":\"https:\\\/\\\/romainfroquet.fr\\\/?s={search_term_string}\"},\"query-input\":{\"@type\":\"PropertyValueSpecification\",\"valueRequired\":true,\"valueName\":\"search_term_string\"}}],\"inLanguage\":\"fr-FR\"},{\"@type\":\"Organization\",\"@id\":\"https:\\\/\\\/romainfroquet.fr\\\/#organization\",\"name\":\"Romain Froquet\",\"url\":\"https:\\\/\\\/romainfroquet.fr\\\/\",\"logo\":{\"@type\":\"ImageObject\",\"inLanguage\":\"fr-FR\",\"@id\":\"https:\\\/\\\/romainfroquet.fr\\\/#\\\/schema\\\/logo\\\/image\\\/\",\"url\":\"https:\\\/\\\/romainfroquet.fr\\\/wp-content\\\/uploads\\\/2025\\\/01\\\/Signature_rf_180.png\",\"contentUrl\":\"https:\\\/\\\/romainfroquet.fr\\\/wp-content\\\/uploads\\\/2025\\\/01\\\/Signature_rf_180.png\",\"width\":180,\"height\":76,\"caption\":\"Romain Froquet\"},\"image\":{\"@id\":\"https:\\\/\\\/romainfroquet.fr\\\/#\\\/schema\\\/logo\\\/image\\\/\"}}]}<\/script>\n<!-- \/ Yoast SEO plugin. -->","yoast_head_json":{"title":"L\u2019art urbain s\u2019int\u00e8gre \u00e0 h\u00f4pital","description":"Art urbain \u00e0 l\u2019h\u00f4pital Beaujon : intervention r\u00e9alis\u00e9e par l\u2019artiste Romain Froquet avec la collaboration du personnel hospitalier.","robots":{"index":"index","follow":"follow","max-snippet":"max-snippet:-1","max-image-preview":"max-image-preview:large","max-video-preview":"max-video-preview:-1"},"canonical":"https:\/\/romainfroquet.fr\/index.php\/portfolio\/ap-hp-hopital-beaujon\/","og_locale":"fr_FR","og_type":"article","og_title":"L\u2019art urbain s\u2019int\u00e8gre \u00e0 h\u00f4pital","og_description":"Art urbain \u00e0 l\u2019h\u00f4pital Beaujon : intervention r\u00e9alis\u00e9e par l\u2019artiste Romain Froquet avec la collaboration du personnel hospitalier.","og_url":"https:\/\/romainfroquet.fr\/index.php\/portfolio\/ap-hp-hopital-beaujon\/","og_site_name":"Romain Froquet","article_modified_time":"2025-02-11T10:44:52+00:00","og_image":[{"width":2000,"height":1334,"url":"https:\/\/romainfroquet.fr\/wp-content\/uploads\/2021\/04\/DSC02372-JH_low.jpg","type":"image\/jpeg"}],"twitter_card":"summary_large_image","twitter_misc":{"Dur\u00e9e de lecture estim\u00e9e":"3 minutes"},"schema":{"@context":"https:\/\/schema.org","@graph":[{"@type":"WebPage","@id":"https:\/\/romainfroquet.fr\/index.php\/portfolio\/ap-hp-hopital-beaujon\/","url":"https:\/\/romainfroquet.fr\/index.php\/portfolio\/ap-hp-hopital-beaujon\/","name":"L\u2019art urbain s\u2019int\u00e8gre \u00e0 h\u00f4pital","isPartOf":{"@id":"https:\/\/romainfroquet.fr\/#website"},"primaryImageOfPage":{"@id":"https:\/\/romainfroquet.fr\/index.php\/portfolio\/ap-hp-hopital-beaujon\/#primaryimage"},"image":{"@id":"https:\/\/romainfroquet.fr\/index.php\/portfolio\/ap-hp-hopital-beaujon\/#primaryimage"},"thumbnailUrl":"https:\/\/romainfroquet.fr\/wp-content\/uploads\/2021\/04\/DSC02372-JH_low.jpg","datePublished":"2021-04-25T10:14:36+00:00","dateModified":"2025-02-11T10:44:52+00:00","description":"Art urbain \u00e0 l\u2019h\u00f4pital Beaujon : intervention r\u00e9alis\u00e9e par l\u2019artiste Romain Froquet avec la collaboration du personnel hospitalier.","breadcrumb":{"@id":"https:\/\/romainfroquet.fr\/index.php\/portfolio\/ap-hp-hopital-beaujon\/#breadcrumb"},"inLanguage":"fr-FR","potentialAction":[{"@type":"ReadAction","target":["https:\/\/romainfroquet.fr\/index.php\/portfolio\/ap-hp-hopital-beaujon\/"]}]},{"@type":"ImageObject","inLanguage":"fr-FR","@id":"https:\/\/romainfroquet.fr\/index.php\/portfolio\/ap-hp-hopital-beaujon\/#primaryimage","url":"https:\/\/romainfroquet.fr\/wp-content\/uploads\/2021\/04\/DSC02372-JH_low.jpg","contentUrl":"https:\/\/romainfroquet.fr\/wp-content\/uploads\/2021\/04\/DSC02372-JH_low.jpg","width":2000,"height":1334},{"@type":"BreadcrumbList","@id":"https:\/\/romainfroquet.fr\/index.php\/portfolio\/ap-hp-hopital-beaujon\/#breadcrumb","itemListElement":[{"@type":"ListItem","position":1,"name":"Accueil","item":"https:\/\/romainfroquet.fr\/"},{"@type":"ListItem","position":2,"name":"Portfolio","item":"https:\/\/romainfroquet.fr\/index.php\/portfolio\/"},{"@type":"ListItem","position":3,"name":"AP-HP HOPITAL BEAUJON"}]},{"@type":"WebSite","@id":"https:\/\/romainfroquet.fr\/#website","url":"https:\/\/romainfroquet.fr\/","name":"Romain Froquet","description":"est un artiste fran\u00e7ais, n\u00e9 \u00e0 Villeurbanne en 1982. Il vit et travaille \u00e0 Paris. Artiste autodidacte, sa carri\u00e8re artistique s&#039;\u00e9lance en l&#039;an 2000.","publisher":{"@id":"https:\/\/romainfroquet.fr\/#organization"},"potentialAction":[{"@type":"SearchAction","target":{"@type":"EntryPoint","urlTemplate":"https:\/\/romainfroquet.fr\/?s={search_term_string}"},"query-input":{"@type":"PropertyValueSpecification","valueRequired":true,"valueName":"search_term_string"}}],"inLanguage":"fr-FR"},{"@type":"Organization","@id":"https:\/\/romainfroquet.fr\/#organization","name":"Romain Froquet","url":"https:\/\/romainfroquet.fr\/","logo":{"@type":"ImageObject","inLanguage":"fr-FR","@id":"https:\/\/romainfroquet.fr\/#\/schema\/logo\/image\/","url":"https:\/\/romainfroquet.fr\/wp-content\/uploads\/2025\/01\/Signature_rf_180.png","contentUrl":"https:\/\/romainfroquet.fr\/wp-content\/uploads\/2025\/01\/Signature_rf_180.png","width":180,"height":76,"caption":"Romain Froquet"},"image":{"@id":"https:\/\/romainfroquet.fr\/#\/schema\/logo\/image\/"}}]}},"_links":{"self":[{"href":"https:\/\/romainfroquet.fr\/index.php\/wp-json\/wp\/v2\/portfolio\/83537","targetHints":{"allow":["GET"]}}],"collection":[{"href":"https:\/\/romainfroquet.fr\/index.php\/wp-json\/wp\/v2\/portfolio"}],"about":[{"href":"https:\/\/romainfroquet.fr\/index.php\/wp-json\/wp\/v2\/types\/portfolio"}],"author":[{"embeddable":true,"href":"https:\/\/romainfroquet.fr\/index.php\/wp-json\/wp\/v2\/users\/1"}],"replies":[{"embeddable":true,"href":"https:\/\/romainfroquet.fr\/index.php\/wp-json\/wp\/v2\/comments?post=83537"}],"version-history":[{"count":10,"href":"https:\/\/romainfroquet.fr\/index.php\/wp-json\/wp\/v2\/portfolio\/83537\/revisions"}],"predecessor-version":[{"id":85135,"href":"https:\/\/romainfroquet.fr\/index.php\/wp-json\/wp\/v2\/portfolio\/83537\/revisions\/85135"}],"wp:featuredmedia":[{"embeddable":true,"href":"https:\/\/romainfroquet.fr\/index.php\/wp-json\/wp\/v2\/media\/83542"}],"wp:attachment":[{"href":"https:\/\/romainfroquet.fr\/index.php\/wp-json\/wp\/v2\/media?parent=83537"}],"wp:term":[{"taxonomy":"portfolio_category","embeddable":true,"href":"https:\/\/romainfroquet.fr\/index.php\/wp-json\/wp\/v2\/portfolio_category?post=83537"}],"curies":[{"name":"wp","href":"https:\/\/api.w.org\/{rel}","templated":true}]}}