{"id":83565,"date":"2021-04-30T00:08:39","date_gmt":"2021-04-29T22:08:39","guid":{"rendered":"http:\/\/romainfroquet.fr\/?post_type=portfolio&#038;p=83565"},"modified":"2025-02-11T11:36:11","modified_gmt":"2025-02-11T10:36:11","slug":"le-m-u-r-oberkampf","status":"publish","type":"portfolio","link":"https:\/\/romainfroquet.fr\/index.php\/portfolio\/le-m-u-r-oberkampf\/","title":{"rendered":"LE M.U.R |\u00a0OBERKAMPF"},"content":{"rendered":"<div class=\"wpb-content-wrapper\"><p>[vc_row row_height_percent=\u00a0\u00bb60&Prime; back_image=\u00a0\u00bb83567&Prime; back_position=\u00a0\u00bbcenter top\u00a0\u00bb parallax=\u00a0\u00bbyes\u00a0\u00bb overlay_alpha=\u00a0\u00bb50&Prime; gutter_size=\u00a0\u00bb3&Prime; column_width_percent=\u00a0\u00bb100&Prime; shift_y=\u00a0\u00bb0&Prime; z_index=\u00a0\u00bb0&Prime;][vc_column width=\u00a0\u00bb1\/1&Prime;][\/vc_column][\/vc_row][vc_row row_height_percent=\u00a0\u00bb0&Prime; overlay_alpha=\u00a0\u00bb50&Prime; equal_height=\u00a0\u00bbyes\u00a0\u00bb gutter_size=\u00a0\u00bb0&Prime; column_width_percent=\u00a0\u00bb100&Prime; shift_y=\u00a0\u00bb0&Prime; z_index=\u00a0\u00bb0&Prime;][vc_column column_width_percent=\u00a0\u00bb80&Prime; gutter_size=\u00a0\u00bb2&Prime; override_padding=\u00a0\u00bbyes\u00a0\u00bb column_padding=\u00a0\u00bb0&Prime; overlay_alpha=\u00a0\u00bb50&Prime; shift_x=\u00a0\u00bb0&Prime; shift_y=\u00a0\u00bb0&Prime; shift_y_down=\u00a0\u00bb0&Prime; z_index=\u00a0\u00bb0&Prime; medium_width=\u00a0\u00bb0&Prime; mobile_width=\u00a0\u00bb0&Prime; width=\u00a0\u00bb1\/1&Prime;][vc_empty_space empty_h=\u00a0\u00bb2&Prime;][vc_row_inner][vc_column_inner column_width_percent=\u00a0\u00bb100&Prime; align_horizontal=\u00a0\u00bbalign_center\u00a0\u00bb gutter_size=\u00a0\u00bb1&Prime; overlay_alpha=\u00a0\u00bb50&Prime; shift_x=\u00a0\u00bb0&Prime; shift_y=\u00a0\u00bb0&Prime; shift_y_down=\u00a0\u00bb0&Prime; z_index=\u00a0\u00bb0&Prime; medium_width=\u00a0\u00bb0&Prime; mobile_width=\u00a0\u00bb0&Prime; width=\u00a0\u00bb1\/1&Prime;][vc_custom_heading text_size=\u00a0\u00bbh1&Prime; text_weight=\u00a0\u00bb100&Prime; subheading=\u00a0\u00bb2021 | Paris\u00a0\u00bb]LE M.U.R &#8211; N\u00b0325[\/vc_custom_heading][\/vc_column_inner][\/vc_row_inner][vc_empty_space empty_h=\u00a0\u00bb2&Prime;][vc_separator][vc_empty_space empty_h=\u00a0\u00bb2&Prime;][vc_custom_heading heading_semantic=\u00a0\u00bbh4&Prime; text_size=\u00a0\u00bbh4&Prime;]Une installation qui donne lieu \u00e0 une performance d\u2019art urbain[\/vc_custom_heading][vc_column_text text_lead=\u00a0\u00bbsmall\u00a0\u00bb]<\/p>\n<p style=\"text-align: justify;\">Le mur de la rue Oberkampf, dans le XIe arrondissement de Paris, est tr\u00e8s convoit\u00e9 par les artistes urbains. Situ\u00e9 au fond d\u2019une petite place, \u00e0 l\u2019angle de la rue Saint-Maur, il est g\u00e9r\u00e9 par une association qui fait la promotion du street art et porte le nom de\u2026 Le M.U.R. (Modulable, Urbain, R\u00e9actif).<\/p>\n<p style=\"text-align: justify;\">Depuis mars 2003, toutes les deux semaines, elle r\u00e9serve cet espace \u00e0 un nouvel artiste. Pour la quinzaine du 17 au 29 avril 2021, Romain Froquet s\u2019y est coll\u00e9.<\/p>\n<p style=\"text-align: justify;\">A m\u00eame le mur, il a peint une fresque dans les tons noirs, blancs et gris. Il y a superpos\u00e9 des planches de bois, teintes en noir, qui suivent la courbure des lignes. Cette installation a donn\u00e9 lieu \u00e0 une performance d\u2019art urbain qui s\u2019est d\u00e9roul\u00e9e sur deux journ\u00e9es. Elle est inspir\u00e9e sa s\u00e9ries d\u2019\u0153uvres Highway, des vues satellite des \u00e9changeurs d\u2019autoroutes. Romain Froquet a d\u00e9j\u00e0 explor\u00e9 ce th\u00e8me pour les expositions <a href=\"http:\/\/romainfroquet.fr\/index.php\/portfolio\/legendes-urbaines-2\/\">L\u00e9gendes urbaines<\/a> et <a href=\"http:\/\/romainfroquet.fr\/index.php\/portfolio\/lignees\/\">Lign\u00e9es<\/a> mais c\u2019est la premi\u00e8re fois qu\u2019il le fait pour une \u0153uvre ex\u00e9cut\u00e9e dans la rue.<\/p>\n<p>[\/vc_column_text][\/vc_column][\/vc_row][vc_row unlock_row=\u00a0\u00bb\u00a0\u00bb row_height_percent=\u00a0\u00bb0&Prime; override_padding=\u00a0\u00bbyes\u00a0\u00bb h_padding=\u00a0\u00bb2&Prime; top_padding=\u00a0\u00bb0&Prime; bottom_padding=\u00a0\u00bb2&Prime; overlay_alpha=\u00a0\u00bb50&Prime; gutter_size=\u00a0\u00bb3&Prime; column_width_percent=\u00a0\u00bb100&Prime; shift_y=\u00a0\u00bb0&Prime; z_index=\u00a0\u00bb0&Prime;][vc_column column_width_percent=\u00a0\u00bb100&Prime; gutter_size=\u00a0\u00bb2&Prime; overlay_alpha=\u00a0\u00bb50&Prime; shift_x=\u00a0\u00bb0&Prime; shift_y=\u00a0\u00bb0&Prime; shift_y_down=\u00a0\u00bb0&Prime; z_index=\u00a0\u00bb0&Prime; medium_width=\u00a0\u00bb0&Prime; mobile_width=\u00a0\u00bb0&Prime; width=\u00a0\u00bb1\/1&Prime;][vc_separator][vc_empty_space empty_h=\u00a0\u00bb1&Prime;][vc_custom_heading text_size=\u00a0\u00bbh3&Prime;]<span class=\"font-555555\">EN IMAGES<\/span>[\/vc_custom_heading][vc_icon icon=\u00a0\u00bbfa fa-arrow-circle-o-down\u00a0\u00bb size=\u00a0\u00bbfa-2x\u00a0\u00bb css_animation=\u00a0\u00bbtop-t-bottom\u00a0\u00bb][\/vc_icon][\/vc_column][\/vc_row][vc_row unlock_row=\u00a0\u00bb\u00a0\u00bb row_height_percent=\u00a0\u00bb0&Prime; override_padding=\u00a0\u00bbyes\u00a0\u00bb h_padding=\u00a0\u00bb1&Prime; top_padding=\u00a0\u00bb0&Prime; bottom_padding=\u00a0\u00bb5&Prime; overlay_alpha=\u00a0\u00bb50&Prime; gutter_size=\u00a0\u00bb0&Prime; column_width_percent=\u00a0\u00bb100&Prime; shift_y=\u00a0\u00bb0&Prime; z_index=\u00a0\u00bb0&Prime;][vc_column column_width_percent=\u00a0\u00bb100&Prime; gutter_size=\u00a0\u00bb3&Prime; override_padding=\u00a0\u00bbyes\u00a0\u00bb column_padding=\u00a0\u00bb0&Prime; expand_height=\u00a0\u00bbyes\u00a0\u00bb overlay_alpha=\u00a0\u00bb50&Prime; shift_x=\u00a0\u00bb0&Prime; shift_y=\u00a0\u00bb0&Prime; shift_y_down=\u00a0\u00bb0&Prime; z_index=\u00a0\u00bb0&Prime; medium_width=\u00a0\u00bb0&Prime; mobile_width=\u00a0\u00bb0&Prime; width=\u00a0\u00bb1\/1&Prime;][vc_single_image media=\u00a0\u00bb83601&Prime; media_width_percent=\u00a0\u00bb100&Prime; alignment=\u00a0\u00bbcenter\u00a0\u00bb][vc_single_image media=\u00a0\u00bb83559&Prime; media_width_percent=\u00a0\u00bb100&Prime; alignment=\u00a0\u00bbcenter\u00a0\u00bb][vc_row_inner][vc_column_inner width=\u00a0\u00bb1\/2&Prime;][vc_single_image media=\u00a0\u00bb83572&Prime; media_width_percent=\u00a0\u00bb100&Prime;][\/vc_column_inner][vc_column_inner width=\u00a0\u00bb1\/2&Prime;][vc_single_image media=\u00a0\u00bb83573&Prime; media_width_percent=\u00a0\u00bb100&Prime;][\/vc_column_inner][\/vc_row_inner][vc_row_inner][vc_column_inner width=\u00a0\u00bb1\/2&Prime;][vc_single_image media=\u00a0\u00bb83575&Prime; media_width_percent=\u00a0\u00bb100&Prime;][\/vc_column_inner][vc_column_inner width=\u00a0\u00bb1\/2&Prime;][vc_single_image media=\u00a0\u00bb83576&Prime; media_width_percent=\u00a0\u00bb100&Prime;][\/vc_column_inner][\/vc_row_inner][vc_single_image media=\u00a0\u00bb83586&Prime; media_width_percent=\u00a0\u00bb100&Prime;][vc_single_image media=\u00a0\u00bb83590&Prime; media_width_percent=\u00a0\u00bb100&Prime;][vc_single_image media=\u00a0\u00bb83587&Prime; media_width_percent=\u00a0\u00bb100&Prime;][vc_single_image media=\u00a0\u00bb83589&Prime; media_width_percent=\u00a0\u00bb100&Prime;][vc_row_inner][vc_column_inner width=\u00a0\u00bb1\/2&Prime;][vc_single_image media=\u00a0\u00bb83591&Prime; media_width_percent=\u00a0\u00bb100&Prime;][\/vc_column_inner][vc_column_inner width=\u00a0\u00bb1\/2&Prime;][vc_single_image media=\u00a0\u00bb83595&Prime; media_width_percent=\u00a0\u00bb100&Prime;][\/vc_column_inner][\/vc_row_inner][vc_single_image media=\u00a0\u00bb83592&Prime; media_lightbox=\u00a0\u00bbyes\u00a0\u00bb media_width_percent=\u00a0\u00bb100&Prime;][vc_single_image media=\u00a0\u00bb83593&Prime; media_lightbox=\u00a0\u00bbyes\u00a0\u00bb media_width_percent=\u00a0\u00bb100&Prime;][vc_row_inner][vc_column_inner width=\u00a0\u00bb1\/1&Prime;][vc_single_image media=\u00a0\u00bb83597&Prime; media_width_percent=\u00a0\u00bb50&Prime; alignment=\u00a0\u00bbcenter\u00a0\u00bb][\/vc_column_inner][\/vc_row_inner][vc_single_image media=\u00a0\u00bb83598&Prime; media_lightbox=\u00a0\u00bbyes\u00a0\u00bb media_width_percent=\u00a0\u00bb100&Prime;][vc_custom_heading text_size=\u00a0\u00bbh6&Prime;]<em>Photographie par <\/em><em>Isabelle Sorin<\/em>[\/vc_custom_heading][\/vc_column][\/vc_row]<\/p>\n<\/div>","protected":false},"excerpt":{"rendered":"<p>2021 |\u00a0Paris<\/p>\n","protected":false},"author":1,"featured_media":83559,"parent":0,"menu_order":0,"comment_status":"closed","ping_status":"closed","template":"","meta":{"footnotes":""},"portfolio_category":[68],"class_list":["post-83565","portfolio","type-portfolio","status-publish","has-post-thumbnail","hentry","portfolio_category-projets"],"yoast_head":"<!-- This site is optimized with the Yoast SEO plugin v27.5 - https:\/\/yoast.com\/product\/yoast-seo-wordpress\/ -->\n<title>Art urbain en direct : la r\u00e9alisation d\u2019une installation en public<\/title>\n<meta name=\"description\" content=\"Le mur de la rue Oberkampf est un incontournable de l\u2019art urbain \u00e0 Paris auquel Romain Froquet s&#039;est frott\u00e9 en montant une installation.\" \/>\n<meta name=\"robots\" content=\"index, follow, max-snippet:-1, max-image-preview:large, max-video-preview:-1\" \/>\n<link rel=\"canonical\" href=\"https:\/\/romainfroquet.fr\/index.php\/portfolio\/le-m-u-r-oberkampf\/\" \/>\n<meta property=\"og:locale\" content=\"fr_FR\" \/>\n<meta property=\"og:type\" content=\"article\" \/>\n<meta property=\"og:title\" content=\"Art urbain en direct : la r\u00e9alisation d\u2019une installation en public\" \/>\n<meta property=\"og:description\" content=\"Le mur de la rue Oberkampf est un incontournable de l\u2019art urbain \u00e0 Paris auquel Romain Froquet s&#039;est frott\u00e9 en montant une installation.\" \/>\n<meta property=\"og:url\" content=\"https:\/\/romainfroquet.fr\/index.php\/portfolio\/le-m-u-r-oberkampf\/\" \/>\n<meta property=\"og:site_name\" content=\"Romain Froquet\" \/>\n<meta property=\"article:modified_time\" content=\"2025-02-11T10:36:11+00:00\" \/>\n<meta property=\"og:image\" content=\"https:\/\/romainfroquet.fr\/wp-content\/uploads\/2021\/04\/MUS02202_low.jpg\" \/>\n\t<meta property=\"og:image:width\" content=\"2000\" \/>\n\t<meta property=\"og:image:height\" content=\"1334\" \/>\n\t<meta property=\"og:image:type\" content=\"image\/jpeg\" \/>\n<meta name=\"twitter:card\" content=\"summary_large_image\" \/>\n<meta name=\"twitter:label1\" content=\"Dur\u00e9e de lecture estim\u00e9e\" \/>\n\t<meta name=\"twitter:data1\" content=\"2 minutes\" \/>\n<script type=\"application\/ld+json\" class=\"yoast-schema-graph\">{\"@context\":\"https:\\\/\\\/schema.org\",\"@graph\":[{\"@type\":\"WebPage\",\"@id\":\"https:\\\/\\\/romainfroquet.fr\\\/index.php\\\/portfolio\\\/le-m-u-r-oberkampf\\\/\",\"url\":\"https:\\\/\\\/romainfroquet.fr\\\/index.php\\\/portfolio\\\/le-m-u-r-oberkampf\\\/\",\"name\":\"Art urbain en direct : la r\u00e9alisation d\u2019une installation en public\",\"isPartOf\":{\"@id\":\"https:\\\/\\\/romainfroquet.fr\\\/#website\"},\"primaryImageOfPage\":{\"@id\":\"https:\\\/\\\/romainfroquet.fr\\\/index.php\\\/portfolio\\\/le-m-u-r-oberkampf\\\/#primaryimage\"},\"image\":{\"@id\":\"https:\\\/\\\/romainfroquet.fr\\\/index.php\\\/portfolio\\\/le-m-u-r-oberkampf\\\/#primaryimage\"},\"thumbnailUrl\":\"https:\\\/\\\/romainfroquet.fr\\\/wp-content\\\/uploads\\\/2021\\\/04\\\/MUS02202_low.jpg\",\"datePublished\":\"2021-04-29T22:08:39+00:00\",\"dateModified\":\"2025-02-11T10:36:11+00:00\",\"description\":\"Le mur de la rue Oberkampf est un incontournable de l\u2019art urbain \u00e0 Paris auquel Romain Froquet s'est frott\u00e9 en montant une installation.\",\"breadcrumb\":{\"@id\":\"https:\\\/\\\/romainfroquet.fr\\\/index.php\\\/portfolio\\\/le-m-u-r-oberkampf\\\/#breadcrumb\"},\"inLanguage\":\"fr-FR\",\"potentialAction\":[{\"@type\":\"ReadAction\",\"target\":[\"https:\\\/\\\/romainfroquet.fr\\\/index.php\\\/portfolio\\\/le-m-u-r-oberkampf\\\/\"]}]},{\"@type\":\"ImageObject\",\"inLanguage\":\"fr-FR\",\"@id\":\"https:\\\/\\\/romainfroquet.fr\\\/index.php\\\/portfolio\\\/le-m-u-r-oberkampf\\\/#primaryimage\",\"url\":\"https:\\\/\\\/romainfroquet.fr\\\/wp-content\\\/uploads\\\/2021\\\/04\\\/MUS02202_low.jpg\",\"contentUrl\":\"https:\\\/\\\/romainfroquet.fr\\\/wp-content\\\/uploads\\\/2021\\\/04\\\/MUS02202_low.jpg\",\"width\":2000,\"height\":1334,\"caption\":\"Une installation artistique sign\u00e9e Romain Froquet sur le mur de la rue Oberkampf\"},{\"@type\":\"BreadcrumbList\",\"@id\":\"https:\\\/\\\/romainfroquet.fr\\\/index.php\\\/portfolio\\\/le-m-u-r-oberkampf\\\/#breadcrumb\",\"itemListElement\":[{\"@type\":\"ListItem\",\"position\":1,\"name\":\"Accueil\",\"item\":\"https:\\\/\\\/romainfroquet.fr\\\/\"},{\"@type\":\"ListItem\",\"position\":2,\"name\":\"Portfolio\",\"item\":\"https:\\\/\\\/romainfroquet.fr\\\/index.php\\\/portfolio\\\/\"},{\"@type\":\"ListItem\",\"position\":3,\"name\":\"LE M.U.R |\u00a0OBERKAMPF\"}]},{\"@type\":\"WebSite\",\"@id\":\"https:\\\/\\\/romainfroquet.fr\\\/#website\",\"url\":\"https:\\\/\\\/romainfroquet.fr\\\/\",\"name\":\"Romain Froquet\",\"description\":\"est un artiste fran\u00e7ais, n\u00e9 \u00e0 Villeurbanne en 1982. Il vit et travaille \u00e0 Paris. Artiste autodidacte, sa carri\u00e8re artistique s&#039;\u00e9lance en l&#039;an 2000.\",\"publisher\":{\"@id\":\"https:\\\/\\\/romainfroquet.fr\\\/#organization\"},\"potentialAction\":[{\"@type\":\"SearchAction\",\"target\":{\"@type\":\"EntryPoint\",\"urlTemplate\":\"https:\\\/\\\/romainfroquet.fr\\\/?s={search_term_string}\"},\"query-input\":{\"@type\":\"PropertyValueSpecification\",\"valueRequired\":true,\"valueName\":\"search_term_string\"}}],\"inLanguage\":\"fr-FR\"},{\"@type\":\"Organization\",\"@id\":\"https:\\\/\\\/romainfroquet.fr\\\/#organization\",\"name\":\"Romain Froquet\",\"url\":\"https:\\\/\\\/romainfroquet.fr\\\/\",\"logo\":{\"@type\":\"ImageObject\",\"inLanguage\":\"fr-FR\",\"@id\":\"https:\\\/\\\/romainfroquet.fr\\\/#\\\/schema\\\/logo\\\/image\\\/\",\"url\":\"https:\\\/\\\/romainfroquet.fr\\\/wp-content\\\/uploads\\\/2025\\\/01\\\/Signature_rf_180.png\",\"contentUrl\":\"https:\\\/\\\/romainfroquet.fr\\\/wp-content\\\/uploads\\\/2025\\\/01\\\/Signature_rf_180.png\",\"width\":180,\"height\":76,\"caption\":\"Romain Froquet\"},\"image\":{\"@id\":\"https:\\\/\\\/romainfroquet.fr\\\/#\\\/schema\\\/logo\\\/image\\\/\"}}]}<\/script>\n<!-- \/ Yoast SEO plugin. -->","yoast_head_json":{"title":"Art urbain en direct : la r\u00e9alisation d\u2019une installation en public","description":"Le mur de la rue Oberkampf est un incontournable de l\u2019art urbain \u00e0 Paris auquel Romain Froquet s'est frott\u00e9 en montant une installation.","robots":{"index":"index","follow":"follow","max-snippet":"max-snippet:-1","max-image-preview":"max-image-preview:large","max-video-preview":"max-video-preview:-1"},"canonical":"https:\/\/romainfroquet.fr\/index.php\/portfolio\/le-m-u-r-oberkampf\/","og_locale":"fr_FR","og_type":"article","og_title":"Art urbain en direct : la r\u00e9alisation d\u2019une installation en public","og_description":"Le mur de la rue Oberkampf est un incontournable de l\u2019art urbain \u00e0 Paris auquel Romain Froquet s'est frott\u00e9 en montant une installation.","og_url":"https:\/\/romainfroquet.fr\/index.php\/portfolio\/le-m-u-r-oberkampf\/","og_site_name":"Romain Froquet","article_modified_time":"2025-02-11T10:36:11+00:00","og_image":[{"width":2000,"height":1334,"url":"https:\/\/romainfroquet.fr\/wp-content\/uploads\/2021\/04\/MUS02202_low.jpg","type":"image\/jpeg"}],"twitter_card":"summary_large_image","twitter_misc":{"Dur\u00e9e de lecture estim\u00e9e":"2 minutes"},"schema":{"@context":"https:\/\/schema.org","@graph":[{"@type":"WebPage","@id":"https:\/\/romainfroquet.fr\/index.php\/portfolio\/le-m-u-r-oberkampf\/","url":"https:\/\/romainfroquet.fr\/index.php\/portfolio\/le-m-u-r-oberkampf\/","name":"Art urbain en direct : la r\u00e9alisation d\u2019une installation en public","isPartOf":{"@id":"https:\/\/romainfroquet.fr\/#website"},"primaryImageOfPage":{"@id":"https:\/\/romainfroquet.fr\/index.php\/portfolio\/le-m-u-r-oberkampf\/#primaryimage"},"image":{"@id":"https:\/\/romainfroquet.fr\/index.php\/portfolio\/le-m-u-r-oberkampf\/#primaryimage"},"thumbnailUrl":"https:\/\/romainfroquet.fr\/wp-content\/uploads\/2021\/04\/MUS02202_low.jpg","datePublished":"2021-04-29T22:08:39+00:00","dateModified":"2025-02-11T10:36:11+00:00","description":"Le mur de la rue Oberkampf est un incontournable de l\u2019art urbain \u00e0 Paris auquel Romain Froquet s'est frott\u00e9 en montant une installation.","breadcrumb":{"@id":"https:\/\/romainfroquet.fr\/index.php\/portfolio\/le-m-u-r-oberkampf\/#breadcrumb"},"inLanguage":"fr-FR","potentialAction":[{"@type":"ReadAction","target":["https:\/\/romainfroquet.fr\/index.php\/portfolio\/le-m-u-r-oberkampf\/"]}]},{"@type":"ImageObject","inLanguage":"fr-FR","@id":"https:\/\/romainfroquet.fr\/index.php\/portfolio\/le-m-u-r-oberkampf\/#primaryimage","url":"https:\/\/romainfroquet.fr\/wp-content\/uploads\/2021\/04\/MUS02202_low.jpg","contentUrl":"https:\/\/romainfroquet.fr\/wp-content\/uploads\/2021\/04\/MUS02202_low.jpg","width":2000,"height":1334,"caption":"Une installation artistique sign\u00e9e Romain Froquet sur le mur de la rue Oberkampf"},{"@type":"BreadcrumbList","@id":"https:\/\/romainfroquet.fr\/index.php\/portfolio\/le-m-u-r-oberkampf\/#breadcrumb","itemListElement":[{"@type":"ListItem","position":1,"name":"Accueil","item":"https:\/\/romainfroquet.fr\/"},{"@type":"ListItem","position":2,"name":"Portfolio","item":"https:\/\/romainfroquet.fr\/index.php\/portfolio\/"},{"@type":"ListItem","position":3,"name":"LE M.U.R |\u00a0OBERKAMPF"}]},{"@type":"WebSite","@id":"https:\/\/romainfroquet.fr\/#website","url":"https:\/\/romainfroquet.fr\/","name":"Romain Froquet","description":"est un artiste fran\u00e7ais, n\u00e9 \u00e0 Villeurbanne en 1982. Il vit et travaille \u00e0 Paris. Artiste autodidacte, sa carri\u00e8re artistique s&#039;\u00e9lance en l&#039;an 2000.","publisher":{"@id":"https:\/\/romainfroquet.fr\/#organization"},"potentialAction":[{"@type":"SearchAction","target":{"@type":"EntryPoint","urlTemplate":"https:\/\/romainfroquet.fr\/?s={search_term_string}"},"query-input":{"@type":"PropertyValueSpecification","valueRequired":true,"valueName":"search_term_string"}}],"inLanguage":"fr-FR"},{"@type":"Organization","@id":"https:\/\/romainfroquet.fr\/#organization","name":"Romain Froquet","url":"https:\/\/romainfroquet.fr\/","logo":{"@type":"ImageObject","inLanguage":"fr-FR","@id":"https:\/\/romainfroquet.fr\/#\/schema\/logo\/image\/","url":"https:\/\/romainfroquet.fr\/wp-content\/uploads\/2025\/01\/Signature_rf_180.png","contentUrl":"https:\/\/romainfroquet.fr\/wp-content\/uploads\/2025\/01\/Signature_rf_180.png","width":180,"height":76,"caption":"Romain Froquet"},"image":{"@id":"https:\/\/romainfroquet.fr\/#\/schema\/logo\/image\/"}}]}},"_links":{"self":[{"href":"https:\/\/romainfroquet.fr\/index.php\/wp-json\/wp\/v2\/portfolio\/83565","targetHints":{"allow":["GET"]}}],"collection":[{"href":"https:\/\/romainfroquet.fr\/index.php\/wp-json\/wp\/v2\/portfolio"}],"about":[{"href":"https:\/\/romainfroquet.fr\/index.php\/wp-json\/wp\/v2\/types\/portfolio"}],"author":[{"embeddable":true,"href":"https:\/\/romainfroquet.fr\/index.php\/wp-json\/wp\/v2\/users\/1"}],"replies":[{"embeddable":true,"href":"https:\/\/romainfroquet.fr\/index.php\/wp-json\/wp\/v2\/comments?post=83565"}],"version-history":[{"count":15,"href":"https:\/\/romainfroquet.fr\/index.php\/wp-json\/wp\/v2\/portfolio\/83565\/revisions"}],"predecessor-version":[{"id":85132,"href":"https:\/\/romainfroquet.fr\/index.php\/wp-json\/wp\/v2\/portfolio\/83565\/revisions\/85132"}],"wp:featuredmedia":[{"embeddable":true,"href":"https:\/\/romainfroquet.fr\/index.php\/wp-json\/wp\/v2\/media\/83559"}],"wp:attachment":[{"href":"https:\/\/romainfroquet.fr\/index.php\/wp-json\/wp\/v2\/media?parent=83565"}],"wp:term":[{"taxonomy":"portfolio_category","embeddable":true,"href":"https:\/\/romainfroquet.fr\/index.php\/wp-json\/wp\/v2\/portfolio_category?post=83565"}],"curies":[{"name":"wp","href":"https:\/\/api.w.org\/{rel}","templated":true}]}}