{"id":83888,"date":"2022-05-05T11:55:19","date_gmt":"2022-05-05T09:55:19","guid":{"rendered":"http:\/\/romainfroquet.fr\/?post_type=portfolio&#038;p=83888"},"modified":"2022-08-16T12:24:32","modified_gmt":"2022-08-16T10:24:32","slug":"race-track","status":"publish","type":"portfolio","link":"https:\/\/romainfroquet.fr\/index.php\/portfolio\/race-track\/","title":{"rendered":"RACE TRACK"},"content":{"rendered":"<div class=\"wpb-content-wrapper\"><p>[vc_row row_height_percent=\u00a0\u00bb60&Prime; back_image=\u00a0\u00bb83889&Prime; back_position=\u00a0\u00bbcenter bottom\u00a0\u00bb parallax=\u00a0\u00bbyes\u00a0\u00bb overlay_alpha=\u00a0\u00bb50&Prime; gutter_size=\u00a0\u00bb3&Prime; column_width_percent=\u00a0\u00bb100&Prime; shift_y=\u00a0\u00bb0&Prime; z_index=\u00a0\u00bb0&Prime;][vc_column width=\u00a0\u00bb1\/1&Prime;][\/vc_column][\/vc_row][vc_row row_height_percent=\u00a0\u00bb60&Prime; overlay_alpha=\u00a0\u00bb50&Prime; gutter_size=\u00a0\u00bb3&Prime; column_width_percent=\u00a0\u00bb100&Prime; shift_y=\u00a0\u00bb0&Prime; z_index=\u00a0\u00bb0&Prime;][vc_column column_width_percent=\u00a0\u00bb80&Prime; gutter_size=\u00a0\u00bb0&Prime; override_padding=\u00a0\u00bbyes\u00a0\u00bb column_padding=\u00a0\u00bb0&Prime; overlay_alpha=\u00a0\u00bb50&Prime; shift_x=\u00a0\u00bb0&Prime; shift_y=\u00a0\u00bb0&Prime; shift_y_down=\u00a0\u00bb0&Prime; z_index=\u00a0\u00bb0&Prime; medium_width=\u00a0\u00bb0&Prime; mobile_width=\u00a0\u00bb0&Prime; width=\u00a0\u00bb1\/1&Prime;][vc_empty_space empty_h=\u00a0\u00bb2&Prime;][vc_row_inner][vc_column_inner column_width_percent=\u00a0\u00bb100&Prime; align_horizontal=\u00a0\u00bbalign_center\u00a0\u00bb gutter_size=\u00a0\u00bb1&Prime; overlay_alpha=\u00a0\u00bb50&Prime; shift_x=\u00a0\u00bb0&Prime; shift_y=\u00a0\u00bb0&Prime; shift_y_down=\u00a0\u00bb0&Prime; z_index=\u00a0\u00bb0&Prime; medium_width=\u00a0\u00bb0&Prime; mobile_width=\u00a0\u00bb0&Prime; width=\u00a0\u00bb1\/1&Prime;][vc_custom_heading text_size=\u00a0\u00bbh1&Prime; text_weight=\u00a0\u00bb100&Prime; sub_reduced=\u00a0\u00bbyes\u00a0\u00bb subheading=\u00a0\u00bbMARS 2022 | PARIS\u00a0\u00bb]RACE TRACK[\/vc_custom_heading][\/vc_column_inner][\/vc_row_inner][vc_empty_space][vc_separator][vc_empty_space][vc_column_text text_lead=\u00a0\u00bbsmall\u00a0\u00bb]<strong>Un travail engag\u00e9 en r\u00e9sonance avec les enjeux soci\u00e9taux et environnementaux<\/strong><br \/>\nDepuis plus de 20 ans l\u2019artiste, anim\u00e9 par son intuition, d\u00e9veloppe une \u0153uvre prot\u00e9iforme dont la recherche d\u2019harmonie passe par la stylisation des liens sociaux et l\u2019\u00e9vocation symbolique de notre indiscutable interd\u00e9pendance et connexion \u00e0 la nature.<\/p>\n<p><strong>Un projet artistique f\u00e9d\u00e9rateur<\/strong><br \/>\nCette \u0153uvre, v\u00e9ritable travail collaboratif, a notamment impliqu\u00e9 les ateliers de peinture de la marque et f\u00e9d\u00e9r\u00e9 les \u00e9quipes de la concession autour d\u2019un projet o\u00f9 l\u2019art contemporain cohabite d\u00e9sormais avec les plus belles innovations automobiles.<\/p>\n<p style=\"text-align: justify;\">Cette sculpture Race Track, au-del\u00e0 d\u2019\u00eatre un \u00ab Eye-catcheur \u00bb est un clin d\u2019oeil \u00e0 l\u2019Histoire. C\u2019est une \u00e9vocation symbolique des valeurs d\u2019innovation, de sophistication et d\u2019exclusivit\u00e9, valeurs qui animent la marque depuis ses origines \u00bb. L\u2019artiste s\u2019approprie le fameux coloris rouge de Ferrari, dans une oeuvre puissance tout en gardant cet esprit de collaboration. Face \u00e0 la n\u00e9cessit\u00e9, plus encore aujourd\u2019hui, de faire soci\u00e9t\u00e9, Romain Froquet a imagin\u00e9 au c\u0153ur de la concession Pozzi Ferrari une \u0153uvre sous forme d\u2019une installation de 6 m\u00e8tres sur 3, largement inspir\u00e9e de l\u2019univers, de l\u2019histoire et de l\u2019identit\u00e9 de Ferrari.<\/p>\n<p>[\/vc_column_text][\/vc_column][\/vc_row][vc_row][vc_column width=\u00a0\u00bb1\/1&Prime;][vc_separator][vc_empty_space empty_h=\u00a0\u00bb2&Prime;][vc_custom_heading text_size=\u00a0\u00bbh3&Prime;]<span class=\"font-555555\">EN IMAGES<\/span>[\/vc_custom_heading][vc_icon icon=\u00a0\u00bbfa fa-arrow-circle-o-down\u00a0\u00bb size=\u00a0\u00bbfa-2x\u00a0\u00bb][\/vc_icon][vc_empty_space empty_h=\u00a0\u00bb2&Prime;][\/vc_column][\/vc_row][vc_row][vc_column width=\u00a0\u00bb1\/1&Prime;][vc_single_image media=\u00a0\u00bb83892&Prime; media_width_percent=\u00a0\u00bb100&Prime;][vc_custom_heading text_size=\u00a0\u00bbh5&Prime;]<span class=\"font-555555\">FIlm de Jules Hidrot<br \/>\n<\/span>[\/vc_custom_heading][vc_separator][vc_empty_space empty_h=\u00a0\u00bb2&Prime;][vc_row_inner][vc_column_inner width=\u00a0\u00bb1\/2&Prime;][vc_single_image media=\u00a0\u00bb83895&Prime; media_width_percent=\u00a0\u00bb100&Prime;][\/vc_column_inner][vc_column_inner width=\u00a0\u00bb1\/2&Prime;][vc_single_image media=\u00a0\u00bb83896&Prime; media_width_percent=\u00a0\u00bb100&Prime;][\/vc_column_inner][\/vc_row_inner][vc_single_image media=\u00a0\u00bb83898&Prime; media_width_percent=\u00a0\u00bb100&Prime;][vc_row_inner][vc_column_inner column_width_percent=\u00a0\u00bb80&Prime; gutter_size=\u00a0\u00bb0&Prime; override_padding=\u00a0\u00bbyes\u00a0\u00bb column_padding=\u00a0\u00bb0&Prime; overlay_alpha=\u00a0\u00bb50&Prime; shift_x=\u00a0\u00bb0&Prime; shift_y=\u00a0\u00bb0&Prime; shift_y_down=\u00a0\u00bb0&Prime; z_index=\u00a0\u00bb0&Prime; medium_width=\u00a0\u00bb0&Prime; mobile_width=\u00a0\u00bb0&Prime; width=\u00a0\u00bb1\/1&Prime;][vc_column_text text_lead=\u00a0\u00bbsmall\u00a0\u00bb]<\/p>\n<p style=\"text-align: justify;\"><strong>Romain Froquet : <\/strong><em><strong>\u00ab J\u2019ai imagin\u00e9 la sculpture Race Track en m\u2019inspirant de ma s\u00e9rie d\u2019\u0153uvre Highway. Rapidement, les routes comme les \u00e9changeurs se sont impos\u00e9s \u00e0 moi et leur stylisation a fortement nourri mes derni\u00e8res r\u00e9alisations. Pour adapter cette esth\u00e9tique \u00e0 l\u2019identit\u00e9 du lieu, je me suis inspir\u00e9 du circuit de Fiorano. En reprenant les virages les plus importants pour composer l\u2019oeuvre, les \u00e9l\u00e9ments s\u2019assemblent et l\u2019apparente abstraction prend vie sur cette sculpture murale.<\/strong><\/em><\/p>\n<p>[\/vc_column_text][\/vc_column_inner][\/vc_row_inner][vc_row_inner][vc_column_inner width=\u00a0\u00bb1\/2&Prime;][vc_single_image media=\u00a0\u00bb83899&Prime; media_width_percent=\u00a0\u00bb100&Prime;][\/vc_column_inner][vc_column_inner width=\u00a0\u00bb1\/2&Prime;][vc_single_image media=\u00a0\u00bb83900&Prime; media_width_percent=\u00a0\u00bb100&Prime;][\/vc_column_inner][\/vc_row_inner][vc_single_image media=\u00a0\u00bb83901&Prime; media_width_percent=\u00a0\u00bb100&Prime;][vc_single_image media=\u00a0\u00bb83903&Prime; media_width_percent=\u00a0\u00bb100&Prime;][vc_custom_heading text_size=\u00a0\u00bbh6&Prime;]<em>Photographie par <a href=\"http:\/\/juleshidrotphoto.fr\" target=\"_blank\" rel=\"noopener\">Jules Hidrot<\/a><\/em>[\/vc_custom_heading][\/vc_column][\/vc_row]<\/p>\n<\/div>","protected":false},"excerpt":{"rendered":"<p>[vc_row row_height_percent=\u00a0\u00bb60&Prime; back_image=\u00a0\u00bb83889&Prime; back_position=\u00a0\u00bbcenter bottom\u00a0\u00bb parallax=\u00a0\u00bbyes\u00a0\u00bb overlay_alpha=\u00a0\u00bb50&Prime; gutter_size=\u00a0\u00bb3&Prime; column_width_percent=\u00a0\u00bb100&Prime; shift_y=\u00a0\u00bb0&Prime; z_index=\u00a0\u00bb0&Prime;][vc_column width=\u00a0\u00bb1\/1&Prime;][\/vc_column][\/vc_row][vc_row row_height_percent=\u00a0\u00bb60&Prime; overlay_alpha=\u00a0\u00bb50&Prime; gutter_size=\u00a0\u00bb3&Prime; column_width_percent=\u00a0\u00bb100&Prime; shift_y=\u00a0\u00bb0&Prime; z_index=\u00a0\u00bb0&Prime;][vc_column column_width_percent=\u00a0\u00bb80&Prime; gutter_size=\u00a0\u00bb0&Prime; [&hellip;]<\/p>\n","protected":false},"author":1,"featured_media":83919,"parent":0,"menu_order":0,"comment_status":"closed","ping_status":"closed","template":"","meta":{"footnotes":""},"portfolio_category":[68],"class_list":["post-83888","portfolio","type-portfolio","status-publish","has-post-thumbnail","hentry","portfolio_category-projets"],"yoast_head":"<!-- This site is optimized with the Yoast SEO plugin v27.5 - https:\/\/yoast.com\/product\/yoast-seo-wordpress\/ -->\n<title>L\u2019art urbain dans une concession Ferrari<\/title>\n<meta name=\"description\" content=\"L\u2019artiste urbain Romain Froquet s\u2019inspire de l\u2019histoire et de l\u2019identit\u00e9 de Ferrari pour cr\u00e9er une installation en harmonie avec ces bolides.\" \/>\n<meta name=\"robots\" content=\"index, follow, max-snippet:-1, max-image-preview:large, max-video-preview:-1\" \/>\n<link rel=\"canonical\" href=\"https:\/\/romainfroquet.fr\/index.php\/portfolio\/race-track\/\" \/>\n<meta property=\"og:locale\" content=\"fr_FR\" \/>\n<meta property=\"og:type\" content=\"article\" \/>\n<meta property=\"og:title\" content=\"L\u2019art urbain dans une concession Ferrari\" \/>\n<meta property=\"og:description\" content=\"L\u2019artiste urbain Romain Froquet s\u2019inspire de l\u2019histoire et de l\u2019identit\u00e9 de Ferrari pour cr\u00e9er une installation en harmonie avec ces bolides.\" \/>\n<meta property=\"og:url\" content=\"https:\/\/romainfroquet.fr\/index.php\/portfolio\/race-track\/\" \/>\n<meta property=\"og:site_name\" content=\"Romain Froquet\" \/>\n<meta property=\"article:modified_time\" content=\"2022-08-16T10:24:32+00:00\" \/>\n<meta property=\"og:image\" content=\"https:\/\/romainfroquet.fr\/wp-content\/uploads\/2022\/05\/Couv-1.jpg\" \/>\n\t<meta property=\"og:image:width\" content=\"2000\" \/>\n\t<meta property=\"og:image:height\" content=\"1335\" \/>\n\t<meta property=\"og:image:type\" content=\"image\/jpeg\" \/>\n<meta name=\"twitter:card\" content=\"summary_large_image\" \/>\n<meta name=\"twitter:label1\" content=\"Dur\u00e9e de lecture estim\u00e9e\" \/>\n\t<meta name=\"twitter:data1\" content=\"2 minutes\" \/>\n<script type=\"application\/ld+json\" class=\"yoast-schema-graph\">{\"@context\":\"https:\\\/\\\/schema.org\",\"@graph\":[{\"@type\":\"WebPage\",\"@id\":\"https:\\\/\\\/romainfroquet.fr\\\/index.php\\\/portfolio\\\/race-track\\\/\",\"url\":\"https:\\\/\\\/romainfroquet.fr\\\/index.php\\\/portfolio\\\/race-track\\\/\",\"name\":\"L\u2019art urbain dans une concession Ferrari\",\"isPartOf\":{\"@id\":\"https:\\\/\\\/romainfroquet.fr\\\/#website\"},\"primaryImageOfPage\":{\"@id\":\"https:\\\/\\\/romainfroquet.fr\\\/index.php\\\/portfolio\\\/race-track\\\/#primaryimage\"},\"image\":{\"@id\":\"https:\\\/\\\/romainfroquet.fr\\\/index.php\\\/portfolio\\\/race-track\\\/#primaryimage\"},\"thumbnailUrl\":\"https:\\\/\\\/romainfroquet.fr\\\/wp-content\\\/uploads\\\/2022\\\/05\\\/Couv-1.jpg\",\"datePublished\":\"2022-05-05T09:55:19+00:00\",\"dateModified\":\"2022-08-16T10:24:32+00:00\",\"description\":\"L\u2019artiste urbain Romain Froquet s\u2019inspire de l\u2019histoire et de l\u2019identit\u00e9 de Ferrari pour cr\u00e9er une installation en harmonie avec ces bolides.\",\"breadcrumb\":{\"@id\":\"https:\\\/\\\/romainfroquet.fr\\\/index.php\\\/portfolio\\\/race-track\\\/#breadcrumb\"},\"inLanguage\":\"fr-FR\",\"potentialAction\":[{\"@type\":\"ReadAction\",\"target\":[\"https:\\\/\\\/romainfroquet.fr\\\/index.php\\\/portfolio\\\/race-track\\\/\"]}]},{\"@type\":\"ImageObject\",\"inLanguage\":\"fr-FR\",\"@id\":\"https:\\\/\\\/romainfroquet.fr\\\/index.php\\\/portfolio\\\/race-track\\\/#primaryimage\",\"url\":\"https:\\\/\\\/romainfroquet.fr\\\/wp-content\\\/uploads\\\/2022\\\/05\\\/Couv-1.jpg\",\"contentUrl\":\"https:\\\/\\\/romainfroquet.fr\\\/wp-content\\\/uploads\\\/2022\\\/05\\\/Couv-1.jpg\",\"width\":2000,\"height\":1335},{\"@type\":\"BreadcrumbList\",\"@id\":\"https:\\\/\\\/romainfroquet.fr\\\/index.php\\\/portfolio\\\/race-track\\\/#breadcrumb\",\"itemListElement\":[{\"@type\":\"ListItem\",\"position\":1,\"name\":\"Accueil\",\"item\":\"https:\\\/\\\/romainfroquet.fr\\\/\"},{\"@type\":\"ListItem\",\"position\":2,\"name\":\"Portfolio\",\"item\":\"https:\\\/\\\/romainfroquet.fr\\\/index.php\\\/portfolio\\\/\"},{\"@type\":\"ListItem\",\"position\":3,\"name\":\"RACE TRACK\"}]},{\"@type\":\"WebSite\",\"@id\":\"https:\\\/\\\/romainfroquet.fr\\\/#website\",\"url\":\"https:\\\/\\\/romainfroquet.fr\\\/\",\"name\":\"Romain Froquet\",\"description\":\"est un artiste fran\u00e7ais, n\u00e9 \u00e0 Villeurbanne en 1982. Il vit et travaille \u00e0 Paris. Artiste autodidacte, sa carri\u00e8re artistique s&#039;\u00e9lance en l&#039;an 2000.\",\"publisher\":{\"@id\":\"https:\\\/\\\/romainfroquet.fr\\\/#organization\"},\"potentialAction\":[{\"@type\":\"SearchAction\",\"target\":{\"@type\":\"EntryPoint\",\"urlTemplate\":\"https:\\\/\\\/romainfroquet.fr\\\/?s={search_term_string}\"},\"query-input\":{\"@type\":\"PropertyValueSpecification\",\"valueRequired\":true,\"valueName\":\"search_term_string\"}}],\"inLanguage\":\"fr-FR\"},{\"@type\":\"Organization\",\"@id\":\"https:\\\/\\\/romainfroquet.fr\\\/#organization\",\"name\":\"Romain Froquet\",\"url\":\"https:\\\/\\\/romainfroquet.fr\\\/\",\"logo\":{\"@type\":\"ImageObject\",\"inLanguage\":\"fr-FR\",\"@id\":\"https:\\\/\\\/romainfroquet.fr\\\/#\\\/schema\\\/logo\\\/image\\\/\",\"url\":\"https:\\\/\\\/romainfroquet.fr\\\/wp-content\\\/uploads\\\/2025\\\/01\\\/Signature_rf_180.png\",\"contentUrl\":\"https:\\\/\\\/romainfroquet.fr\\\/wp-content\\\/uploads\\\/2025\\\/01\\\/Signature_rf_180.png\",\"width\":180,\"height\":76,\"caption\":\"Romain Froquet\"},\"image\":{\"@id\":\"https:\\\/\\\/romainfroquet.fr\\\/#\\\/schema\\\/logo\\\/image\\\/\"}}]}<\/script>\n<!-- \/ Yoast SEO plugin. -->","yoast_head_json":{"title":"L\u2019art urbain dans une concession Ferrari","description":"L\u2019artiste urbain Romain Froquet s\u2019inspire de l\u2019histoire et de l\u2019identit\u00e9 de Ferrari pour cr\u00e9er une installation en harmonie avec ces bolides.","robots":{"index":"index","follow":"follow","max-snippet":"max-snippet:-1","max-image-preview":"max-image-preview:large","max-video-preview":"max-video-preview:-1"},"canonical":"https:\/\/romainfroquet.fr\/index.php\/portfolio\/race-track\/","og_locale":"fr_FR","og_type":"article","og_title":"L\u2019art urbain dans une concession Ferrari","og_description":"L\u2019artiste urbain Romain Froquet s\u2019inspire de l\u2019histoire et de l\u2019identit\u00e9 de Ferrari pour cr\u00e9er une installation en harmonie avec ces bolides.","og_url":"https:\/\/romainfroquet.fr\/index.php\/portfolio\/race-track\/","og_site_name":"Romain Froquet","article_modified_time":"2022-08-16T10:24:32+00:00","og_image":[{"width":2000,"height":1335,"url":"https:\/\/romainfroquet.fr\/wp-content\/uploads\/2022\/05\/Couv-1.jpg","type":"image\/jpeg"}],"twitter_card":"summary_large_image","twitter_misc":{"Dur\u00e9e de lecture estim\u00e9e":"2 minutes"},"schema":{"@context":"https:\/\/schema.org","@graph":[{"@type":"WebPage","@id":"https:\/\/romainfroquet.fr\/index.php\/portfolio\/race-track\/","url":"https:\/\/romainfroquet.fr\/index.php\/portfolio\/race-track\/","name":"L\u2019art urbain dans une concession Ferrari","isPartOf":{"@id":"https:\/\/romainfroquet.fr\/#website"},"primaryImageOfPage":{"@id":"https:\/\/romainfroquet.fr\/index.php\/portfolio\/race-track\/#primaryimage"},"image":{"@id":"https:\/\/romainfroquet.fr\/index.php\/portfolio\/race-track\/#primaryimage"},"thumbnailUrl":"https:\/\/romainfroquet.fr\/wp-content\/uploads\/2022\/05\/Couv-1.jpg","datePublished":"2022-05-05T09:55:19+00:00","dateModified":"2022-08-16T10:24:32+00:00","description":"L\u2019artiste urbain Romain Froquet s\u2019inspire de l\u2019histoire et de l\u2019identit\u00e9 de Ferrari pour cr\u00e9er une installation en harmonie avec ces bolides.","breadcrumb":{"@id":"https:\/\/romainfroquet.fr\/index.php\/portfolio\/race-track\/#breadcrumb"},"inLanguage":"fr-FR","potentialAction":[{"@type":"ReadAction","target":["https:\/\/romainfroquet.fr\/index.php\/portfolio\/race-track\/"]}]},{"@type":"ImageObject","inLanguage":"fr-FR","@id":"https:\/\/romainfroquet.fr\/index.php\/portfolio\/race-track\/#primaryimage","url":"https:\/\/romainfroquet.fr\/wp-content\/uploads\/2022\/05\/Couv-1.jpg","contentUrl":"https:\/\/romainfroquet.fr\/wp-content\/uploads\/2022\/05\/Couv-1.jpg","width":2000,"height":1335},{"@type":"BreadcrumbList","@id":"https:\/\/romainfroquet.fr\/index.php\/portfolio\/race-track\/#breadcrumb","itemListElement":[{"@type":"ListItem","position":1,"name":"Accueil","item":"https:\/\/romainfroquet.fr\/"},{"@type":"ListItem","position":2,"name":"Portfolio","item":"https:\/\/romainfroquet.fr\/index.php\/portfolio\/"},{"@type":"ListItem","position":3,"name":"RACE TRACK"}]},{"@type":"WebSite","@id":"https:\/\/romainfroquet.fr\/#website","url":"https:\/\/romainfroquet.fr\/","name":"Romain Froquet","description":"est un artiste fran\u00e7ais, n\u00e9 \u00e0 Villeurbanne en 1982. Il vit et travaille \u00e0 Paris. Artiste autodidacte, sa carri\u00e8re artistique s&#039;\u00e9lance en l&#039;an 2000.","publisher":{"@id":"https:\/\/romainfroquet.fr\/#organization"},"potentialAction":[{"@type":"SearchAction","target":{"@type":"EntryPoint","urlTemplate":"https:\/\/romainfroquet.fr\/?s={search_term_string}"},"query-input":{"@type":"PropertyValueSpecification","valueRequired":true,"valueName":"search_term_string"}}],"inLanguage":"fr-FR"},{"@type":"Organization","@id":"https:\/\/romainfroquet.fr\/#organization","name":"Romain Froquet","url":"https:\/\/romainfroquet.fr\/","logo":{"@type":"ImageObject","inLanguage":"fr-FR","@id":"https:\/\/romainfroquet.fr\/#\/schema\/logo\/image\/","url":"https:\/\/romainfroquet.fr\/wp-content\/uploads\/2025\/01\/Signature_rf_180.png","contentUrl":"https:\/\/romainfroquet.fr\/wp-content\/uploads\/2025\/01\/Signature_rf_180.png","width":180,"height":76,"caption":"Romain Froquet"},"image":{"@id":"https:\/\/romainfroquet.fr\/#\/schema\/logo\/image\/"}}]}},"_links":{"self":[{"href":"https:\/\/romainfroquet.fr\/index.php\/wp-json\/wp\/v2\/portfolio\/83888","targetHints":{"allow":["GET"]}}],"collection":[{"href":"https:\/\/romainfroquet.fr\/index.php\/wp-json\/wp\/v2\/portfolio"}],"about":[{"href":"https:\/\/romainfroquet.fr\/index.php\/wp-json\/wp\/v2\/types\/portfolio"}],"author":[{"embeddable":true,"href":"https:\/\/romainfroquet.fr\/index.php\/wp-json\/wp\/v2\/users\/1"}],"replies":[{"embeddable":true,"href":"https:\/\/romainfroquet.fr\/index.php\/wp-json\/wp\/v2\/comments?post=83888"}],"version-history":[{"count":20,"href":"https:\/\/romainfroquet.fr\/index.php\/wp-json\/wp\/v2\/portfolio\/83888\/revisions"}],"predecessor-version":[{"id":83987,"href":"https:\/\/romainfroquet.fr\/index.php\/wp-json\/wp\/v2\/portfolio\/83888\/revisions\/83987"}],"wp:featuredmedia":[{"embeddable":true,"href":"https:\/\/romainfroquet.fr\/index.php\/wp-json\/wp\/v2\/media\/83919"}],"wp:attachment":[{"href":"https:\/\/romainfroquet.fr\/index.php\/wp-json\/wp\/v2\/media?parent=83888"}],"wp:term":[{"taxonomy":"portfolio_category","embeddable":true,"href":"https:\/\/romainfroquet.fr\/index.php\/wp-json\/wp\/v2\/portfolio_category?post=83888"}],"curies":[{"name":"wp","href":"https:\/\/api.w.org\/{rel}","templated":true}]}}