{"id":84017,"date":"2022-09-09T15:24:29","date_gmt":"2022-09-09T13:24:29","guid":{"rendered":"http:\/\/romainfroquet.fr\/?post_type=portfolio&#038;p=84017"},"modified":"2022-10-11T10:58:56","modified_gmt":"2022-10-11T08:58:56","slug":"parcours-sante","status":"publish","type":"portfolio","link":"https:\/\/romainfroquet.fr\/index.php\/portfolio\/parcours-sante\/","title":{"rendered":"PARCOURS SANT\u00c9"},"content":{"rendered":"<div class=\"wpb-content-wrapper\"><p>[vc_row row_height_percent=\u00a0\u00bb60&Prime; back_image=\u00a0\u00bb84018&Prime; overlay_alpha=\u00a0\u00bb50&Prime; gutter_size=\u00a0\u00bb3&Prime; column_width_percent=\u00a0\u00bb100&Prime; shift_y=\u00a0\u00bb0&Prime; z_index=\u00a0\u00bb0&Prime;][vc_column width=\u00a0\u00bb1\/1&Prime;][\/vc_column][\/vc_row][vc_row][vc_column column_width_percent=\u00a0\u00bb80&Prime; gutter_size=\u00a0\u00bb2&Prime; override_padding=\u00a0\u00bbyes\u00a0\u00bb column_padding=\u00a0\u00bb2&Prime; overlay_alpha=\u00a0\u00bb50&Prime; shift_x=\u00a0\u00bb0&Prime; shift_y=\u00a0\u00bb0&Prime; shift_y_down=\u00a0\u00bb0&Prime; z_index=\u00a0\u00bb0&Prime; medium_width=\u00a0\u00bb0&Prime; mobile_width=\u00a0\u00bb0&Prime; width=\u00a0\u00bb1\/1&Prime;][vc_empty_space][vc_row_inner][vc_column_inner width=\u00a0\u00bb1\/1&Prime;][vc_custom_heading text_font=\u00a0\u00bbfont-327083&Prime; text_size=\u00a0\u00bbh1&Prime; text_weight=\u00a0\u00bb100&Prime; sub_reduced=\u00a0\u00bbyes\u00a0\u00bb subheading=\u00a0\u00bb2021 | Pont-Scorff\u00a0\u00bb]PARCOURS SANT\u00c9[\/vc_custom_heading][\/vc_column_inner][\/vc_row_inner][vc_empty_space empty_h=\u00a0\u00bb2&Prime;][vc_separator][vc_custom_heading heading_semantic=\u00a0\u00bbh4&Prime; text_size=\u00a0\u00bbh4&Prime;]<\/p>\n<h4>Un atelier de peinture au service de l\u2019art th\u00e9rapie<\/h4>\n<p>[\/vc_custom_heading][vc_column_text]<\/p>\n<p style=\"text-align: justify;\">Depuis 2014, une collaboration s\u2019est tiss\u00e9e entre l\u2019\u00e9tablissement public de sant\u00e9 mentale (EPSM) de Caudan et l\u2019atelier d\u2019Estienne, centre d\u2019art contemporain situ\u00e9 \u00e0 Pont-Scorff. Chaque ann\u00e9e, ces deux structures bretonnes conjuguent leurs comp\u00e9tences pour organiser un atelier d\u2019art th\u00e9rapie \u00e0 destination de patients adultes souffrant de psychose. Ce sont des sessions de 5\u00a0jours durant lesquels un artiste plasticien est \u00e9galement impliqu\u00e9.<\/p>\n<p style=\"text-align: justify;\">Pour la 7<sup>e<\/sup>\u00a0\u00e9dition de ce rendez-vous artistique et th\u00e9rapeutique, les deux \u00e9tablissements ont fait appel \u00e0 Romain Froquet. Sa collaboration avec les 16\u00a0patients s\u00e9lectionn\u00e9s a \u00e9t\u00e9 fructueuse. Les deux lavoirs pr\u00e9sents sur le site de l\u2019atelier d\u2019Estienne ont \u00e9t\u00e9 utilis\u00e9s pour r\u00e9aliser des installations d\u2019\u0153uvres immerg\u00e9es dans l\u2019eau. Un parcours artistique a \u00e9t\u00e9 cr\u00e9\u00e9 entre ces deux \u00e9difices, au moyen d\u2019une corde tendue. Elle permettait aux patients de suspendre les morceaux de tissus qu\u2019ils avaient peints. Ils se sont inspir\u00e9s du travail de la ligne ch\u00e8re \u00e0 Romain Froquet tout en s\u2019exprimant selon leur sensibilit\u00e9 personnelle.<\/p>\n<p style=\"text-align: justify;\">Une \u00e9quipe constitu\u00e9e de personnels soignants \u00e9tait pr\u00e9sente pour accompagner les patients. Ils apportaient une aide pour g\u00e9rer leurs interventions. L\u2019esprit cr\u00e9atif de chacun des participants se mettait, en effet, en \u00e9veil \u00e0 diff\u00e9rents moments de la journ\u00e9e ou de la nuit. Dans le cadre de ce projet d\u2019art th\u00e9rapie, il est essentiel de valoriser le temps biologique. Laisser aux patients le choix de cr\u00e9er selon leur rythme permet de d\u00e9velopper l\u2019autonomie.<\/p>\n<p style=\"text-align: justify;\">Pour ce projet, Romain Froquet a engag\u00e9 sa d\u00e9marche artistique sous un autre angle. Dans le cadre d\u2019un atelier d\u2019art th\u00e9rapie, la personne soign\u00e9e constitue le sujet. De plus, il a montr\u00e9 un r\u00e9el int\u00e9r\u00eat pour les \u0153uvres r\u00e9alis\u00e9es par les patients\u00a0: \u00ab\u00a0J\u2019ai fait la connaissance de v\u00e9ritables artistes. Certains pratiquent l\u2019art depuis des ann\u00e9es et pr\u00e9sentent un travail formidable.\u00a0\u00bb<\/p>\n<p style=\"text-align: justify;\">[\/vc_column_text][\/vc_column][\/vc_row][vc_row][vc_column column_width_percent=\u00a0\u00bb100&Prime; gutter_size=\u00a0\u00bb2&Prime; overlay_alpha=\u00a0\u00bb50&Prime; shift_x=\u00a0\u00bb0&Prime; shift_y=\u00a0\u00bb0&Prime; shift_y_down=\u00a0\u00bb0&Prime; z_index=\u00a0\u00bb0&Prime; medium_width=\u00a0\u00bb0&Prime; mobile_width=\u00a0\u00bb0&Prime; width=\u00a0\u00bb1\/1&Prime;][vc_separator][vc_custom_heading text_size=\u00a0\u00bbh3&Prime;]<span class=\"font-555555\">EN IMAGES<\/span>[\/vc_custom_heading][vc_icon icon=\u00a0\u00bbfa fa-arrow-circle-o-down\u00a0\u00bb size=\u00a0\u00bbfa-2x\u00a0\u00bb][\/vc_icon][\/vc_column][\/vc_row][vc_row][vc_column width=\u00a0\u00bb1\/1&Prime;][vc_single_image media=\u00a0\u00bb84019&Prime; media_lightbox=\u00a0\u00bbyes\u00a0\u00bb media_width_percent=\u00a0\u00bb100&Prime;][vc_single_image media=\u00a0\u00bb84020&Prime; media_lightbox=\u00a0\u00bbyes\u00a0\u00bb media_width_percent=\u00a0\u00bb100&Prime;][vc_row_inner][vc_column_inner width=\u00a0\u00bb1\/2&Prime;][vc_single_image media=\u00a0\u00bb84022&Prime; media_lightbox=\u00a0\u00bbyes\u00a0\u00bb media_width_percent=\u00a0\u00bb100&Prime;][\/vc_column_inner][vc_column_inner width=\u00a0\u00bb1\/2&Prime;][vc_single_image media=\u00a0\u00bb84023&Prime; media_lightbox=\u00a0\u00bbyes\u00a0\u00bb media_width_percent=\u00a0\u00bb100&Prime;][\/vc_column_inner][\/vc_row_inner][vc_single_image media=\u00a0\u00bb84021&Prime; media_lightbox=\u00a0\u00bbyes\u00a0\u00bb media_width_percent=\u00a0\u00bb100&Prime;][\/vc_column][\/vc_row][vc_row][vc_column][vc_column_text]<br \/>\n[\/vc_column_text][\/vc_column][\/vc_row]<\/p>\n<\/div>","protected":false},"excerpt":{"rendered":"<p>[vc_row row_height_percent=\u00a0\u00bb60&Prime; back_image=\u00a0\u00bb84018&Prime; overlay_alpha=\u00a0\u00bb50&Prime; gutter_size=\u00a0\u00bb3&Prime; column_width_percent=\u00a0\u00bb100&Prime; shift_y=\u00a0\u00bb0&Prime; z_index=\u00a0\u00bb0&Prime;][vc_column width=\u00a0\u00bb1\/1&Prime;][\/vc_column][\/vc_row][vc_row][vc_column column_width_percent=\u00a0\u00bb80&Prime; gutter_size=\u00a0\u00bb2&Prime; override_padding=\u00a0\u00bbyes\u00a0\u00bb column_padding=\u00a0\u00bb2&Prime; overlay_alpha=\u00a0\u00bb50&Prime; shift_x=\u00a0\u00bb0&Prime; shift_y=\u00a0\u00bb0&Prime; shift_y_down=\u00a0\u00bb0&Prime; z_index=\u00a0\u00bb0&Prime; medium_width=\u00a0\u00bb0&Prime; mobile_width=\u00a0\u00bb0&Prime; [&hellip;]<\/p>\n","protected":false},"author":1,"featured_media":84018,"parent":0,"menu_order":0,"comment_status":"closed","ping_status":"closed","template":"","meta":{"footnotes":""},"portfolio_category":[68],"class_list":["post-84017","portfolio","type-portfolio","status-publish","has-post-thumbnail","hentry","portfolio_category-projets"],"yoast_head":"<!-- This site is optimized with the Yoast SEO plugin v27.5 - https:\/\/yoast.com\/product\/yoast-seo-wordpress\/ -->\n<title>L\u2019art comme moyen de traiter les troubles mentaux<\/title>\n<meta name=\"description\" content=\"Romain Froquet met son art au service de personnes souffrant de troubles mentaux, lors d\u2019un atelier de peinture organis\u00e9 par un EPSM.\" \/>\n<meta name=\"robots\" content=\"index, follow, max-snippet:-1, max-image-preview:large, max-video-preview:-1\" \/>\n<link rel=\"canonical\" href=\"https:\/\/romainfroquet.fr\/index.php\/portfolio\/parcours-sante\/\" \/>\n<meta property=\"og:locale\" content=\"fr_FR\" \/>\n<meta property=\"og:type\" content=\"article\" \/>\n<meta property=\"og:title\" content=\"L\u2019art comme moyen de traiter les troubles mentaux\" \/>\n<meta property=\"og:description\" content=\"Romain Froquet met son art au service de personnes souffrant de troubles mentaux, lors d\u2019un atelier de peinture organis\u00e9 par un EPSM.\" \/>\n<meta property=\"og:url\" content=\"https:\/\/romainfroquet.fr\/index.php\/portfolio\/parcours-sante\/\" \/>\n<meta property=\"og:site_name\" content=\"Romain Froquet\" \/>\n<meta property=\"article:modified_time\" content=\"2022-10-11T08:58:56+00:00\" \/>\n<meta property=\"og:image\" content=\"https:\/\/romainfroquet.fr\/wp-content\/uploads\/2022\/09\/MUS05830_72dpi-\u00a9RomainFroquet-1.jpg\" \/>\n\t<meta property=\"og:image:width\" content=\"2000\" \/>\n\t<meta property=\"og:image:height\" content=\"1334\" \/>\n\t<meta property=\"og:image:type\" content=\"image\/jpeg\" \/>\n<meta name=\"twitter:card\" content=\"summary_large_image\" \/>\n<meta name=\"twitter:label1\" content=\"Dur\u00e9e de lecture estim\u00e9e\" \/>\n\t<meta name=\"twitter:data1\" content=\"2 minutes\" \/>\n<script type=\"application\/ld+json\" class=\"yoast-schema-graph\">{\"@context\":\"https:\\\/\\\/schema.org\",\"@graph\":[{\"@type\":\"WebPage\",\"@id\":\"https:\\\/\\\/romainfroquet.fr\\\/index.php\\\/portfolio\\\/parcours-sante\\\/\",\"url\":\"https:\\\/\\\/romainfroquet.fr\\\/index.php\\\/portfolio\\\/parcours-sante\\\/\",\"name\":\"L\u2019art comme moyen de traiter les troubles mentaux\",\"isPartOf\":{\"@id\":\"https:\\\/\\\/romainfroquet.fr\\\/#website\"},\"primaryImageOfPage\":{\"@id\":\"https:\\\/\\\/romainfroquet.fr\\\/index.php\\\/portfolio\\\/parcours-sante\\\/#primaryimage\"},\"image\":{\"@id\":\"https:\\\/\\\/romainfroquet.fr\\\/index.php\\\/portfolio\\\/parcours-sante\\\/#primaryimage\"},\"thumbnailUrl\":\"https:\\\/\\\/romainfroquet.fr\\\/wp-content\\\/uploads\\\/2022\\\/09\\\/MUS05830_72dpi-\u00a9RomainFroquet-1.jpg\",\"datePublished\":\"2022-09-09T13:24:29+00:00\",\"dateModified\":\"2022-10-11T08:58:56+00:00\",\"description\":\"Romain Froquet met son art au service de personnes souffrant de troubles mentaux, lors d\u2019un atelier de peinture organis\u00e9 par un EPSM.\",\"breadcrumb\":{\"@id\":\"https:\\\/\\\/romainfroquet.fr\\\/index.php\\\/portfolio\\\/parcours-sante\\\/#breadcrumb\"},\"inLanguage\":\"fr-FR\",\"potentialAction\":[{\"@type\":\"ReadAction\",\"target\":[\"https:\\\/\\\/romainfroquet.fr\\\/index.php\\\/portfolio\\\/parcours-sante\\\/\"]}]},{\"@type\":\"ImageObject\",\"inLanguage\":\"fr-FR\",\"@id\":\"https:\\\/\\\/romainfroquet.fr\\\/index.php\\\/portfolio\\\/parcours-sante\\\/#primaryimage\",\"url\":\"https:\\\/\\\/romainfroquet.fr\\\/wp-content\\\/uploads\\\/2022\\\/09\\\/MUS05830_72dpi-\u00a9RomainFroquet-1.jpg\",\"contentUrl\":\"https:\\\/\\\/romainfroquet.fr\\\/wp-content\\\/uploads\\\/2022\\\/09\\\/MUS05830_72dpi-\u00a9RomainFroquet-1.jpg\",\"width\":2000,\"height\":1334},{\"@type\":\"BreadcrumbList\",\"@id\":\"https:\\\/\\\/romainfroquet.fr\\\/index.php\\\/portfolio\\\/parcours-sante\\\/#breadcrumb\",\"itemListElement\":[{\"@type\":\"ListItem\",\"position\":1,\"name\":\"Accueil\",\"item\":\"https:\\\/\\\/romainfroquet.fr\\\/\"},{\"@type\":\"ListItem\",\"position\":2,\"name\":\"Portfolio\",\"item\":\"https:\\\/\\\/romainfroquet.fr\\\/index.php\\\/portfolio\\\/\"},{\"@type\":\"ListItem\",\"position\":3,\"name\":\"PARCOURS SANT\u00c9\"}]},{\"@type\":\"WebSite\",\"@id\":\"https:\\\/\\\/romainfroquet.fr\\\/#website\",\"url\":\"https:\\\/\\\/romainfroquet.fr\\\/\",\"name\":\"Romain Froquet\",\"description\":\"est un artiste fran\u00e7ais, n\u00e9 \u00e0 Villeurbanne en 1982. Il vit et travaille \u00e0 Paris. Artiste autodidacte, sa carri\u00e8re artistique s&#039;\u00e9lance en l&#039;an 2000.\",\"publisher\":{\"@id\":\"https:\\\/\\\/romainfroquet.fr\\\/#organization\"},\"potentialAction\":[{\"@type\":\"SearchAction\",\"target\":{\"@type\":\"EntryPoint\",\"urlTemplate\":\"https:\\\/\\\/romainfroquet.fr\\\/?s={search_term_string}\"},\"query-input\":{\"@type\":\"PropertyValueSpecification\",\"valueRequired\":true,\"valueName\":\"search_term_string\"}}],\"inLanguage\":\"fr-FR\"},{\"@type\":\"Organization\",\"@id\":\"https:\\\/\\\/romainfroquet.fr\\\/#organization\",\"name\":\"Romain Froquet\",\"url\":\"https:\\\/\\\/romainfroquet.fr\\\/\",\"logo\":{\"@type\":\"ImageObject\",\"inLanguage\":\"fr-FR\",\"@id\":\"https:\\\/\\\/romainfroquet.fr\\\/#\\\/schema\\\/logo\\\/image\\\/\",\"url\":\"https:\\\/\\\/romainfroquet.fr\\\/wp-content\\\/uploads\\\/2025\\\/01\\\/Signature_rf_180.png\",\"contentUrl\":\"https:\\\/\\\/romainfroquet.fr\\\/wp-content\\\/uploads\\\/2025\\\/01\\\/Signature_rf_180.png\",\"width\":180,\"height\":76,\"caption\":\"Romain Froquet\"},\"image\":{\"@id\":\"https:\\\/\\\/romainfroquet.fr\\\/#\\\/schema\\\/logo\\\/image\\\/\"}}]}<\/script>\n<!-- \/ Yoast SEO plugin. -->","yoast_head_json":{"title":"L\u2019art comme moyen de traiter les troubles mentaux","description":"Romain Froquet met son art au service de personnes souffrant de troubles mentaux, lors d\u2019un atelier de peinture organis\u00e9 par un EPSM.","robots":{"index":"index","follow":"follow","max-snippet":"max-snippet:-1","max-image-preview":"max-image-preview:large","max-video-preview":"max-video-preview:-1"},"canonical":"https:\/\/romainfroquet.fr\/index.php\/portfolio\/parcours-sante\/","og_locale":"fr_FR","og_type":"article","og_title":"L\u2019art comme moyen de traiter les troubles mentaux","og_description":"Romain Froquet met son art au service de personnes souffrant de troubles mentaux, lors d\u2019un atelier de peinture organis\u00e9 par un EPSM.","og_url":"https:\/\/romainfroquet.fr\/index.php\/portfolio\/parcours-sante\/","og_site_name":"Romain Froquet","article_modified_time":"2022-10-11T08:58:56+00:00","og_image":[{"width":2000,"height":1334,"url":"https:\/\/romainfroquet.fr\/wp-content\/uploads\/2022\/09\/MUS05830_72dpi-\u00a9RomainFroquet-1.jpg","type":"image\/jpeg"}],"twitter_card":"summary_large_image","twitter_misc":{"Dur\u00e9e de lecture estim\u00e9e":"2 minutes"},"schema":{"@context":"https:\/\/schema.org","@graph":[{"@type":"WebPage","@id":"https:\/\/romainfroquet.fr\/index.php\/portfolio\/parcours-sante\/","url":"https:\/\/romainfroquet.fr\/index.php\/portfolio\/parcours-sante\/","name":"L\u2019art comme moyen de traiter les troubles mentaux","isPartOf":{"@id":"https:\/\/romainfroquet.fr\/#website"},"primaryImageOfPage":{"@id":"https:\/\/romainfroquet.fr\/index.php\/portfolio\/parcours-sante\/#primaryimage"},"image":{"@id":"https:\/\/romainfroquet.fr\/index.php\/portfolio\/parcours-sante\/#primaryimage"},"thumbnailUrl":"https:\/\/romainfroquet.fr\/wp-content\/uploads\/2022\/09\/MUS05830_72dpi-\u00a9RomainFroquet-1.jpg","datePublished":"2022-09-09T13:24:29+00:00","dateModified":"2022-10-11T08:58:56+00:00","description":"Romain Froquet met son art au service de personnes souffrant de troubles mentaux, lors d\u2019un atelier de peinture organis\u00e9 par un EPSM.","breadcrumb":{"@id":"https:\/\/romainfroquet.fr\/index.php\/portfolio\/parcours-sante\/#breadcrumb"},"inLanguage":"fr-FR","potentialAction":[{"@type":"ReadAction","target":["https:\/\/romainfroquet.fr\/index.php\/portfolio\/parcours-sante\/"]}]},{"@type":"ImageObject","inLanguage":"fr-FR","@id":"https:\/\/romainfroquet.fr\/index.php\/portfolio\/parcours-sante\/#primaryimage","url":"https:\/\/romainfroquet.fr\/wp-content\/uploads\/2022\/09\/MUS05830_72dpi-\u00a9RomainFroquet-1.jpg","contentUrl":"https:\/\/romainfroquet.fr\/wp-content\/uploads\/2022\/09\/MUS05830_72dpi-\u00a9RomainFroquet-1.jpg","width":2000,"height":1334},{"@type":"BreadcrumbList","@id":"https:\/\/romainfroquet.fr\/index.php\/portfolio\/parcours-sante\/#breadcrumb","itemListElement":[{"@type":"ListItem","position":1,"name":"Accueil","item":"https:\/\/romainfroquet.fr\/"},{"@type":"ListItem","position":2,"name":"Portfolio","item":"https:\/\/romainfroquet.fr\/index.php\/portfolio\/"},{"@type":"ListItem","position":3,"name":"PARCOURS SANT\u00c9"}]},{"@type":"WebSite","@id":"https:\/\/romainfroquet.fr\/#website","url":"https:\/\/romainfroquet.fr\/","name":"Romain Froquet","description":"est un artiste fran\u00e7ais, n\u00e9 \u00e0 Villeurbanne en 1982. Il vit et travaille \u00e0 Paris. Artiste autodidacte, sa carri\u00e8re artistique s&#039;\u00e9lance en l&#039;an 2000.","publisher":{"@id":"https:\/\/romainfroquet.fr\/#organization"},"potentialAction":[{"@type":"SearchAction","target":{"@type":"EntryPoint","urlTemplate":"https:\/\/romainfroquet.fr\/?s={search_term_string}"},"query-input":{"@type":"PropertyValueSpecification","valueRequired":true,"valueName":"search_term_string"}}],"inLanguage":"fr-FR"},{"@type":"Organization","@id":"https:\/\/romainfroquet.fr\/#organization","name":"Romain Froquet","url":"https:\/\/romainfroquet.fr\/","logo":{"@type":"ImageObject","inLanguage":"fr-FR","@id":"https:\/\/romainfroquet.fr\/#\/schema\/logo\/image\/","url":"https:\/\/romainfroquet.fr\/wp-content\/uploads\/2025\/01\/Signature_rf_180.png","contentUrl":"https:\/\/romainfroquet.fr\/wp-content\/uploads\/2025\/01\/Signature_rf_180.png","width":180,"height":76,"caption":"Romain Froquet"},"image":{"@id":"https:\/\/romainfroquet.fr\/#\/schema\/logo\/image\/"}}]}},"_links":{"self":[{"href":"https:\/\/romainfroquet.fr\/index.php\/wp-json\/wp\/v2\/portfolio\/84017","targetHints":{"allow":["GET"]}}],"collection":[{"href":"https:\/\/romainfroquet.fr\/index.php\/wp-json\/wp\/v2\/portfolio"}],"about":[{"href":"https:\/\/romainfroquet.fr\/index.php\/wp-json\/wp\/v2\/types\/portfolio"}],"author":[{"embeddable":true,"href":"https:\/\/romainfroquet.fr\/index.php\/wp-json\/wp\/v2\/users\/1"}],"replies":[{"embeddable":true,"href":"https:\/\/romainfroquet.fr\/index.php\/wp-json\/wp\/v2\/comments?post=84017"}],"version-history":[{"count":7,"href":"https:\/\/romainfroquet.fr\/index.php\/wp-json\/wp\/v2\/portfolio\/84017\/revisions"}],"predecessor-version":[{"id":84049,"href":"https:\/\/romainfroquet.fr\/index.php\/wp-json\/wp\/v2\/portfolio\/84017\/revisions\/84049"}],"wp:featuredmedia":[{"embeddable":true,"href":"https:\/\/romainfroquet.fr\/index.php\/wp-json\/wp\/v2\/media\/84018"}],"wp:attachment":[{"href":"https:\/\/romainfroquet.fr\/index.php\/wp-json\/wp\/v2\/media?parent=84017"}],"wp:term":[{"taxonomy":"portfolio_category","embeddable":true,"href":"https:\/\/romainfroquet.fr\/index.php\/wp-json\/wp\/v2\/portfolio_category?post=84017"}],"curies":[{"name":"wp","href":"https:\/\/api.w.org\/{rel}","templated":true}]}}